{"id":269,"date":"2020-09-21T16:52:36","date_gmt":"2020-09-21T16:52:36","guid":{"rendered":"http:\/\/blaskapelle-reelsen.de\/?page_id=269"},"modified":"2020-09-24T18:22:59","modified_gmt":"2020-09-24T18:22:59","slug":"1975-1985","status":"publish","type":"page","link":"https:\/\/blaskapelle-reelsen.de\/index.php\/1975-1985\/","title":{"rendered":"1975 &#8211; 1985"},"content":{"rendered":"\n<p><\/p>\n\n\n\n<figure class=\"wp-block-pullquote\"><blockquote><p>Die Vereinshistorie der Jahre<\/p><p>1975 -1985<\/p><\/blockquote><\/figure>\n\n\n\n<p><strong>1974<\/strong><\/p>\n\n\n\n<p>W\u00e4hrend des Liborifestes im Sommer 1974 kommt&nbsp;Karl Heinz Rieckmann und Franz Josef Sch\u00e4fers bei einem Besuch im Bayernzelt die Idee, in Reelsen eine Bl\u00e4sergruppe zu bilden. Anfang November 1974 findet eine Versammlung unter Leitung von Johannes Gelhaus statt. Die Idee&nbsp;wird eingehend besprochen und die Beteiligten beschie\u00dfen, das Vorhaben in die Tat umzusetzen.<\/p>\n\n\n\n<figure class=\"wp-block-image size-large is-resized\"><img loading=\"lazy\" decoding=\"async\" src=\"https:\/\/blaskapelle-reelsen.de\/wordpress\/wp-content\/uploads\/2020\/09\/1974_Guendung.jpg\" alt=\"\" class=\"wp-image-90\" width=\"671\" height=\"473\" srcset=\"https:\/\/blaskapelle-reelsen.de\/wordpress\/wp-content\/uploads\/2020\/09\/1974_Guendung.jpg 400w, https:\/\/blaskapelle-reelsen.de\/wordpress\/wp-content\/uploads\/2020\/09\/1974_Guendung-300x212.jpg 300w\" sizes=\"auto, (max-width: 671px) 100vw, 671px\" \/><figcaption>Der Gr\u00fcndungsgedanke und der erste Marsch von Gustav Lewerenz f\u00fcr die Blaskapelle Reelsen<\/figcaption><\/figure>\n\n\n\n<p><strong>1975<\/strong><\/p>\n\n\n\n<p>In einer Gr\u00fcndungsversammlung&nbsp; am 07.01.1975 in der Reelser Grundschule wird die Blaskapelle Reelsen offiziell ins Leben gerufen. Zw\u00f6lf Leute sind bereit, das mutige Unternehmen anzugehen. Die Instrumente werden von jedem selbst gekauft, als&nbsp;ersten Probenraum stellen die Feuerwehr ihr Ger\u00e4tehaus und Anton Sommer seine Gastst\u00e4tte zur Verf\u00fcgung. Konrad Mertens wird der Erste Vorsitzende, heute ist er Ehrenvorsitzender der Blaskapelle. Gustav Lewerenz kann als Dirigent f\u00fcr das Vorhaben gewonnen werden. Er will eigentlich sein Rentnerdasein in Reelsen verbringen, \u00fcbernimmt aber diese wichtige und verantwortungsvolle Aufgabe. Zeit seines Lebens war er Musiker, unter anderem beim Postchor in Porta Westfalica. Gustav Lewerenz ist ein Gl\u00fccksgriff f\u00fcr diese Aufbauphase, mit viel Geduld bringt er den Musikern die ersten T\u00f6ne bei.&nbsp;Die ersten Noten werden auf einem Bierdeckel notiert, die ersten Lieder sind&nbsp; \u201eLobe den Herren\u201c&nbsp; und &#8222;Viel Gl\u00fcck und viel Segen&#8220; und werden anl\u00e4sslich des Geburtstages von Anton Gemmeke&nbsp; &#8211; &#8222;B\u00f6lleranton&#8220; &#8211; am 30.01.1975 aufgef\u00fchrt.<\/p>\n\n\n\n<p><strong>Gr\u00fcndungsmitglieder im Jahr 1975<\/strong><\/p>\n\n\n\n<figure class=\"wp-block-image size-large\"><img loading=\"lazy\" decoding=\"async\" width=\"1024\" height=\"636\" src=\"https:\/\/blaskapelle-reelsen.de\/wordpress\/wp-content\/uploads\/2020\/09\/1975_Gruendungsfoto-1024x636.jpg\" alt=\"\" class=\"wp-image-98\" srcset=\"https:\/\/blaskapelle-reelsen.de\/wordpress\/wp-content\/uploads\/2020\/09\/1975_Gruendungsfoto-1024x636.jpg 1024w, https:\/\/blaskapelle-reelsen.de\/wordpress\/wp-content\/uploads\/2020\/09\/1975_Gruendungsfoto-300x186.jpg 300w, https:\/\/blaskapelle-reelsen.de\/wordpress\/wp-content\/uploads\/2020\/09\/1975_Gruendungsfoto-768x477.jpg 768w, https:\/\/blaskapelle-reelsen.de\/wordpress\/wp-content\/uploads\/2020\/09\/1975_Gruendungsfoto-1536x954.jpg 1536w, https:\/\/blaskapelle-reelsen.de\/wordpress\/wp-content\/uploads\/2020\/09\/1975_Gruendungsfoto.jpg 1875w\" sizes=\"auto, (max-width: 767px) 89vw, (max-width: 1000px) 54vw, (max-width: 1071px) 543px, 580px\" \/><figcaption>Gr\u00fcndung 1975<\/figcaption><\/figure>\n\n\n<p>stehend von links: Gustav Lewerenz (Dirigent), Franz Josef Speer (Posaune), Anton Gemmeke (Posaune), Konrad Mertens (Tuba), Josef Beumling (Tenorhorn), Franz S\u00f6the (Tenorhorn)<br>sitzend von links: Karl Heinz Rieckmann (Fl\u00fcgelhorn), Heinrich Ussatis (Trompete), Josef Spaeth (Es-Horn), Meinolf Klute (Es-Horn), Franz Josef Sch\u00e4fers (Fl\u00fcgelhorn), Georg Worm (Fl\u00fcgelhorn)<\/p>\n\n\n<p><strong>Erstes St\u00e4ndchen 1975<\/strong><\/p>\n\n\n\n<figure class=\"wp-block-image size-large\"><img loading=\"lazy\" decoding=\"async\" width=\"1024\" height=\"613\" src=\"https:\/\/blaskapelle-reelsen.de\/wordpress\/wp-content\/uploads\/2020\/09\/cropped-1975-Erstes-Staendchen-1-1024x613.jpg\" alt=\"\" class=\"wp-image-102\" srcset=\"https:\/\/blaskapelle-reelsen.de\/wordpress\/wp-content\/uploads\/2020\/09\/cropped-1975-Erstes-Staendchen-1-1024x613.jpg 1024w, https:\/\/blaskapelle-reelsen.de\/wordpress\/wp-content\/uploads\/2020\/09\/cropped-1975-Erstes-Staendchen-1-300x180.jpg 300w, https:\/\/blaskapelle-reelsen.de\/wordpress\/wp-content\/uploads\/2020\/09\/cropped-1975-Erstes-Staendchen-1-768x460.jpg 768w, https:\/\/blaskapelle-reelsen.de\/wordpress\/wp-content\/uploads\/2020\/09\/cropped-1975-Erstes-Staendchen-1-1536x920.jpg 1536w, https:\/\/blaskapelle-reelsen.de\/wordpress\/wp-content\/uploads\/2020\/09\/cropped-1975-Erstes-Staendchen-1.jpg 2000w\" sizes=\"auto, (max-width: 767px) 89vw, (max-width: 1000px) 54vw, (max-width: 1071px) 543px, 580px\" \/><figcaption>Erstes St\u00e4ndchen 1975<\/figcaption><\/figure>\n\n\n\n<p>Im selben Jahr treten noch Willi Beumling, Otto Ewald, Manfred Beumling, Hans J\u00fcrgen Speer, Thomas Assig,&nbsp;J\u00fcrgen Ussatis, Andreas Mertens und Ulrich Sostmann&nbsp;dem Verein bei.&nbsp;<\/p>\n\n\n\n<div class=\"wp-block-media-text alignwide is-stacked-on-mobile\"><figure class=\"wp-block-media-text__media\"><img loading=\"lazy\" decoding=\"async\" width=\"340\" height=\"498\" src=\"https:\/\/blaskapelle-reelsen.de\/wordpress\/wp-content\/uploads\/2020\/09\/1981Gustav.jpg\" alt=\"\" class=\"wp-image-165\" srcset=\"https:\/\/blaskapelle-reelsen.de\/wordpress\/wp-content\/uploads\/2020\/09\/1981Gustav.jpg 340w, https:\/\/blaskapelle-reelsen.de\/wordpress\/wp-content\/uploads\/2020\/09\/1981Gustav-205x300.jpg 205w\" sizes=\"auto, (max-width: 340px) 100vw, 340px\" \/><\/figure><div class=\"wp-block-media-text__content\">\n<p class=\"has-large-font-size\">Gustav Lewerenz<\/p>\n\n\n\n<p>Dirigent von 1975 &#8211; 1989<\/p>\n\n\n\n<p>seitdem Ehrenkapellmeister<\/p>\n\n\n\n<p>verstorben 1995<\/p>\n<\/div><\/div>\n\n\n\n<p><\/p>\n\n\n\n<p>Der erste &#8222;gro\u00dfe&#8220; Auftritt ist dann bereits am 17.05.1975 zum K\u00f6nigschiessen in Reelsen.&nbsp;Zum Auftakt wird der &#8222;Vermaster&#8220; gespielt, zum Marschieren die Lieder &#8222;L\u00fcneburger Heide&#8220;, &#8222;Das Lieben bringt gro\u00df Freud&#8220;, &#8222;Wohl auf in Gottes sch\u00f6ne Welt&#8220;, &#8222;Ein Heller und ein Batzen&#8220; und &#8222;Zum St\u00e4dele hinaus&#8220;. Am Schie\u00dfstand erklingen dann &#8222;Jetzt kommen die lustigen Tage&#8220;, &#8222;Hoch auf dem gelben Wagen&#8220;, &#8222;Es blies ein J\u00e4ger in sein Horn&#8220;, &#8222;Der J\u00e4ger aus Kurpfalz&#8220; und das &#8222;Reelser Heimatlied&#8220;.<\/p>\n\n\n\n<p><strong>1<\/strong><strong>976<\/strong><\/p>\n\n\n\n<p>Am 14.04.1976 wird die Uniform geliefert. Sie besteht aus einer grauen Hose, einer blauen Jacke, einer blauen M\u00fctze mit Kordel, einer blauen Krawatte und einem wei\u00dfen Hemd. Am linken \u00c4rmel der Jacke wird das Vereinswappen angebracht, bestehend aus den Martinssymbolen &#8222;Schwert und Mantelteilung&#8220;, einem stilisierten Fluss, der f\u00fcr den &#8222;Aa &#8211; Bach&#8220; steht, und dem Schriftzug &#8222;Blaskapelle Reelsen 1975&#8220;.&nbsp;&nbsp;<\/p>\n\n\n\n<div class=\"wp-block-media-text alignwide is-stacked-on-mobile\" style=\"grid-template-columns:25% auto\"><figure class=\"wp-block-media-text__media\"><img loading=\"lazy\" decoding=\"async\" width=\"307\" height=\"401\" src=\"https:\/\/blaskapelle-reelsen.de\/wordpress\/wp-content\/uploads\/2020\/09\/wappen.gif\" alt=\"\" class=\"wp-image-34\"\/><\/figure><div class=\"wp-block-media-text__content\">\n<p class=\"has-large-font-size\">Wappen der Blaspkapelle Reelsen<\/p>\n<\/div><\/div>\n\n\n\n<p><strong>1977<\/strong><\/p>\n\n\n\n<p>Im Jahr 1977 findet dann der erste gro\u00dfe Auftritt au\u00dferhalb Reelsens statt. Die Blaskapelle Reelsen spielt zum 100-j\u00e4hrigen Jubil\u00e4um der Stadtkapelle Brakel. Am\u00a016.05.1977 wird beim Geburtstagst\u00e4ndchen von Gustav Lewerenz unser Vereinslied &#8222;Aber eins, aber eins, das bleibt besteht, die Blaskapelle Reelsen wird nie untergehen&#8220; geboren. Im Laufe der Jahre werden viele verschiedene Strophen hinzugef\u00fcgt. Das Repertoire ist noch nicht sehr umfangreich, und so hei\u00dft es in der Chronik zu einem Geburtsstagsst\u00e4ndchen im Jahresbericht :\u00a0<em> <\/em>&#8222;Zum Geburtstag von Heinrich St\u00f6ver haben wir alles geblasen, was wir konnten&#8220;. Bedeutend f\u00fcr den noch jungen Verein ist der\u00a0Auftritt beim Festumzug zu &#8222;1000 Jahre Paderborn&#8220;, der von der Kapelle mitgestaltet wird.<\/p>\n\n\n\n<p><strong>1978<\/strong><\/p>\n\n\n\n<p>In Herste ist Musikfest, und die Chronik h\u00e4lt fest : &#8222;Wir spielten zum Marsch die St\u00fccke &#8222;Brussig\u2019s M\u00e4rsche Nr. 1&#8220; und &#8222;Brussig\u2019s M\u00e4rsche Nr. 2&#8220;, zum B\u00fchnenspiel &#8222;Im sch\u00f6nsten Wiesengrunde&#8220; und&nbsp; den &#8222;Fr\u00fchlingsliedermarsch&#8220;.<br>Der erste prominente Dirigent der Blaskapelle ist am 14.05.1978 G\u00fcnter Netzer beim K\u00f6nigsschiessen im &#8222;B\u00f6merwald&#8220;. Er dirigiert das St\u00fcck \u201eIck hav mol in Hamburg an Vermaster seen\u201c.<br>Die Familienfeste werden ihrem Namen noch gerecht, fast ausnahmslos alle Mitglieder mit Partnern und Kindern finden sich zum j\u00e4hrlichen Familienwandertag mit anschlie\u00dfendem Grillen ein. 1978 findet dieses Ereignis im M\u00fchlengrund bei der Familie S\u00f6the statt. Heinrich St\u00f6ver wird bei diesem Anlass als Ehrenmitglied in die Kapelle aufgenommen.<\/p>\n\n\n\n<p><strong>1<\/strong><strong>979<\/strong><\/p>\n\n\n\n<p>1979 unternimmt der Verein die erste Fahrt Ausflugsfahrt mit \u00dcbernachtung. Es geht nach Amsterdam, Rotterdam und Keukenhof. Alle sind begeistert.<\/p>\n\n\n\n<p><strong>1980<\/strong><\/p>\n\n\n\n<p>&nbsp;In diesem Jahr werden immerhin 21 St\u00e4ndchen in Reelsen gespielt, die Blaskapelle findet guten Anklang im eigenen Dorf.&nbsp;Erstmalig wird ein Tanzabend bei der Schulpflegschaftssitzung im Saal Levermann in Langeland gespielt, die Grundsteinlegung zur Reelser Turnhalle wird musikalisch umrahmt.<br>Der Verein wird f\u00fcnf Jahre alt, was mit einem Tanzabend und am Folgetag mit einem Freundschaftstreffen von 15 Gastvereinen gefeiert wird. Dazu folgender Auszug aus der Chronik :<\/p>\n\n\n\n<p>Am 17.08. hatte unsere Kapelle ihr erstes gro\u00dfes Fest, anl\u00e4sslich ihres 5- j\u00e4hrigen Bestehens. Dazu wurde am Vorabend des Festtages in der Martinushalle ein Tanzabend veranstaltet. Zum Festtag waren 21 Vereine eingeladen worden. Davon sagten 16 Vereine zu und 15 Vereine trafen gegen 13: 00 Uhr an der Halle ein. Es waren die Blasvereine von Alfen, Dringenberg, Herste, B\u00f6dexen, Altenbeken, B\u00f6kendorf und Istrup. Die Spielmannsz\u00fcge von Alfen, Dringenberg, Herste und Bad Driburg, sowie die Fanfarenz\u00fcge von Dringenberg, Siebenstern und Bad Driburg. Die Vereine marschierten von der Halle in vier Blocks durch die Ortschaft zum Sportplatz. Dort wurden sie durch den Vorsitzenden Konrad Mertens begr\u00fc\u00dft. Anschlie\u00dfend hielt der Ortschaftsratsvorsitzende Herr Johannes Waldeyer eine Ansprache. Die darauf folgende Festrede hielt Johannes Gelhaus. Nach dem feierlichen Akt wurde auf dem Sportplatz unter der Stabf\u00fchrung des Kapellmeister Gustav Lewerenz der &#8222;Liebenmarsch&#8220; und der Marsch &#8222;Preu\u00dfens Gloria&#8220; von allen Vereinen gemeinsam gespielt. Danach war der Abmarsch zur Halle und dort wurde dann das B\u00fchnenspiel vorgetragen. Als nicht geplanter H\u00f6hepunkt des Tages war nach dem B\u00fchnenspiel ein spontanes Zusammenspiel mehrerer Aktiver aus den verschiedenen Vereinen.<\/p>\n\n\n\n<p><strong>198<\/strong><strong>1<\/strong><\/p>\n\n\n\n<p>Die Blaskapelle Reelsen wird in das Vereinregister beim Amtsgericht in Brakel eingetragen und ist somit offiziell ein existierender Verein.<br>Sechs neue Musikerinnen und Musiker treten dem Verein bei : Kornelia Beumling (Klarinette), Dorothea Worm (Klarinette), Ingeborg Sch\u00e4fers (Fl\u00fcgelhorn),&nbsp;Antje Humbert (Althorn), Burkhard Willeke (Tuba)&nbsp;und Manfred Radoy (Althorn).&nbsp;Am 31.12.1981 hat die Kapelle 33 aktive Mitglieder und 2 Ehrenmitgieder. Der j\u00fcngste ist 13 Jahre und der \u00e4lteste ist 69 Jahre alt.<\/p>\n\n\n\n<p><strong>1982<\/strong><\/p>\n\n\n\n<p>Erstmalig teilt sich die Kapelle zu einem Auftritt auf. Am 10.06.1982 werden sowohl die Frohnleichnamsprozession in Reelsen als auch in Alhausen begleitet.&nbsp;Zudem gibt es den ersten Fernsehauftritt : Der WDR berichtet&nbsp;&nbsp;\u00fcber die Ortschaft Reelsen und deren Vereinst\u00e4tigkeit, wobei auch die Blaskapelle bei Proben und Auftritten in Reelsen aufgenommen wird.<br>Die Uniform wird um eine Weste erg\u00e4nzt, eine sinnvolle Anschaffung f\u00fcr die vielen Auftritte im Sommer. Zudem erhalten die Jugendlichen als Kopfbekleidung ein Schiffchen und zus\u00e4tzlich Krawatten.<\/p>\n\n\n\n<p><strong>1983&nbsp;&nbsp;<\/strong><\/p>\n\n\n\n<p>Am 02.02.1993 tritt die Blaskapelle Reelsen dem Volksmusikerbund NRW bei.<br>Willi Beumling und Hans J\u00fcrgen Speer bilden sich im Interesse des Vereins weiter und absolvieren beim Deutschen Volksmusikerbund einen Lehrgang als Ausbilder.<br>Zw\u00f6lf St\u00e4ndchen werden gespielt, insgesamt hat die Blaskapelle in dem Jahr 37 Auftritte.&nbsp;Am 17.07.1983 wird erstmalig das Sch\u00fctzenfest in Altenbeken musikalisch begleitet.<br>Anja Wiegard, Anja Speer, Sabine S\u00f6the (alle Klarinette) und Heiner Koch (Bariton) treten in den Verein ein.&nbsp;<br>Der Wandertag f\u00fchrt in diesem Jahr zu Sch\u00e4fers neu errichteter Scheune,&nbsp;&nbsp;erstmalig findet eine Weihnachtsfeier bei &#8222;Sommers&#8220; statt, zu der jeder&nbsp; ein kleines Pr\u00e4sent mitbringt, das dann per Losung unter allen Anwesenden verteilt wird.<\/p>\n\n\n\n<p><strong>1984<\/strong><\/p>\n\n\n\n<p>Am 23.04.1984 findet das erste Konzert der Blaskapelle Reelsen statt. Der Termin ist der Ostermontag, und es wird eine lange Reihe erfolgreicher &#8222;Osterkonzerte&#8220; eingeleitet. Zum Konzert wird Kaffee und&nbsp; Kuchen gereicht, zudem werden Lose f\u00fcr eine Tombola angeboten. Zum ersten Konzert kommen 320 Besucher. Das Programm enth\u00e4lt folgende St\u00fccke :&nbsp;<\/p>\n\n\n\n<figure class=\"wp-block-table is-style-stripes\"><table><tbody><tr><td class=\"has-text-align-center\" data-align=\"center\">Fr\u00fchlingslieder \u2013 Marsch<\/td><\/tr><tr><td class=\"has-text-align-center\" data-align=\"center\">Heimatgru\u00df<\/td><\/tr><tr><td class=\"has-text-align-center\" data-align=\"center\">Walzerperlen<\/td><\/tr><tr><td class=\"has-text-align-center\" data-align=\"center\">Schwalbenmarsch<\/td><\/tr><tr><td class=\"has-text-align-center\" data-align=\"center\">Schweitzer Meitli<\/td><\/tr><tr><td class=\"has-text-align-center\" data-align=\"center\">Am Zuckerhut von Rio<\/td><\/tr><tr><td class=\"has-text-align-center\" data-align=\"center\">Karina Polka<\/td><\/tr><tr><td class=\"has-text-align-center\" data-align=\"center\">Ein freier Wildbrettsch\u00fctz<\/td><\/tr><tr><td class=\"has-text-align-center\" data-align=\"center\">Western Party<\/td><\/tr><\/tbody><\/table><figcaption>Programm des ersten Konzertes am 23.04.1984<\/figcaption><\/figure>\n\n\n\n<p>Das bronzene Leistungsabzeichen des Volksmusikerbundes wird von&nbsp;Thomas Assig,&nbsp;Ingeborg Sch\u00e4fers,&nbsp;Burkhardt Willeke,&nbsp;Hans J\u00fcrgen Speer, Manfred Beumling&nbsp;und Willi Beumling&nbsp;erreicht.<br>Als neue Mitglieder treten Franz Josef K\u00fcke&nbsp;(Tuba), Detlef Hoffmann&nbsp;(Fl\u00fcgelhorn), Matthias Rasche (Trompete), Markus Wiegard&nbsp;(Horn), Wolfgang Schulz&nbsp;(Trompete) und Thorsten Gemmeke&nbsp;(Kleine Trommel) dem Verein bei.<\/p>\n\n\n\n<p><strong>1985<\/strong><\/p>\n\n\n\n<p>H\u00f6hepunkt des Jahres 1985 ist das 10 &#8211; j\u00e4hrige Vereinsjubil\u00e4um. Dazu folgender Auszug aus der Chronik :&nbsp;<\/p>\n\n\n\n<p>Die H\u00f6hepunkte im Berichtszeitraum war unser 10-j\u00e4hriges Jubil\u00e4umsfest am 21.04.1985.<br>Das Jubil\u00e4umsfest war auch gleichzeitig Stadtmusikerfest. Der Stadtdirektor, Alfons Schausten, hatte die Schirmherrschaft hierzu \u00fcbernommen. Unser Fest begann mit einer hl . Messe. Die musikalische Begleitung \u00fcbernahm die Stadtkapelle Brakel. Ebenfalls spielte sie zum Fr\u00fchschoppen in der Martinushalle. An diesem Morgen wurden vom Vorsitzenden Herrn Bremer des Volksmusikerbundes NRW, Kreisverband H\u00f6xter die Gr\u00fcndungsmitglieder und die Mitglieder, die bereits 10 Jahre aktiv dabei sind, geehrt.<br>Gustav Lewerenz und Karl-Heinz Rieckmann wurden vom Vorsitzenden unserer Kapelle, Konrad Mertens, besonders geehrt und erhielten je eine Urkunde in W\u00fcrdigung und Dankbarkeit ihrer Verdienste f\u00fcr die Kapelle.<br>Der Nachmittag stand im Zeichen der freundschaftlichen Begegnung zu den ausw\u00e4rtigen Vereinen. 19 Vereine waren eingeladen worden. 17 Vereine sagten zu und nahmen an dem Fest teil. Die Festansprachen hielten an diesem Tag, nachdem sie durch unseren Vorsitzenden begr\u00fc\u00dft wurden, in folgender Reihe Stadtrat und Bezirksverwaltungsstellenleiter der Ortschaft Reelsen , Ludwig Speer, Herr Stadtdirektor Alfons Schausten, Herr stellvertretender B\u00fcrgermeister Fritz Gehle. Die Veranstaltung fand auf dem Sportplatz statt und f\u00fcr mich war das Gemeinschaftsspiel, dirigiert von unserem Kapellmeister Gustav Lewerenz, der musikalische H\u00f6hepunkt. Besonders das Musikst\u00fcck &#8222;Die Himmel r\u00fchmen&#8220;. Au\u00dferdem wurden die M\u00e4rsche &#8222;Preu\u00dfens Gloria&#8220; und der &#8222;Coburger Marsch&#8220; gemeinsam gespielt. Nach dem Festakt auf dem Sportplatz ging es dann auf dem direkten Weg zur Martinushalle. Dort wurde dann die Reihenfolge zum Vorspiel der einzelnen Vereine ausgelost und es begann sofort danach das Konzert. Jeder Verein erhielt von unserer Kapelle als Erinnerungsgeschenk einen Wandteller.<\/p>\n\n\n\n<p><strong>10-j\u00e4hrigen Vereinsjubil\u00e4um im Jahr 1985<\/strong><\/p>\n\n\n\n<figure class=\"wp-block-image size-large\"><img loading=\"lazy\" decoding=\"async\" width=\"1024\" height=\"740\" src=\"https:\/\/blaskapelle-reelsen.de\/wordpress\/wp-content\/uploads\/2020\/09\/1985_Gruppenfoto-1024x740.jpg\" alt=\"\" class=\"wp-image-324\" srcset=\"https:\/\/blaskapelle-reelsen.de\/wordpress\/wp-content\/uploads\/2020\/09\/1985_Gruppenfoto-1024x740.jpg 1024w, https:\/\/blaskapelle-reelsen.de\/wordpress\/wp-content\/uploads\/2020\/09\/1985_Gruppenfoto-300x217.jpg 300w, https:\/\/blaskapelle-reelsen.de\/wordpress\/wp-content\/uploads\/2020\/09\/1985_Gruppenfoto-768x555.jpg 768w, https:\/\/blaskapelle-reelsen.de\/wordpress\/wp-content\/uploads\/2020\/09\/1985_Gruppenfoto-1536x1111.jpg 1536w, https:\/\/blaskapelle-reelsen.de\/wordpress\/wp-content\/uploads\/2020\/09\/1985_Gruppenfoto-2048x1481.jpg 2048w\" sizes=\"auto, (max-width: 767px) 89vw, (max-width: 1000px) 54vw, (max-width: 1071px) 543px, 580px\" \/><figcaption>Gruppenfoto 1985<\/figcaption><\/figure>\n\n\n\n<p>von links&nbsp;nach rechts :<br>Thomas Assig, Ludger Wienhold, Karl Ewald, Konrad Klute, Franz S\u00f6the, Hans-J\u00fcrgen Speer, Wolfgang Schulz, Manfred Radoy, Franz K\u00fcke, Markus Wiegard, Heiner Koch, Andreas Mertens, Markus Beumling, Sabine S\u00f6the, J\u00f6rg Ramlow, Burkhard Ethner, Kornelia Beumling, Otto Ewald, Manfred Beumling, Ingeborg Sch\u00e4fers, Georg Worm, Anja Wiegard, Josef Beumling, Anja Speer, Frank Bettgenh\u00e4user, Franz-Josef Speer, Wilhelm Beumling, Franz-Josef Sch\u00e4fers, Gustav Lewerenz<\/p>\n\n\n\n<p>Des weiteren spielt die Blaskapelle in diesem Jahr ihren ersten &#8222;Gro\u00dfen Zapfenstreich&#8220;. Er findet am 06.07.1985 in Nieheim beim Sch\u00fctzenfest statt. Am 30.11.1985 wird der &#8222;Gro\u00dfe Zapfenstreich&#8220; dann anl\u00e4sslich der Turnhalleneinweihung in Reelsen erstmalig aufgef\u00fchrt. Am 07.11.1985 wird ein Gemeinschaftskonzert zusammen mit dem BGS &#8211; Freizeitkorps aus Bonn veranstaltet.<\/p>\n\n\n\n<p>Am 05.\/06.10.1985 findet eine Vereinfahrt in die Rh\u00f6n statt. Auch hier der Chronik &#8211; Auszug :&nbsp;<\/p>\n\n\n\n<h1 class=\"wp-block-heading\">Vereinsfahrt in die Rh\u00f6n<\/h1>\n\n\n\n<p>Der&nbsp;<strong>stellvertretende Vorsitzende<\/strong>&nbsp;der Blaskapelle Reelsen&nbsp;<strong>Georg Worm<\/strong>&nbsp;organisierte mit unserem Musikfreund Josef Pollmann einen&nbsp;<strong>zweit\u00e4gigen Familienausflug<\/strong>&nbsp;in die&nbsp;<strong>Rh\u00f6n.&nbsp;<\/strong>Auf dem Handzettel, der an die Teilnehmer verteilt wurde, waren Lieder zum Mitsingen und das Programm abgedruckt.<\/p>\n\n\n\n<p><strong><em><u>Auf dem Deckblatt stand folgendes:<\/u><\/em><\/strong><em><\/em><\/p>\n\n\n\n<p><strong><em><u>Wir verreisen!&nbsp;<\/u>&nbsp;&nbsp;&nbsp;&nbsp;&nbsp;&nbsp;&nbsp;&nbsp;&nbsp;&nbsp;&nbsp;&nbsp;&nbsp;&nbsp;&nbsp;&nbsp;&nbsp;&nbsp;&nbsp;<u>Endlich!&nbsp;<\/u>&nbsp;&nbsp;&nbsp;&nbsp;&nbsp;&nbsp;&nbsp;&nbsp;&nbsp;&nbsp;&nbsp;&nbsp;&nbsp;&nbsp;&nbsp;&nbsp;&nbsp;&nbsp;&nbsp;&nbsp;&nbsp;<u>Hurra!!<\/u><\/em><\/strong><\/p>\n\n\n\n<p><strong>Am:&nbsp;&nbsp;&nbsp;&nbsp;&nbsp;&nbsp;&nbsp;&nbsp;&nbsp;&nbsp;5. und 6. O<\/strong><strong>k<\/strong><strong>tober 1985<\/strong><\/p>\n\n\n\n<p><strong><em>Abfahrt:&nbsp;&nbsp;&nbsp;&nbsp;&nbsp;&nbsp;&nbsp;&nbsp;7.00 Uhr von der Schule<\/em><\/strong><\/p>\n\n\n\n<h5 class=\"wp-block-heading\">Reiseziel:&nbsp;&nbsp;&nbsp;&nbsp;&nbsp;&nbsp;&nbsp;Rh\u00f6n<strong>mit Besuchen und Besichtigungen in Aschaffenburg<\/strong><strong>,<\/strong><strong>&nbsp;Weibersbrunn<\/strong><strong>,<\/strong><strong>&nbsp;Kreuzberg, Wasserkuppe<\/strong><strong>,<\/strong><strong>&nbsp;Zonengrenze etc.<\/strong><\/h5>\n\n\n\n<figure class=\"wp-block-image size-large\"><img loading=\"lazy\" decoding=\"async\" width=\"1024\" height=\"695\" src=\"https:\/\/blaskapelle-reelsen.de\/wordpress\/wp-content\/uploads\/2020\/09\/1985_ausflug_roehn-1024x695.jpg\" alt=\"\" class=\"wp-image-329\" srcset=\"https:\/\/blaskapelle-reelsen.de\/wordpress\/wp-content\/uploads\/2020\/09\/1985_ausflug_roehn-1024x695.jpg 1024w, https:\/\/blaskapelle-reelsen.de\/wordpress\/wp-content\/uploads\/2020\/09\/1985_ausflug_roehn-300x204.jpg 300w, https:\/\/blaskapelle-reelsen.de\/wordpress\/wp-content\/uploads\/2020\/09\/1985_ausflug_roehn-768x521.jpg 768w, https:\/\/blaskapelle-reelsen.de\/wordpress\/wp-content\/uploads\/2020\/09\/1985_ausflug_roehn.jpg 1513w\" sizes=\"auto, (max-width: 767px) 89vw, (max-width: 1000px) 54vw, (max-width: 1071px) 543px, 580px\" \/><figcaption>Teilnehmer der Rh\u00f6n Fahrt 1985<\/figcaption><\/figure>\n\n\n\n<p><em>&nbsp;<\/em><strong><em><u>Stenogramm:<\/u><\/em><\/strong><\/p>\n\n\n\n<p>&#8211;&nbsp;fast alle Musikfreunde nahmen mit ihren Familien teil<br>&#8211; das Wetter und die Stimmung im Bus war herzlich und auf der R\u00fcckfahrt ausgelassen<br>&#8211; die Besichtigungsorte waren gut ausgew\u00e4hlt und die F\u00fchrungen informativ<br>&#8211;&nbsp;auf der Wasserkuppe wurde die erste Segelflugschule Deutschlands besichtigt. W\u00e4hrend unseres Besuches konnten startende Segelflieger, Paragleiter und Modellflugzeuge beobachtet werden<br>&#8211; beim Kloster Kreuzberg konnte der Kreuzweg Jesu nachgegangen werden, beeindruckende Kreuzwegstationen waren hier von kunstbegabten M\u00f6nchen gestaltet worden<br>&#8211;&nbsp; hier spielte eine Kapelle volkst\u00fcmliche Melodien zur Unterhaltung der zahlreichen Besucher<br>&#8211; viele Musikfreunde lie\u00dfen sich das hervorragende, dunkle Klosterbier so munden, da\u00df sie nur noch wenig von dem angebotenen, reichhaltigen Essen, Sauerkraut, Stampfkartoffeln und Sch\u00e4lrippchen essen konnten&#8230;.<br>&#8211;&nbsp;&nbsp;&nbsp;wer von diesen preiswerten Speisen reichlich gegessen hatte, konnte dementsprechend wenig von dem preiswerten, k\u00f6stlichen Schwarzbier genie\u00dfen&#8230;(auf der Fahrt)<br>&#8211;&nbsp;&nbsp;mancher Kartenspieler verlor \u201eKonrad Mertens\u201c bei seinen Spieleins\u00e4tzen ,,Haus und Hof\u201c\u2018&#8230;(Karl Ewald und&#8230;&#8230;)<br>&#8211; Bauchschmerzen k\u00f6nnen auch die Ursache von unaufh\u00f6rlichem Lachen sein, wenn sie durch Witze (von Franz K\u00fcke) hervorgerufen werden<br>&#8211; einige Musikfreunde gingen in ,,Klausur\u2018 (Besenkammer), um noch wichtige Dinge, bei einem k\u00fchlen Glas Bier, zu&nbsp; er\u00f6rtern (Willi Beumling, Franz und J\u00fcrgen Speer, Franz S\u00f6the, Detlef Hoffmann, Georg Worm)&#8230; (an die anderen kann ich mich nicht mehr erinnern)<br>&#8211;&nbsp;wunde F\u00fc\u00dfe =&gt; Ursache: ausgelassene Lambada, Walzer und Rock\u00b4n Roll T\u00e4nze<br>&#8211;&nbsp;&nbsp;neu einsetzender Stimmbruch nach dem Singen von Seemannsliedern wie ,,Silbern klingt und springt die Heuer&#8230;\u201c<br>&#8211;&nbsp; bedr\u00fcckende Stimmung an der Zonengrenze!<br>&#8211;&nbsp;&nbsp;auch die ,,Kapit\u00e4ne der Landstra\u00dfen\u201c (Josef Pollmann und Matthias Rasche) konnten gelegentlich an den Zusatzprogrammen teilnehmen<br>&#8211;&nbsp;&nbsp;leider konnten sie nicht von den k\u00f6stlichen Pflaumen-, Holunder-, Johannisbeeraufgesetzten aus den ,,Schwarzbrennereien\u201c der Firmen Sch\u00e4fers, Beumling, Worm und Co-Kg kosten. Unseren Kapit\u00e4nen w\u00e4re sicherlich das Seemannspatent auf dieser Fahrt entzogen worden&#8230;<br>&#8211;&nbsp;Ankunft in Reelsen : zumindest dunkle Nacht, ersch\u00f6pft aber begeistert von der Organisation und der Kameradschaftlichkeit&#8230;.<br>&#8211;&nbsp; Nachtrag: ,,Unser Gustav&#8220; sang h\u00e4ufiger das Lied ,,Sing man tau, von us Pastor sine Kau&#8230;\u201c<\/p>\n\n\n\n<p><\/p>\n","protected":false},"excerpt":{"rendered":"<p>Die Vereinshistorie der Jahre 1975 -1985 1974 W\u00e4hrend des Liborifestes im Sommer 1974 kommt&nbsp;Karl Heinz Rieckmann und Franz Josef Sch\u00e4fers bei einem Besuch im Bayernzelt die Idee, in Reelsen eine Bl\u00e4sergruppe zu bilden. Anfang November 1974 findet eine Versammlung unter Leitung von Johannes Gelhaus statt. Die Idee&nbsp;wird eingehend besprochen und die Beteiligten beschie\u00dfen, das Vorhaben &hellip; <\/p>\n<p class=\"link-more\"><a href=\"https:\/\/blaskapelle-reelsen.de\/index.php\/1975-1985\/\" class=\"more-link\"><span class=\"screen-reader-text\">\u201e1975 &#8211; 1985\u201c <\/span>weiterlesen<\/a><\/p>\n","protected":false},"author":1,"featured_media":0,"parent":0,"menu_order":0,"comment_status":"closed","ping_status":"closed","template":"","meta":{"footnotes":""},"class_list":["post-269","page","type-page","status-publish","hentry"],"yoast_head":"<!-- This site is optimized with the Yoast SEO plugin v27.5 - https:\/\/yoast.com\/product\/yoast-seo-wordpress\/ -->\n<title>1975 - 1985 - Blaskapelle Reelsen e.V.<\/title>\n<meta name=\"robots\" content=\"index, follow, max-snippet:-1, max-image-preview:large, max-video-preview:-1\" \/>\n<link rel=\"canonical\" href=\"https:\/\/blaskapelle-reelsen.de\/index.php\/1975-1985\/\" \/>\n<meta property=\"og:locale\" content=\"de_DE\" \/>\n<meta property=\"og:type\" content=\"article\" \/>\n<meta property=\"og:title\" content=\"1975 - 1985 - Blaskapelle Reelsen e.V.\" \/>\n<meta property=\"og:description\" content=\"Die Vereinshistorie der Jahre 1975 -1985 1974 W\u00e4hrend des Liborifestes im Sommer 1974 kommt&nbsp;Karl Heinz Rieckmann und Franz Josef Sch\u00e4fers bei einem Besuch im Bayernzelt die Idee, in Reelsen eine Bl\u00e4sergruppe zu bilden. Anfang November 1974 findet eine Versammlung unter Leitung von Johannes Gelhaus statt. Die Idee&nbsp;wird eingehend besprochen und die Beteiligten beschie\u00dfen, das Vorhaben &hellip; \u201e1975 &#8211; 1985\u201c weiterlesen\" \/>\n<meta property=\"og:url\" content=\"https:\/\/blaskapelle-reelsen.de\/index.php\/1975-1985\/\" \/>\n<meta property=\"og:site_name\" content=\"Blaskapelle Reelsen e.V.\" \/>\n<meta property=\"article:modified_time\" content=\"2020-09-24T18:22:59+00:00\" \/>\n<meta property=\"og:image\" content=\"https:\/\/blaskapelle-reelsen.de\/wordpress\/wp-content\/uploads\/2020\/09\/1974_Guendung.jpg\" \/>\n<meta name=\"twitter:card\" content=\"summary_large_image\" \/>\n<meta name=\"twitter:label1\" content=\"Gesch\u00e4tzte Lesezeit\" \/>\n\t<meta name=\"twitter:data1\" content=\"12\u00a0Minuten\" \/>\n<script type=\"application\/ld+json\" class=\"yoast-schema-graph\">{\"@context\":\"https:\\\/\\\/schema.org\",\"@graph\":[{\"@type\":\"WebPage\",\"@id\":\"https:\\\/\\\/blaskapelle-reelsen.de\\\/index.php\\\/1975-1985\\\/\",\"url\":\"https:\\\/\\\/blaskapelle-reelsen.de\\\/index.php\\\/1975-1985\\\/\",\"name\":\"1975 - 1985 - Blaskapelle Reelsen e.V.\",\"isPartOf\":{\"@id\":\"https:\\\/\\\/blaskapelle-reelsen.de\\\/#website\"},\"primaryImageOfPage\":{\"@id\":\"https:\\\/\\\/blaskapelle-reelsen.de\\\/index.php\\\/1975-1985\\\/#primaryimage\"},\"image\":{\"@id\":\"https:\\\/\\\/blaskapelle-reelsen.de\\\/index.php\\\/1975-1985\\\/#primaryimage\"},\"thumbnailUrl\":\"https:\\\/\\\/blaskapelle-reelsen.de\\\/wordpress\\\/wp-content\\\/uploads\\\/2020\\\/09\\\/1974_Guendung.jpg\",\"datePublished\":\"2020-09-21T16:52:36+00:00\",\"dateModified\":\"2020-09-24T18:22:59+00:00\",\"breadcrumb\":{\"@id\":\"https:\\\/\\\/blaskapelle-reelsen.de\\\/index.php\\\/1975-1985\\\/#breadcrumb\"},\"inLanguage\":\"de\",\"potentialAction\":[{\"@type\":\"ReadAction\",\"target\":[\"https:\\\/\\\/blaskapelle-reelsen.de\\\/index.php\\\/1975-1985\\\/\"]}]},{\"@type\":\"ImageObject\",\"inLanguage\":\"de\",\"@id\":\"https:\\\/\\\/blaskapelle-reelsen.de\\\/index.php\\\/1975-1985\\\/#primaryimage\",\"url\":\"https:\\\/\\\/blaskapelle-reelsen.de\\\/wordpress\\\/wp-content\\\/uploads\\\/2020\\\/09\\\/1974_Guendung.jpg\",\"contentUrl\":\"https:\\\/\\\/blaskapelle-reelsen.de\\\/wordpress\\\/wp-content\\\/uploads\\\/2020\\\/09\\\/1974_Guendung.jpg\"},{\"@type\":\"BreadcrumbList\",\"@id\":\"https:\\\/\\\/blaskapelle-reelsen.de\\\/index.php\\\/1975-1985\\\/#breadcrumb\",\"itemListElement\":[{\"@type\":\"ListItem\",\"position\":1,\"name\":\"Home\",\"item\":\"https:\\\/\\\/blaskapelle-reelsen.de\\\/\"},{\"@type\":\"ListItem\",\"position\":2,\"name\":\"1975 &#8211; 1985\"}]},{\"@type\":\"WebSite\",\"@id\":\"https:\\\/\\\/blaskapelle-reelsen.de\\\/#website\",\"url\":\"https:\\\/\\\/blaskapelle-reelsen.de\\\/\",\"name\":\"Blaskapelle Reelsen e.V.\",\"description\":\"wir l(i)eben Blasmusik - seit 1975\",\"publisher\":{\"@id\":\"https:\\\/\\\/blaskapelle-reelsen.de\\\/#organization\"},\"potentialAction\":[{\"@type\":\"SearchAction\",\"target\":{\"@type\":\"EntryPoint\",\"urlTemplate\":\"https:\\\/\\\/blaskapelle-reelsen.de\\\/?s={search_term_string}\"},\"query-input\":{\"@type\":\"PropertyValueSpecification\",\"valueRequired\":true,\"valueName\":\"search_term_string\"}}],\"inLanguage\":\"de\"},{\"@type\":\"Organization\",\"@id\":\"https:\\\/\\\/blaskapelle-reelsen.de\\\/#organization\",\"name\":\"Blaskapelle Reelsen e.V.\",\"url\":\"https:\\\/\\\/blaskapelle-reelsen.de\\\/\",\"logo\":{\"@type\":\"ImageObject\",\"inLanguage\":\"de\",\"@id\":\"https:\\\/\\\/blaskapelle-reelsen.de\\\/#\\\/schema\\\/logo\\\/image\\\/\",\"url\":\"https:\\\/\\\/blaskapelle-reelsen.de\\\/wordpress\\\/wp-content\\\/uploads\\\/2025\\\/03\\\/cropped-wappen-final.png\",\"contentUrl\":\"https:\\\/\\\/blaskapelle-reelsen.de\\\/wordpress\\\/wp-content\\\/uploads\\\/2025\\\/03\\\/cropped-wappen-final.png\",\"width\":184,\"height\":250,\"caption\":\"Blaskapelle Reelsen e.V.\"},\"image\":{\"@id\":\"https:\\\/\\\/blaskapelle-reelsen.de\\\/#\\\/schema\\\/logo\\\/image\\\/\"}}]}<\/script>\n<!-- \/ Yoast SEO plugin. -->","yoast_head_json":{"title":"1975 - 1985 - Blaskapelle Reelsen e.V.","robots":{"index":"index","follow":"follow","max-snippet":"max-snippet:-1","max-image-preview":"max-image-preview:large","max-video-preview":"max-video-preview:-1"},"canonical":"https:\/\/blaskapelle-reelsen.de\/index.php\/1975-1985\/","og_locale":"de_DE","og_type":"article","og_title":"1975 - 1985 - Blaskapelle Reelsen e.V.","og_description":"Die Vereinshistorie der Jahre 1975 -1985 1974 W\u00e4hrend des Liborifestes im Sommer 1974 kommt&nbsp;Karl Heinz Rieckmann und Franz Josef Sch\u00e4fers bei einem Besuch im Bayernzelt die Idee, in Reelsen eine Bl\u00e4sergruppe zu bilden. Anfang November 1974 findet eine Versammlung unter Leitung von Johannes Gelhaus statt. Die Idee&nbsp;wird eingehend besprochen und die Beteiligten beschie\u00dfen, das Vorhaben &hellip; \u201e1975 &#8211; 1985\u201c weiterlesen","og_url":"https:\/\/blaskapelle-reelsen.de\/index.php\/1975-1985\/","og_site_name":"Blaskapelle Reelsen e.V.","article_modified_time":"2020-09-24T18:22:59+00:00","og_image":[{"url":"https:\/\/blaskapelle-reelsen.de\/wordpress\/wp-content\/uploads\/2020\/09\/1974_Guendung.jpg","type":"","width":"","height":""}],"twitter_card":"summary_large_image","twitter_misc":{"Gesch\u00e4tzte Lesezeit":"12\u00a0Minuten"},"schema":{"@context":"https:\/\/schema.org","@graph":[{"@type":"WebPage","@id":"https:\/\/blaskapelle-reelsen.de\/index.php\/1975-1985\/","url":"https:\/\/blaskapelle-reelsen.de\/index.php\/1975-1985\/","name":"1975 - 1985 - Blaskapelle Reelsen e.V.","isPartOf":{"@id":"https:\/\/blaskapelle-reelsen.de\/#website"},"primaryImageOfPage":{"@id":"https:\/\/blaskapelle-reelsen.de\/index.php\/1975-1985\/#primaryimage"},"image":{"@id":"https:\/\/blaskapelle-reelsen.de\/index.php\/1975-1985\/#primaryimage"},"thumbnailUrl":"https:\/\/blaskapelle-reelsen.de\/wordpress\/wp-content\/uploads\/2020\/09\/1974_Guendung.jpg","datePublished":"2020-09-21T16:52:36+00:00","dateModified":"2020-09-24T18:22:59+00:00","breadcrumb":{"@id":"https:\/\/blaskapelle-reelsen.de\/index.php\/1975-1985\/#breadcrumb"},"inLanguage":"de","potentialAction":[{"@type":"ReadAction","target":["https:\/\/blaskapelle-reelsen.de\/index.php\/1975-1985\/"]}]},{"@type":"ImageObject","inLanguage":"de","@id":"https:\/\/blaskapelle-reelsen.de\/index.php\/1975-1985\/#primaryimage","url":"https:\/\/blaskapelle-reelsen.de\/wordpress\/wp-content\/uploads\/2020\/09\/1974_Guendung.jpg","contentUrl":"https:\/\/blaskapelle-reelsen.de\/wordpress\/wp-content\/uploads\/2020\/09\/1974_Guendung.jpg"},{"@type":"BreadcrumbList","@id":"https:\/\/blaskapelle-reelsen.de\/index.php\/1975-1985\/#breadcrumb","itemListElement":[{"@type":"ListItem","position":1,"name":"Home","item":"https:\/\/blaskapelle-reelsen.de\/"},{"@type":"ListItem","position":2,"name":"1975 &#8211; 1985"}]},{"@type":"WebSite","@id":"https:\/\/blaskapelle-reelsen.de\/#website","url":"https:\/\/blaskapelle-reelsen.de\/","name":"Blaskapelle Reelsen e.V.","description":"wir l(i)eben Blasmusik - seit 1975","publisher":{"@id":"https:\/\/blaskapelle-reelsen.de\/#organization"},"potentialAction":[{"@type":"SearchAction","target":{"@type":"EntryPoint","urlTemplate":"https:\/\/blaskapelle-reelsen.de\/?s={search_term_string}"},"query-input":{"@type":"PropertyValueSpecification","valueRequired":true,"valueName":"search_term_string"}}],"inLanguage":"de"},{"@type":"Organization","@id":"https:\/\/blaskapelle-reelsen.de\/#organization","name":"Blaskapelle Reelsen e.V.","url":"https:\/\/blaskapelle-reelsen.de\/","logo":{"@type":"ImageObject","inLanguage":"de","@id":"https:\/\/blaskapelle-reelsen.de\/#\/schema\/logo\/image\/","url":"https:\/\/blaskapelle-reelsen.de\/wordpress\/wp-content\/uploads\/2025\/03\/cropped-wappen-final.png","contentUrl":"https:\/\/blaskapelle-reelsen.de\/wordpress\/wp-content\/uploads\/2025\/03\/cropped-wappen-final.png","width":184,"height":250,"caption":"Blaskapelle Reelsen e.V."},"image":{"@id":"https:\/\/blaskapelle-reelsen.de\/#\/schema\/logo\/image\/"}}]}},"_links":{"self":[{"href":"https:\/\/blaskapelle-reelsen.de\/index.php\/wp-json\/wp\/v2\/pages\/269","targetHints":{"allow":["GET"]}}],"collection":[{"href":"https:\/\/blaskapelle-reelsen.de\/index.php\/wp-json\/wp\/v2\/pages"}],"about":[{"href":"https:\/\/blaskapelle-reelsen.de\/index.php\/wp-json\/wp\/v2\/types\/page"}],"author":[{"embeddable":true,"href":"https:\/\/blaskapelle-reelsen.de\/index.php\/wp-json\/wp\/v2\/users\/1"}],"replies":[{"embeddable":true,"href":"https:\/\/blaskapelle-reelsen.de\/index.php\/wp-json\/wp\/v2\/comments?post=269"}],"version-history":[{"count":14,"href":"https:\/\/blaskapelle-reelsen.de\/index.php\/wp-json\/wp\/v2\/pages\/269\/revisions"}],"predecessor-version":[{"id":391,"href":"https:\/\/blaskapelle-reelsen.de\/index.php\/wp-json\/wp\/v2\/pages\/269\/revisions\/391"}],"wp:attachment":[{"href":"https:\/\/blaskapelle-reelsen.de\/index.php\/wp-json\/wp\/v2\/media?parent=269"}],"curies":[{"name":"wp","href":"https:\/\/api.w.org\/{rel}","templated":true}]}}