{"id":267,"date":"2020-09-21T16:52:36","date_gmt":"2020-09-21T16:52:36","guid":{"rendered":"http:\/\/blaskapelle-reelsen.de\/?page_id=267"},"modified":"2020-10-26T18:59:57","modified_gmt":"2020-10-26T18:59:57","slug":"1996-2005","status":"publish","type":"page","link":"https:\/\/blaskapelle-reelsen.de\/index.php\/1996-2005\/","title":{"rendered":"1996 &#8211; 2005"},"content":{"rendered":"\n<figure class=\"wp-block-pullquote\"><blockquote><p>Vereinshistorie der Jahre<\/p><p>1996 \u2013 2005<\/p><\/blockquote><\/figure>\n\n\n\n<p><strong>1996<\/strong><\/p>\n\n\n\n<p>Im Jahr 1996 wird die Jugendarbeit verst\u00e4rkt intensiviert. Erstmals findet der \u201eTag der offenen T\u00fcr\u201c in der Reelser Grundschule statt, der Verein wendet sich an Kinder im ersten bis dritten Schuljahr und hat guten Erfolg mit dem Aufbau einer Blockfl\u00f6tengruppe, die von nun an die Basis der Jugendarbeit darstellt.<\/p>\n\n\n\n<figure class=\"wp-block-image size-large\"><img loading=\"lazy\" decoding=\"async\" width=\"1008\" height=\"684\" src=\"https:\/\/blaskapelle-reelsen.de\/wordpress\/wp-content\/uploads\/2020\/09\/1996_Jugendtag_1.jpg\" alt=\"\" class=\"wp-image-394\" srcset=\"https:\/\/blaskapelle-reelsen.de\/wordpress\/wp-content\/uploads\/2020\/09\/1996_Jugendtag_1.jpg 1008w, https:\/\/blaskapelle-reelsen.de\/wordpress\/wp-content\/uploads\/2020\/09\/1996_Jugendtag_1-300x204.jpg 300w, https:\/\/blaskapelle-reelsen.de\/wordpress\/wp-content\/uploads\/2020\/09\/1996_Jugendtag_1-768x521.jpg 768w\" sizes=\"auto, (max-width: 767px) 89vw, (max-width: 1000px) 54vw, (max-width: 1071px) 543px, 580px\" \/><figcaption>&#8222;Tag der offenen T\u00fcr&#8220; in der Grundschule &#8211; 1996<\/figcaption><\/figure>\n\n\n\n<p>Im selben Jahr wird ein Vereinsraum gebaut, viele helfende H\u00e4nde erm\u00f6glichen die Umsetzung dieses Vorhabens. Dem&nbsp; Verein werden dadurch weitere Entfaltungsm\u00f6glichkeiten f\u00fcr Jugend- und Probenarbeit erm\u00f6glicht.<\/p>\n\n\n\n<figure class=\"wp-block-image size-large\"><img loading=\"lazy\" decoding=\"async\" width=\"1024\" height=\"690\" src=\"https:\/\/blaskapelle-reelsen.de\/wordpress\/wp-content\/uploads\/2020\/09\/1996_Vereinsraum_03-1024x690.jpg\" alt=\"\" class=\"wp-image-395\" srcset=\"https:\/\/blaskapelle-reelsen.de\/wordpress\/wp-content\/uploads\/2020\/09\/1996_Vereinsraum_03-1024x690.jpg 1024w, https:\/\/blaskapelle-reelsen.de\/wordpress\/wp-content\/uploads\/2020\/09\/1996_Vereinsraum_03-300x202.jpg 300w, https:\/\/blaskapelle-reelsen.de\/wordpress\/wp-content\/uploads\/2020\/09\/1996_Vereinsraum_03-768x518.jpg 768w, https:\/\/blaskapelle-reelsen.de\/wordpress\/wp-content\/uploads\/2020\/09\/1996_Vereinsraum_03.jpg 1479w\" sizes=\"auto, (max-width: 767px) 89vw, (max-width: 1000px) 54vw, (max-width: 1071px) 543px, 580px\" \/><figcaption>Bau des Vereinsraums &#8211; 1996<\/figcaption><\/figure>\n\n\n\n<p>Zusammen mit dem Musikverein Avenwedde, der ebenfalls wie die Blaskapelle Reelsen zu dem Zeitpunkt von Paul Krywyszyn musikalisch geleitet wird,&nbsp; findet ein gro\u00dfes Gemeinschaftskonzert mit 75 Musikern statt.<\/p>\n\n\n\n<p>Drei neue Mitglieder treten 1996 dem Verein bei : Anna Weise-Emden (Trompete), Rainer L\u00fcbeck (Klarinette) und Christian L\u00fcbeck (Tenorhorn).<\/p>\n\n\n\n<p><strong>1997<\/strong><\/p>\n\n\n\n<p>Das Jahr steht ganz im Zeichen der 800-Jahr-Feier der Ortschaft Reelsen. Auch das Fr\u00fchjahrskonzert wird mit der Auswahl einiger historischer St\u00fccke an die Feierlichkeiten angepasst.<\/p>\n\n\n\n<p>Am&nbsp;Sch\u00fctzenfest Montag in Augustdorf spielen wir mit lediglich 12 Musikern zum Gabelfr\u00fchst\u00fcck auf, dennoch ist das musikalische Ergebnis gut und es macht allen Spa\u00df.<\/p>\n\n\n\n<p>Am 23.&nbsp; Juni findet der Familientag der Blaskapelle statt. Unternommen wird eine Wanderung von Erwitzen nach Nieheim zum Holsterturm. Dort gibt es Kaffee und selbstgebackenen Kuchen. Anschlie\u00dfend wird der Tag auf dem Reiterhof Gut Externbrock bei Nieheim fortgesetzt. Planwagenfahrten, Pony-Reiten f\u00fcr die Kleinen, gem\u00fctliche Runden im Biergarten und beste Versorgung mit Essen und Getr\u00e4nken runden diesen sch\u00f6nen Familientag ab.<\/p>\n\n\n\n<figure class=\"wp-block-image size-large\"><img loading=\"lazy\" decoding=\"async\" width=\"1024\" height=\"685\" src=\"https:\/\/blaskapelle-reelsen.de\/wordpress\/wp-content\/uploads\/2020\/09\/1997_Ausflug_Gut_Exterbrock_3-1024x685.jpg\" alt=\"\" class=\"wp-image-396\" srcset=\"https:\/\/blaskapelle-reelsen.de\/wordpress\/wp-content\/uploads\/2020\/09\/1997_Ausflug_Gut_Exterbrock_3-1024x685.jpg 1024w, https:\/\/blaskapelle-reelsen.de\/wordpress\/wp-content\/uploads\/2020\/09\/1997_Ausflug_Gut_Exterbrock_3-300x201.jpg 300w, https:\/\/blaskapelle-reelsen.de\/wordpress\/wp-content\/uploads\/2020\/09\/1997_Ausflug_Gut_Exterbrock_3-768x514.jpg 768w, https:\/\/blaskapelle-reelsen.de\/wordpress\/wp-content\/uploads\/2020\/09\/1997_Ausflug_Gut_Exterbrock_3.jpg 1490w\" sizes=\"auto, (max-width: 767px) 89vw, (max-width: 1000px) 54vw, (max-width: 1071px) 543px, 580px\" \/><figcaption>Familientag auf dem Reiterhof Gut Externbrock bei Nieheim &#8211; 1997<\/figcaption><\/figure>\n\n\n\n<p>Am 23 Juli wird das Backhaus&nbsp;eingeweiht, am 03. August fahren wir zum Sch\u00fctzenfest nach Ratingen.&nbsp; Dieser Tag ist eine Mischung aus Vereinsausflug und musikalischem Auftritt, beginnt Mittags mit einem Essen in Ratingen, es folgt der Sch\u00fctzenfestumzug und zum Abschluss werden noch gem\u00fctliche Stunden in den riesigen Sch\u00fctzenfestzelten verbracht.<\/p>\n\n\n\n<figure class=\"wp-block-gallery columns-2 is-cropped wp-block-gallery-1 is-layout-flex wp-block-gallery-is-layout-flex\"><ul class=\"blocks-gallery-grid\"><li class=\"blocks-gallery-item\"><figure><img loading=\"lazy\" decoding=\"async\" width=\"723\" height=\"486\" src=\"https:\/\/blaskapelle-reelsen.de\/wordpress\/wp-content\/uploads\/2020\/09\/Ratingen-1997.jpg\" alt=\"\" data-id=\"398\" data-full-url=\"https:\/\/blaskapelle-reelsen.de\/wordpress\/wp-content\/uploads\/2020\/09\/Ratingen-1997.jpg\" data-link=\"http:\/\/blaskapelle-reelsen.de\/index.php\/1996-2005\/ratingen-1997\/\" class=\"wp-image-398\" srcset=\"https:\/\/blaskapelle-reelsen.de\/wordpress\/wp-content\/uploads\/2020\/09\/Ratingen-1997.jpg 723w, https:\/\/blaskapelle-reelsen.de\/wordpress\/wp-content\/uploads\/2020\/09\/Ratingen-1997-300x202.jpg 300w\" sizes=\"auto, (max-width: 723px) 100vw, 723px\" \/><\/figure><\/li><li class=\"blocks-gallery-item\"><figure><img loading=\"lazy\" decoding=\"async\" width=\"600\" height=\"408\" src=\"https:\/\/blaskapelle-reelsen.de\/wordpress\/wp-content\/uploads\/2020\/09\/1998_Ratingen_4.jpg\" alt=\"\" data-id=\"399\" data-full-url=\"https:\/\/blaskapelle-reelsen.de\/wordpress\/wp-content\/uploads\/2020\/09\/1998_Ratingen_4.jpg\" data-link=\"http:\/\/blaskapelle-reelsen.de\/index.php\/1996-2005\/1998_ratingen_4\/\" class=\"wp-image-399\" srcset=\"https:\/\/blaskapelle-reelsen.de\/wordpress\/wp-content\/uploads\/2020\/09\/1998_Ratingen_4.jpg 600w, https:\/\/blaskapelle-reelsen.de\/wordpress\/wp-content\/uploads\/2020\/09\/1998_Ratingen_4-300x204.jpg 300w\" sizes=\"auto, (max-width: 600px) 100vw, 600px\" \/><\/figure><\/li><\/ul><\/figure>\n\n\n\n<p>Vom 5. bis 7. September findet die 800-Jahr-Feier von Reelsen statt. Zum Auftakt spielen einige Mitglieder der Blaskapelle beim Theaterst\u00fcck zum Tanz auf. Die Er\u00f6ffnung des Bauernmarktes am 6. September am Heimkehrerkreuz wird von der Blaskapelle begleitet, anschlie\u00dfend spielen wir an verschiedenen Stellen im Dorf kleine Konzerte.<\/p>\n\n\n\n<p><strong>1998<\/strong><\/p>\n\n\n\n<p>Anfang September trennt sich der Verein nach 6 Jahren musikalisch erfolgreicher Arbeit von Paul Krywyszyn als Dirigenten der Kapelle, eine Entscheidung die nicht leicht f\u00e4llt, aber von einer deutlichen Mehrheit der Mitglieder getragen wird.<\/p>\n\n\n\n<p>Am 26. September findet zum ersten Mal ein Backhausfest statt, das wir von da an jedes Jahr musikalisch begleiten und stets mit einem kleinen Umzug durch das Dorf einleiten.<\/p>\n\n\n\n<p>Die bis dahin l\u00e4ngste Vereinsfahrt der Blaskapelle Reelsen findet vom 03. bis 07. Oktober statt. Es geht nach Uttendorf in \u00d6sterreich. Die Chronik h\u00e4lt dazu fest :&nbsp;&nbsp; &nbsp;<\/p>\n\n\n\n<p>Vom 03.- 07. Oktober fand unsere einmalige mehrt\u00e4gige Vereinsfahrt statt. Am Samstag, den 03. Oktober ging es um 5:30 Uhr los. Als wir nach 12 Stunden Fahrt ankamen, wurden wir herzlich begr\u00fc\u00dft und ein gem\u00fctlicher Abend fand statt. Am Sonntag gaben wir ein Gemeinschaftskonzert mit der Uttendorfer Kapelle. Der Nachmittag stand zur freien Verf\u00fcgung, am Abend gab es ein gemeinsames Abendessen und danach einen gem\u00fctlichen Abend. Da es am n\u00e4chsten Tag regnete fuhren wir nach Kitzb\u00fchel und dann nach Fieberbrunn und besichtigten ein Schlo\u00df. Den Abend erlebten wir auf dem Zeller See. Am 06. Oktober fuhren wir nach Berchtesgaden zum Salzbergwerk, es wurde f\u00fcr jeden ein tolles Erlebnis, was er nie vergessen wird. Am K\u00f6nigssee konnte man sich noch die Beine vertreten. Der Abend wurde zum Abschiedsabend im Stubacher Hof mit \u00f6sterreichischer Tanzmusik. Am n\u00e4chsten Tag ging es wieder zur\u00fcck nach Reelsen.<\/p>\n\n\n\n<figure class=\"wp-block-image size-large\"><img loading=\"lazy\" decoding=\"async\" width=\"1024\" height=\"684\" src=\"https:\/\/blaskapelle-reelsen.de\/wordpress\/wp-content\/uploads\/2020\/09\/1998_Uttendorffahrt_12-1024x684.jpg\" alt=\"\" class=\"wp-image-400\" srcset=\"https:\/\/blaskapelle-reelsen.de\/wordpress\/wp-content\/uploads\/2020\/09\/1998_Uttendorffahrt_12-1024x684.jpg 1024w, https:\/\/blaskapelle-reelsen.de\/wordpress\/wp-content\/uploads\/2020\/09\/1998_Uttendorffahrt_12-300x200.jpg 300w, https:\/\/blaskapelle-reelsen.de\/wordpress\/wp-content\/uploads\/2020\/09\/1998_Uttendorffahrt_12-768x513.jpg 768w, https:\/\/blaskapelle-reelsen.de\/wordpress\/wp-content\/uploads\/2020\/09\/1998_Uttendorffahrt_12.jpg 1474w\" sizes=\"auto, (max-width: 767px) 89vw, (max-width: 1000px) 54vw, (max-width: 1071px) 543px, 580px\" \/><figcaption>Uttendorf Fahrt &#8211; 1998<\/figcaption><\/figure>\n\n\n\n<figure class=\"wp-block-image size-large\"><img loading=\"lazy\" decoding=\"async\" width=\"1024\" height=\"684\" src=\"https:\/\/blaskapelle-reelsen.de\/wordpress\/wp-content\/uploads\/2020\/09\/1998_Sportfest_4-1024x684.jpg\" alt=\"\" class=\"wp-image-402\" srcset=\"https:\/\/blaskapelle-reelsen.de\/wordpress\/wp-content\/uploads\/2020\/09\/1998_Sportfest_4-1024x684.jpg 1024w, https:\/\/blaskapelle-reelsen.de\/wordpress\/wp-content\/uploads\/2020\/09\/1998_Sportfest_4-300x200.jpg 300w, https:\/\/blaskapelle-reelsen.de\/wordpress\/wp-content\/uploads\/2020\/09\/1998_Sportfest_4-768x513.jpg 768w, https:\/\/blaskapelle-reelsen.de\/wordpress\/wp-content\/uploads\/2020\/09\/1998_Sportfest_4.jpg 1466w\" sizes=\"auto, (max-width: 767px) 89vw, (max-width: 1000px) 54vw, (max-width: 1071px) 543px, 580px\" \/><figcaption>Sportliche Musiker beim Dorfpokalturnier &#8211; 1998<\/figcaption><\/figure>\n\n\n\n<p>Im November 1998 \u00fcbernimmt Burkhard Eilebrecht aus Bad Driburg die musikalische Leitung der Blaskapelle Reelsen. Diese f\u00fcr den Verein so wichtige Position kann nach der Trennung von Paul Krywyszyn schnell wieder besetzt werden. Sowohl seine fachlichen F\u00e4higkeiten, als auch das gute Miteinander mit ihm und sein Talent, Musik an Laien zu vermitteln, werden bei den Mitgliedern der Blaskapelle Reelsen sehr gesch\u00e4tzt.&nbsp;&nbsp;&nbsp;<\/p>\n\n\n\n<p><strong>1999<\/strong><\/p>\n\n\n\n<p>Am 16. April wird das&nbsp;Jugendausbildungsorchester&nbsp;gegr\u00fcndet. Damit ist ein weiterer entscheidender Schritt in der Jugendarbeit und musikalischen Ausbildung des Vereins unternommen. Wenn auch eigenst\u00e4ndig, so versteht sich das Ausbildungsorchester stets als Garant f\u00fcr quantitativ und qualitativ gute Nachwuchsarbeit f\u00fcr die Blaskapelle Reelsen.<\/p>\n\n\n\n<p><strong>Gr\u00fcndungsversammlung des Jugendausbildungsorchester<\/strong><\/p>\n\n\n\n<figure class=\"wp-block-gallery columns-2 is-cropped wp-block-gallery-2 is-layout-flex wp-block-gallery-is-layout-flex\"><ul class=\"blocks-gallery-grid\"><li class=\"blocks-gallery-item\"><figure><img loading=\"lazy\" decoding=\"async\" width=\"1024\" height=\"676\" src=\"https:\/\/blaskapelle-reelsen.de\/wordpress\/wp-content\/uploads\/2020\/09\/1999_gruendung_jao_01-1024x676.jpg\" alt=\"\" data-id=\"403\" data-full-url=\"https:\/\/blaskapelle-reelsen.de\/wordpress\/wp-content\/uploads\/2020\/09\/1999_gruendung_jao_01.jpg\" data-link=\"https:\/\/blaskapelle-reelsen.de\/index.php\/1996-2005\/1999_gruendung_jao_01\/\" class=\"wp-image-403\" srcset=\"https:\/\/blaskapelle-reelsen.de\/wordpress\/wp-content\/uploads\/2020\/09\/1999_gruendung_jao_01-1024x676.jpg 1024w, https:\/\/blaskapelle-reelsen.de\/wordpress\/wp-content\/uploads\/2020\/09\/1999_gruendung_jao_01-300x198.jpg 300w, https:\/\/blaskapelle-reelsen.de\/wordpress\/wp-content\/uploads\/2020\/09\/1999_gruendung_jao_01-768x507.jpg 768w, https:\/\/blaskapelle-reelsen.de\/wordpress\/wp-content\/uploads\/2020\/09\/1999_gruendung_jao_01-1536x1015.jpg 1536w, https:\/\/blaskapelle-reelsen.de\/wordpress\/wp-content\/uploads\/2020\/09\/1999_gruendung_jao_01.jpg 1688w\" sizes=\"auto, (max-width: 767px) 89vw, (max-width: 1000px) 54vw, (max-width: 1071px) 543px, 580px\" \/><\/figure><\/li><li class=\"blocks-gallery-item\"><figure><img loading=\"lazy\" decoding=\"async\" width=\"1024\" height=\"653\" src=\"https:\/\/blaskapelle-reelsen.de\/wordpress\/wp-content\/uploads\/2020\/09\/1999_gruendung_jao_03-1024x653.jpg\" alt=\"\" data-id=\"404\" data-full-url=\"https:\/\/blaskapelle-reelsen.de\/wordpress\/wp-content\/uploads\/2020\/09\/1999_gruendung_jao_03.jpg\" data-link=\"https:\/\/blaskapelle-reelsen.de\/index.php\/1996-2005\/1999_gruendung_jao_03\/\" class=\"wp-image-404\" srcset=\"https:\/\/blaskapelle-reelsen.de\/wordpress\/wp-content\/uploads\/2020\/09\/1999_gruendung_jao_03-1024x653.jpg 1024w, https:\/\/blaskapelle-reelsen.de\/wordpress\/wp-content\/uploads\/2020\/09\/1999_gruendung_jao_03-300x191.jpg 300w, https:\/\/blaskapelle-reelsen.de\/wordpress\/wp-content\/uploads\/2020\/09\/1999_gruendung_jao_03-768x490.jpg 768w, https:\/\/blaskapelle-reelsen.de\/wordpress\/wp-content\/uploads\/2020\/09\/1999_gruendung_jao_03-1536x980.jpg 1536w, https:\/\/blaskapelle-reelsen.de\/wordpress\/wp-content\/uploads\/2020\/09\/1999_gruendung_jao_03.jpg 1688w\" sizes=\"auto, (max-width: 767px) 89vw, (max-width: 1000px) 54vw, (max-width: 1071px) 543px, 580px\" \/><\/figure><\/li><\/ul><\/figure>\n\n\n\n<p>Am 18. August stirbt unser Ehrenmitglied Heinrich St\u00f6ver. Er war nie aktives Mitglied im Verein, hat aber von Anfang an die ersten Gr\u00fcndungsgedanken f\u00fcr den Verein im Jahr 1975 tatkr\u00e4ftig unterst\u00fctzt und war bis zu seinem Tod der Blaskapelle wohlgesonnen und stets in seiner langen Funktion als Sch\u00fctzenoberst ein integrierendes Bindeglied aller Reelser Vereine.<\/p>\n\n\n\n<p>Am 21. August findet das Familienfest wieder einmal so wie in den Anfangsjahren statt. In Sch\u00e4fers Scheune im Hasenkamp wird rustikal gem\u00fctlich bei Lagerfeuer, Backschinken und Bratkartoffeln aus der Gusseisenpfanne gefeiert, das macht viel Spa\u00df. Familie Sch\u00e4fers geb\u00fchrt ein gro\u00dfes Dankesch\u00f6n f\u00fcr die Vorbereitungen.<\/p>\n\n\n\n<p>Das erste Weihnachtskonzert der Blaskapelle Reelsen findet am 12. Dezember 1999 statt. Es lockte zahlreiche Besucher in die weihnachtlich geschm\u00fcckte Martinushalle. Kaffee und selbstgebackene Pl\u00e4tzchen gibt es kostenlos, es wird jedoch um eine freiwillige Spende f\u00fcr einen sozialen Zweck gebeten. Beim ersten Konzert k\u00f6nnen 900,- DM an eine Geburtsstation f\u00fcr allein erziehende M\u00fctter in Paraguay gespendet werden. Von nun an wird das Weihnachtskonzert zu einem festen Termin im Kalender des Verein, der Zuspruch zu dem Konzert steigt von Jahr zu Jahr.<\/p>\n\n\n\n<p><strong>2000<\/strong><\/p>\n\n\n\n<p>Die Blaskapelle Reelsen wird 25 Jahre &#8222;alt&#8220; und feiert diesen Anlass auf dem Fr\u00fchlingskonzert. Als aktive Gr\u00fcndungsmitglieder werden Franz S\u00f6the, Franz-Josef Speer und Franz-Josef Sch\u00e4fers geehrt, nicht mehr aktiv sind die Gr\u00fcndungsmitglieder Josef Beumling, Georg Worm, Konrad Mertens und Karl-Heinz Rieckmann. F\u00fcr 25 Jahre aktive Mitgliedschaft werden Hans-J\u00fcrgen Speer, Thomas Assig, Wilhelm Beumling und Manfred Beumling ausgezeichnet. Ebenfalls 25 Jahre Mitglied, jedoch nicht mehr aktiv, sind Andreas Mertens, Otto Ewald und Karl Ewald.&nbsp;&nbsp;<\/p>\n\n\n\n<p>Im Foyer der Martinushalle wird eine umfangreiche Fotoausstellung aufgebaut. Dort informieren sich die zahlreichen Besucher \u00fcber die Geschichte des Vereins.&nbsp;Bezirksausschussvorsitzender Klemens L\u00fcbeck betont besonders die Rolle des Vereins im Reelser Dorfleben und lobt die beispielhafte Jugendarbeit. Er \u00fcberbringt au\u00dferdem einen Gru\u00df der Stadt Bad Driburg. Auch der Ehrenvorsitzende der Kapelle, Konrad Mertens, l\u00e4sst es sich nicht nehmen, lobende Worte f\u00fcr die Entwicklung des Vereins seit 1975 zu finden.<\/p>\n\n\n\n<figure class=\"wp-block-image size-large\"><img loading=\"lazy\" decoding=\"async\" width=\"1024\" height=\"674\" src=\"https:\/\/blaskapelle-reelsen.de\/wordpress\/wp-content\/uploads\/2020\/09\/2000_Gruppenfoto-1024x674.jpg\" alt=\"\" class=\"wp-image-405\" srcset=\"https:\/\/blaskapelle-reelsen.de\/wordpress\/wp-content\/uploads\/2020\/09\/2000_Gruppenfoto-1024x674.jpg 1024w, https:\/\/blaskapelle-reelsen.de\/wordpress\/wp-content\/uploads\/2020\/09\/2000_Gruppenfoto-300x198.jpg 300w, https:\/\/blaskapelle-reelsen.de\/wordpress\/wp-content\/uploads\/2020\/09\/2000_Gruppenfoto-768x506.jpg 768w, https:\/\/blaskapelle-reelsen.de\/wordpress\/wp-content\/uploads\/2020\/09\/2000_Gruppenfoto.jpg 1192w\" sizes=\"auto, (max-width: 767px) 89vw, (max-width: 1000px) 54vw, (max-width: 1071px) 543px, 580px\" \/><figcaption>Die Blaskapelle Reelsen im Jahr 2000<\/figcaption><\/figure>\n\n\n\n<p>Hintere Reihe von links nach rechts :<br>Franz-Josef K\u00fcke, Wilhelm Beumling,&nbsp; Josef Osterholt, Franz Josef Sch\u00e4fers, Franz S\u00f6the, Christian L\u00fcbeck, Heiner Koch, Detlef Hoffmann, Patrick Kleine, Benedikt Speer, Martin Speer, Edi Hoischen, Volker Wiedemeyer, Torsten Gemmeke, Torsten Elsner, Uwe Gruhlke, Markus Wiegard, Dirk M\u00fcller, Kai Gruhlke, Thomas Sievers, J\u00f6rg Ramlow, Burkhard Ethner<\/p>\n\n\n\n<p>Mittlere Reihe von links nach rechts:<br>Kornelia Ramlow, Ingrid Sievers, Thomas Assig, Sebastian Worm, Leander Claes, Katrin Wiedemeyer, Helena Pehle,&nbsp;Rainer L\u00fcbeck, Johannes Sch\u00e4fers, Anna Weise-Emden, Natalie Klo\u00df, Ute Klo\u00df, Josef Pollmann, Ingeborg Pollmann, Franz Josef Speer, Hans J\u00fcrgen Speer, Markus Beumling<\/p>\n\n\n\n<p>Sitzend von links nach rechts:<br>Verena Speer, Monika S\u00f6the, Manfred Radoy, Anika L\u00fcbeck, Ester Kleine, Sebastian Stamm, Eike Pothast&nbsp;, Recker,&nbsp;Manuel Hellwig, Andrea Wiegard, Anja Speer, Burkhard Eilebrecht<\/p>\n\n\n\n<hr class=\"wp-block-separator\"\/>\n\n\n\n<p>Im Juni findet in Reelsen das Bezirkssch\u00fctzenfest statt, das leider w\u00e4hrend des Umzugs am Sonntag durch einen heftigen Platzregen unterbrochen wird. Dennoch ist die Stimmung in der Halle anschlie\u00dfend so gut wie noch nie, wir machen pure Stimmungsmusik, und die Leute stehen auf den St\u00fchlen und Tischen.<\/p>\n\n\n\n<p>Im August findet die Hochzeit von Ingrid und Thomas Sievers statt, zu der wir nat\u00fcrlich ein St\u00e4ndchen bringen.<\/p>\n\n\n\n<p>Im November wir das Jahr mit einem gem\u00fctlichen Abend in der Schenkenk\u00fcche Ovenhausen abgeschlossen.<\/p>\n\n\n\n<p><strong>2001<\/strong><\/p>\n\n\n\n<p>Am 06. Mai findet das traditionelle&nbsp;Fr\u00fchjahrskonzert&nbsp;statt, das unter der Leitung von Burkhard Eilebrecht ein guter Erfolg wird. Neben dem Stadtmusikerfest in P\u00f6mbsen, dem Pfarrfest&nbsp; und dem Feuerwehrfest spielen wir im Mai auch noch anl\u00e4sslich der Silberhochzeit von Franz und Marielis K\u00fcke.<\/p>\n\n\n\n<p>Im Juni werden wir wieder mal beim K\u00f6nigschie\u00dfen im B\u00f6hmerwald pitsch nass. Peter und Martina Mareck bilden das K\u00f6nigspaar, und auch auf ihrem Sch\u00fctzenfest gibt es immer wieder Regenschauer.<\/p>\n\n\n\n<p>In Augustdorf spielen wir zum Sch\u00fctzenfest auf, es ist zum 100 &#8211; j\u00e4hrige Jubil\u00e4um des Vereins, wir werden wie immer sehr herzlich aufgenommen.<\/p>\n\n\n\n<p>Am 14. Juni findet dann erstmals die Fronleichnamprozession als Sternmarsch nach Bad Hermannsborn statt. Die Gemeinden aus Alhausen, P\u00f6mbsen und Reelsen bilden den Sternmarsch, wir spielen wie immer aufgeteilt in Alhausen und Reelsen.<\/p>\n\n\n\n<p>Ein au\u00dfergew\u00f6hnliches&nbsp; St\u00e4ndchen findet am 20 Juli statt : Punkt Mitternacht spielen wir zum 60. Geburtstag von Frau Eyers, Hotel am Rosenberg in Bad Driburg.<\/p>\n\n\n\n<p>Im Juli spielen wir ein St\u00e4ndchen zur Silberhochzeit unseres Musikkollegen Josef Osterholt und seiner Frau Marianne.<\/p>\n\n\n\n<p>Am 23. August verstirbt v\u00f6llig unerwartet und viel zu fr\u00fch unser Mitglied Uwe Gruhlke. Seine stets freundliche Art und seine unerm\u00fcdliche Hilfsbereitschaft bleiben uns in Erinnerung.<\/p>\n\n\n\n<p>Am 01. \/ 02. September unternehmen wir eine Vereinsfahrt nach Bamberg, hier der Programmablauf :<\/p>\n\n\n\n<h2 class=\"wp-block-heading\">Vereinsfahrt Blaskapelle Reelsen e.V. nach Bamberg<\/h2>\n\n\n\n<p><strong>Samstag 01.09 bis Sonntag 02.09.2001<\/strong><\/p>\n\n\n\n<p>&nbsp;&nbsp;&nbsp;&nbsp;&nbsp;&nbsp;&nbsp;&nbsp;&nbsp;&nbsp;&nbsp;&nbsp;&nbsp;&nbsp;&nbsp;&nbsp;&nbsp;&nbsp;&nbsp;&nbsp;<strong>Samstag, 01.09.2001&nbsp;:<\/strong>&nbsp;<br>&nbsp;&nbsp;&nbsp;&nbsp;&nbsp;&nbsp;&nbsp;&nbsp;&nbsp;&nbsp;&nbsp;&nbsp;&nbsp;&nbsp;&nbsp;&nbsp;&nbsp;&nbsp;&nbsp;&nbsp;&nbsp;&nbsp;&nbsp; 06:00 Uhr&nbsp;&nbsp;&nbsp;&nbsp;&nbsp;&nbsp;&nbsp;&nbsp;&nbsp;&nbsp;&nbsp;&nbsp;Abfahrt, Schulbushaltestelle Reelsen<br>&nbsp;&nbsp;&nbsp;&nbsp;&nbsp;&nbsp;&nbsp;&nbsp;&nbsp;&nbsp;&nbsp;&nbsp;&nbsp;&nbsp;&nbsp;&nbsp;&nbsp;&nbsp;&nbsp;&nbsp;&nbsp;&nbsp;&nbsp;&nbsp;&nbsp;&nbsp;&nbsp;&nbsp;&nbsp;&nbsp;&nbsp;&nbsp;&nbsp;&nbsp;&nbsp;&nbsp;&nbsp;&nbsp;&nbsp;&nbsp;&nbsp;&nbsp;&nbsp;&nbsp;&nbsp;&nbsp;&nbsp;&nbsp;&nbsp;&nbsp;&nbsp; Vom Verein aus wir Kuchen f\u00fcr eine Rast mitgenommen, Kaffee wird frisch im Bus gekocht<br>&nbsp;&nbsp;&nbsp;&nbsp;&nbsp;&nbsp;&nbsp;&nbsp;&nbsp;&nbsp;&nbsp;&nbsp;&nbsp;&nbsp;&nbsp;&nbsp;&nbsp;&nbsp;&nbsp;&nbsp;&nbsp;&nbsp;&nbsp; 11:30 Uhr&nbsp;&nbsp;&nbsp;&nbsp;&nbsp;&nbsp;&nbsp;&nbsp;&nbsp;&nbsp;&nbsp;&nbsp;F\u00fchrung in Bamberg, anschlie\u00dfend Zeit zur freien Verf\u00fcgung<br>&nbsp;&nbsp;&nbsp;&nbsp;&nbsp;&nbsp;&nbsp;&nbsp;&nbsp;&nbsp;&nbsp;&nbsp;&nbsp;&nbsp;&nbsp;&nbsp;&nbsp;&nbsp;&nbsp;&nbsp;&nbsp;&nbsp;&nbsp; 16:30 Uhr&nbsp;&nbsp;&nbsp;&nbsp;&nbsp;&nbsp;&nbsp;&nbsp;&nbsp;&nbsp;&nbsp;&nbsp;Abfahrt zum Hotel nach Hirschaid<br>&nbsp;&nbsp;&nbsp;&nbsp;&nbsp;&nbsp;&nbsp;&nbsp;&nbsp;&nbsp;&nbsp;&nbsp;&nbsp;&nbsp;&nbsp;&nbsp;&nbsp;&nbsp;&nbsp;&nbsp;&nbsp;&nbsp;&nbsp; 19:00 Uhr&nbsp;&nbsp;&nbsp;&nbsp;&nbsp;&nbsp;&nbsp;&nbsp;&nbsp;&nbsp;&nbsp;&nbsp;Gemeinsames Abendessen im Hotel<br>&nbsp;&nbsp;&nbsp;&nbsp;&nbsp;&nbsp;&nbsp;&nbsp;&nbsp;&nbsp;&nbsp;&nbsp;&nbsp;&nbsp;&nbsp;&nbsp;&nbsp;&nbsp;&nbsp;&nbsp;&nbsp;&nbsp;&nbsp; 20:00 Uhr&nbsp;&nbsp;&nbsp;&nbsp;&nbsp;&nbsp;&nbsp;&nbsp;&nbsp;&nbsp;&nbsp;&nbsp;Gem\u00fctlicher Abend mit Alleinunterhalter<\/p>\n\n\n\n<p>&nbsp;&nbsp;&nbsp;&nbsp;&nbsp;&nbsp;&nbsp;&nbsp;&nbsp;&nbsp;&nbsp;&nbsp;&nbsp;&nbsp;&nbsp;&nbsp;&nbsp;&nbsp;&nbsp;&nbsp;<strong>Sonntag, 02.09.2001&nbsp;:&nbsp;<\/strong>&nbsp;<br>&nbsp;&nbsp;&nbsp;&nbsp;&nbsp;&nbsp;&nbsp;&nbsp;&nbsp;&nbsp;&nbsp;&nbsp;&nbsp;&nbsp;&nbsp;&nbsp;&nbsp;&nbsp;&nbsp;&nbsp;&nbsp;&nbsp;&nbsp; 08:30 Uhr&nbsp;&nbsp;&nbsp;&nbsp;&nbsp;&nbsp;&nbsp;&nbsp;&nbsp;&nbsp;&nbsp;&nbsp;Fr\u00fchst\u00fcck<br>&nbsp;&nbsp;&nbsp;&nbsp;&nbsp;&nbsp;&nbsp;&nbsp;&nbsp;&nbsp;&nbsp;&nbsp;&nbsp;&nbsp;&nbsp;&nbsp;&nbsp;&nbsp;&nbsp;&nbsp;&nbsp;&nbsp;&nbsp; 10:00 Uhr&nbsp;&nbsp;&nbsp;&nbsp;&nbsp;&nbsp;&nbsp;&nbsp;&nbsp;&nbsp;&nbsp;&nbsp;Abfahrt vom Hotel<br>&nbsp;&nbsp;&nbsp;&nbsp;&nbsp;&nbsp;&nbsp;&nbsp;&nbsp;&nbsp;&nbsp;&nbsp;&nbsp;&nbsp;&nbsp;&nbsp;&nbsp;&nbsp;&nbsp;&nbsp;&nbsp;&nbsp;&nbsp; 11:00 Uhr&nbsp;&nbsp;&nbsp;&nbsp;&nbsp;&nbsp;&nbsp;&nbsp;&nbsp;&nbsp;&nbsp;&nbsp;Besichtigung Kloster \u201c14 Heiligen\u201c mit Klosterbrauerei, Gelegenheit zum Mittagessen<br>&nbsp;&nbsp;&nbsp;&nbsp;&nbsp;&nbsp;&nbsp;&nbsp;&nbsp;&nbsp;&nbsp;&nbsp;&nbsp;&nbsp;&nbsp;&nbsp;&nbsp;&nbsp;&nbsp;&nbsp;&nbsp;&nbsp;&nbsp;&nbsp;14:00 Uhr&nbsp;&nbsp;&nbsp;&nbsp;&nbsp;&nbsp;&nbsp;&nbsp;&nbsp;&nbsp;&nbsp;&nbsp;Abfahrt nach Hause<\/p>\n\n\n\n<p>Im September wir Detlef Hoffman 50 Jahre alt und wir spielen ihm nat\u00fcrlich ein St\u00e4ndchen, ebenso im Oktober Peter S\u00f6the zu seinem 30-sten Geburtstag und Franz Josef Sch\u00e4fers zu seinem 60-sten Geburtstag.<\/p>\n\n\n\n<p>Neben dem traditionellen Weihnachtsliederspiel im Dorf und der Messe zu Heilig Abend kling das Jahr musikalisch mit unserem&nbsp;Weihnachtskonzert&nbsp;aus. Mit 34 Auftritten und 7 St\u00e4ndchen ist es ein eher ruhiges gewesen.<\/p>\n\n\n\n<figure class=\"wp-block-gallery columns-2 is-cropped wp-block-gallery-3 is-layout-flex wp-block-gallery-is-layout-flex\"><ul class=\"blocks-gallery-grid\"><li class=\"blocks-gallery-item\"><figure><img loading=\"lazy\" decoding=\"async\" width=\"1024\" height=\"680\" src=\"https:\/\/blaskapelle-reelsen.de\/wordpress\/wp-content\/uploads\/2020\/09\/DCP_1784-1024x680.jpg\" alt=\"\" data-id=\"406\" data-full-url=\"https:\/\/blaskapelle-reelsen.de\/wordpress\/wp-content\/uploads\/2020\/09\/DCP_1784.jpg\" data-link=\"https:\/\/blaskapelle-reelsen.de\/index.php\/1996-2005\/dcp_1784\/\" class=\"wp-image-406\" srcset=\"https:\/\/blaskapelle-reelsen.de\/wordpress\/wp-content\/uploads\/2020\/09\/DCP_1784-1024x680.jpg 1024w, https:\/\/blaskapelle-reelsen.de\/wordpress\/wp-content\/uploads\/2020\/09\/DCP_1784-300x199.jpg 300w, https:\/\/blaskapelle-reelsen.de\/wordpress\/wp-content\/uploads\/2020\/09\/DCP_1784-768x510.jpg 768w, https:\/\/blaskapelle-reelsen.de\/wordpress\/wp-content\/uploads\/2020\/09\/DCP_1784-1536x1019.jpg 1536w, https:\/\/blaskapelle-reelsen.de\/wordpress\/wp-content\/uploads\/2020\/09\/DCP_1784.jpg 1760w\" sizes=\"auto, (max-width: 767px) 89vw, (max-width: 1000px) 54vw, (max-width: 1071px) 543px, 580px\" \/><figcaption class=\"blocks-gallery-item__caption\">Weihnachtliederspiel 2001<\/figcaption><\/figure><\/li><li class=\"blocks-gallery-item\"><figure><img loading=\"lazy\" decoding=\"async\" width=\"1024\" height=\"680\" src=\"https:\/\/blaskapelle-reelsen.de\/wordpress\/wp-content\/uploads\/2020\/09\/DCP_1785-1024x680.jpg\" alt=\"\" data-id=\"407\" data-full-url=\"https:\/\/blaskapelle-reelsen.de\/wordpress\/wp-content\/uploads\/2020\/09\/DCP_1785.jpg\" data-link=\"https:\/\/blaskapelle-reelsen.de\/index.php\/1996-2005\/dcp_1785\/\" class=\"wp-image-407\" srcset=\"https:\/\/blaskapelle-reelsen.de\/wordpress\/wp-content\/uploads\/2020\/09\/DCP_1785-1024x680.jpg 1024w, https:\/\/blaskapelle-reelsen.de\/wordpress\/wp-content\/uploads\/2020\/09\/DCP_1785-300x199.jpg 300w, https:\/\/blaskapelle-reelsen.de\/wordpress\/wp-content\/uploads\/2020\/09\/DCP_1785-768x510.jpg 768w, https:\/\/blaskapelle-reelsen.de\/wordpress\/wp-content\/uploads\/2020\/09\/DCP_1785-1536x1019.jpg 1536w, https:\/\/blaskapelle-reelsen.de\/wordpress\/wp-content\/uploads\/2020\/09\/DCP_1785.jpg 1760w\" sizes=\"auto, (max-width: 767px) 89vw, (max-width: 1000px) 54vw, (max-width: 1071px) 543px, 580px\" \/><\/figure><\/li><\/ul><\/figure>\n\n\n\n<p><strong>2002<\/strong><\/p>\n\n\n\n<p>Am 28. Februar findet ein Benefiz &#8211; Konzert des Bundesgrenzschutz &#8211; Orchester &#8211; Nord aus Hannover in der Martinushalle statt. Der Kontakt wird durch Torsten Elsner hergestellt, organisiert wird die Veranstaltung vom Jugendausbildungsorchester Reelsen e.V., die Einnahmen dienen der Jugendarbeit. Das Konzert wird ein voller Erfolg, die Halle ist sehr gut besucht und die Musiker des BGS spielen ein begeisterndes&nbsp;Konzert.&nbsp;&nbsp;<\/p>\n\n\n\n<p>Im April wird unser Tenorhornist Josef Osterholt 50 Jahre alt, und am 28. April findet wieder ein gutes&nbsp;Fr\u00fchjahrskonzert&nbsp;statt.<\/p>\n\n\n\n<p>Im Mai spielen wir zur Einweihung des Autopr\u00fcfstandes unseres Kollegen Josef Pollmann, und auch das 20-j\u00e4hrige Bestehen der Pension Ethner wird von uns musikalisch umrahmt.<\/p>\n\n\n\n<p>Am 30. Juni fahren wir zum Bezirkssch\u00fctzenfest nach Sandebeck, wo wir uns zun\u00e4chst eine Live &#8211; \u00dcbertragung des Fu\u00dfball &#8211; WM &#8211; Endspiels Deutschland &#8211; Brasilien ansehen. Leider verliert Deutschland, aber bei dem warmen Wetter kommt es uns zu Gute, dass durch die \u00dcbertragung der Umzug nur verk\u00fcrzt stattfindet.<\/p>\n\n\n\n<figure class=\"wp-block-gallery columns-2 is-cropped wp-block-gallery-4 is-layout-flex wp-block-gallery-is-layout-flex\"><ul class=\"blocks-gallery-grid\"><li class=\"blocks-gallery-item\"><figure><img loading=\"lazy\" decoding=\"async\" width=\"1024\" height=\"680\" src=\"https:\/\/blaskapelle-reelsen.de\/wordpress\/wp-content\/uploads\/2020\/09\/DCP_3901-1024x680.jpg\" alt=\"\" data-id=\"408\" data-full-url=\"https:\/\/blaskapelle-reelsen.de\/wordpress\/wp-content\/uploads\/2020\/09\/DCP_3901.jpg\" data-link=\"https:\/\/blaskapelle-reelsen.de\/index.php\/1996-2005\/dcp_3901\/\" class=\"wp-image-408\" srcset=\"https:\/\/blaskapelle-reelsen.de\/wordpress\/wp-content\/uploads\/2020\/09\/DCP_3901-1024x680.jpg 1024w, https:\/\/blaskapelle-reelsen.de\/wordpress\/wp-content\/uploads\/2020\/09\/DCP_3901-300x199.jpg 300w, https:\/\/blaskapelle-reelsen.de\/wordpress\/wp-content\/uploads\/2020\/09\/DCP_3901-768x510.jpg 768w, https:\/\/blaskapelle-reelsen.de\/wordpress\/wp-content\/uploads\/2020\/09\/DCP_3901-1536x1019.jpg 1536w, https:\/\/blaskapelle-reelsen.de\/wordpress\/wp-content\/uploads\/2020\/09\/DCP_3901.jpg 1760w\" sizes=\"auto, (max-width: 767px) 89vw, (max-width: 1000px) 54vw, (max-width: 1071px) 543px, 580px\" \/><figcaption class=\"blocks-gallery-item__caption\">Sch\u00fctzenfest Reelsen 2002<\/figcaption><\/figure><\/li><li class=\"blocks-gallery-item\"><figure><img loading=\"lazy\" decoding=\"async\" width=\"1024\" height=\"680\" src=\"https:\/\/blaskapelle-reelsen.de\/wordpress\/wp-content\/uploads\/2020\/09\/DCP_3949-1024x680.jpg\" alt=\"\" data-id=\"409\" data-full-url=\"https:\/\/blaskapelle-reelsen.de\/wordpress\/wp-content\/uploads\/2020\/09\/DCP_3949.jpg\" data-link=\"https:\/\/blaskapelle-reelsen.de\/index.php\/1996-2005\/dcp_3949\/\" class=\"wp-image-409\" srcset=\"https:\/\/blaskapelle-reelsen.de\/wordpress\/wp-content\/uploads\/2020\/09\/DCP_3949-1024x680.jpg 1024w, https:\/\/blaskapelle-reelsen.de\/wordpress\/wp-content\/uploads\/2020\/09\/DCP_3949-300x199.jpg 300w, https:\/\/blaskapelle-reelsen.de\/wordpress\/wp-content\/uploads\/2020\/09\/DCP_3949-768x510.jpg 768w, https:\/\/blaskapelle-reelsen.de\/wordpress\/wp-content\/uploads\/2020\/09\/DCP_3949-1536x1019.jpg 1536w, https:\/\/blaskapelle-reelsen.de\/wordpress\/wp-content\/uploads\/2020\/09\/DCP_3949.jpg 1760w\" sizes=\"auto, (max-width: 767px) 89vw, (max-width: 1000px) 54vw, (max-width: 1071px) 543px, 580px\" \/><\/figure><\/li><\/ul><\/figure>\n\n\n\n<p>Am 03. August ist die Blaskapelle Ausrichter des gemeinsamen Dorfwandertages. Es geht zu &#8222;Pastor&#8217;s H\u00fctte&#8220;, wo es Kaffee und Kuchen gibt, dann wird weiter gewandert und an der Martinushalle klingt des Fest aus.<\/p>\n\n\n\n<p>Am 10. August spielen wir zur Hochzeit von Ute Klo\u00df, den letzten Auftritt vor der Sommerpause beim Zapfenstreich und Umzug in Bad Pyrmont schlie\u00dfen wir mit einem gem\u00fctlichen Grillabend ab.<\/p>\n\n\n\n<p>Ab September verbessert sich unsere Probensituation, Burkhard Eilebrecht erh\u00e4lt eine neue Lehrerstelle in Brakel, wir k\u00f6nnen nun regelm\u00e4\u00dfig Donnerstags mit ihm proben und sind alle froh dar\u00fcber. Die guten Kontakte zum Spielmannszug Leopoldstal werden mit einem Grillabend an der Reelser Halle gefestigt.<\/p>\n\n\n\n<p>Das&nbsp;Weihnachtskonzert&nbsp;am 22. Dezember ist so gut besucht, dass w\u00e4hrend der Veranstaltung noch St\u00fchle und Tische zus\u00e4tzlich aufgebaut werden m\u00fcssen. Der Erl\u00f6s des Konzertes ist dieses mal bestimmt f\u00fcr eine dem&nbsp;Hochwasser im Sommer 2002 zum Opfer gefallene Schule f\u00fcr behinderte Kinder in Bitterfeld.<\/p>\n\n\n\n<figure class=\"wp-block-image size-large\"><img loading=\"lazy\" decoding=\"async\" width=\"1024\" height=\"768\" src=\"https:\/\/blaskapelle-reelsen.de\/wordpress\/wp-content\/uploads\/2020\/09\/DSC00521-1024x768.jpg\" alt=\"\" class=\"wp-image-410\" srcset=\"https:\/\/blaskapelle-reelsen.de\/wordpress\/wp-content\/uploads\/2020\/09\/DSC00521-1024x768.jpg 1024w, https:\/\/blaskapelle-reelsen.de\/wordpress\/wp-content\/uploads\/2020\/09\/DSC00521-300x225.jpg 300w, https:\/\/blaskapelle-reelsen.de\/wordpress\/wp-content\/uploads\/2020\/09\/DSC00521-768x576.jpg 768w, https:\/\/blaskapelle-reelsen.de\/wordpress\/wp-content\/uploads\/2020\/09\/DSC00521-1536x1152.jpg 1536w, https:\/\/blaskapelle-reelsen.de\/wordpress\/wp-content\/uploads\/2020\/09\/DSC00521.jpg 2048w\" sizes=\"auto, (max-width: 767px) 89vw, (max-width: 1000px) 54vw, (max-width: 1071px) 543px, 580px\" \/><figcaption>Spende an die Erich K\u00e4stner Schule in Bitterfeld<\/figcaption><\/figure>\n\n\n\n<p><strong>2003<\/strong><\/p>\n\n\n\n<p>Der erste \u00f6ffentliche Auftritt in jedem Jahr ist der Karnevalsumzug in Bad Driburg, so auch in 2003. In dem Jahr haben wir uns f\u00fcr eine Verkleidung als &#8222;Vogelscheuche&#8220; entschieden.<\/p>\n\n\n\n<figure class=\"wp-block-image size-large\"><img loading=\"lazy\" decoding=\"async\" width=\"1024\" height=\"768\" src=\"https:\/\/blaskapelle-reelsen.de\/wordpress\/wp-content\/uploads\/2020\/09\/DSC00595-1024x768.jpg\" alt=\"\" class=\"wp-image-411\" srcset=\"https:\/\/blaskapelle-reelsen.de\/wordpress\/wp-content\/uploads\/2020\/09\/DSC00595-1024x768.jpg 1024w, https:\/\/blaskapelle-reelsen.de\/wordpress\/wp-content\/uploads\/2020\/09\/DSC00595-300x225.jpg 300w, https:\/\/blaskapelle-reelsen.de\/wordpress\/wp-content\/uploads\/2020\/09\/DSC00595-768x576.jpg 768w, https:\/\/blaskapelle-reelsen.de\/wordpress\/wp-content\/uploads\/2020\/09\/DSC00595-1536x1152.jpg 1536w, https:\/\/blaskapelle-reelsen.de\/wordpress\/wp-content\/uploads\/2020\/09\/DSC00595.jpg 2048w\" sizes=\"auto, (max-width: 767px) 89vw, (max-width: 1000px) 54vw, (max-width: 1071px) 543px, 580px\" \/><figcaption>Karneval in Bad Driburg &#8211; 2003<\/figcaption><\/figure>\n\n\n\n<p>Am 06. April findet das traditionelle&nbsp;Fr\u00fchjahrskonzert&nbsp;unter der bew\u00e4hrten Leitung von Burkhard Eileberecht statt.<\/p>\n\n\n\n<p>Am 12. April wird dann erstmalig der Reelser Dorfaktionstag ausgerichtet. An diesen Tag werden vereins\u00fcbergreifend anstehende und notwendige Ma\u00dfnahmen durch zahlreiche Helfer ausgef\u00fchrt. Der Aktionstag etabliert sich als eine gute Einrichtung.<\/p>\n\n\n\n<p>Im Mai spielen wir unter anderem zum 50-j\u00e4hrigen Jubil\u00e4um des Friedrich &#8211; Wilhelm &#8211; Weber &#8211; Museums in Alhausen und zum Sch\u00fctzenfest in Augustdorf. W\u00e4hrend wir in Augustdorf sind und sich dort nur der Himmel verfinstert, zerst\u00f6ren golfballgro\u00dfe Hagelk\u00f6rner bei einem Unwetter in Bad Driburg zahlreiche Autos und Winterg\u00e4rten und vernichten Teile der Ernte. Es ist bis auf weiteres unser letzter Auftritt in Augustdorf, der Sch\u00fctzenverein ist zu klein geworden und wird in absehbarer Zeit keine eigenen Feste mehr ausrichten.<\/p>\n\n\n\n<p>Im &#8222;Jahrhundertsommer&#8220; 2003 schwitzen wir bei allen Auftritten, sei es K\u00f6nigschiessen und Sch\u00fctzenfest Reelsen, die Prozessionen in Bad Hermannsborn, Merlsheim und Reelsen, oder das Sch\u00fctzenfest in Himmighausen, es herrscht immer bestes Wetter.<\/p>\n\n\n\n<p>Im Juli wird Pastor Dietmar R\u00f6ttger verabschiedet, wir spielen ein St\u00e4ndchen dazu.<\/p>\n\n\n\n<p>Zur Hochzeit von Verena Speer und Arnd Ramlow im August spielen wir ebenfalls, und es ist immer noch br\u00fctend hei\u00dfes Wetter mit Temperaturen \u00fcber 30 Grad. Manfred Radoy wird im September 40 Jahre alt, nat\u00fcrlich ist auch das uns ein St\u00e4ndchen wert.<\/p>\n\n\n\n<p>Zum Probenbeginn nach der Sommerpause im September werden wir durch 13 Jungen und M\u00e4dchen, die erfolgreich die D1 &#8211; Pr\u00fcfung beim Volksmusikerbund absolviert haben, aus dem Jugendausbildungsorchester heraus verst\u00e4rkt. Es ist der bisher gr\u00f6\u00dfte Zuwachs f\u00fcr uns, es zeigt sich, dass die jahrelange Jugendarbeit, die seit 1999 durch das eigene Jugendausbildungsorchester intensiviert ist, sich immer mehr auszahlt. Die aktive Mitgliederanzahl steigt somit auf den H\u00f6chststand von 55 Personen.&nbsp;<\/p>\n\n\n\n<figure class=\"wp-block-image size-large\"><img loading=\"lazy\" decoding=\"async\" width=\"1024\" height=\"768\" src=\"https:\/\/blaskapelle-reelsen.de\/wordpress\/wp-content\/uploads\/2020\/09\/DSC02343-1024x768.jpg\" alt=\"\" class=\"wp-image-412\" srcset=\"https:\/\/blaskapelle-reelsen.de\/wordpress\/wp-content\/uploads\/2020\/09\/DSC02343-1024x768.jpg 1024w, https:\/\/blaskapelle-reelsen.de\/wordpress\/wp-content\/uploads\/2020\/09\/DSC02343-300x225.jpg 300w, https:\/\/blaskapelle-reelsen.de\/wordpress\/wp-content\/uploads\/2020\/09\/DSC02343-768x576.jpg 768w, https:\/\/blaskapelle-reelsen.de\/wordpress\/wp-content\/uploads\/2020\/09\/DSC02343-1536x1152.jpg 1536w, https:\/\/blaskapelle-reelsen.de\/wordpress\/wp-content\/uploads\/2020\/09\/DSC02343.jpg 2048w\" sizes=\"auto, (max-width: 767px) 89vw, (max-width: 1000px) 54vw, (max-width: 1071px) 543px, 580px\" \/><figcaption>Neue Musiker\/innen f\u00fcr die Blaskapelle aus dem Jugendausbildungsorchester in 2003<\/figcaption><\/figure>\n\n\n\n<p>Am 2. November fahren wir dann in die n\u00f6rdliche L\u00fcneburger Heide zu einem&nbsp;Besuch des Spielmannszuges&nbsp;Bardowick. Der Kontakt dazu ist privat zu Stande gekommen, der Spielmannszug feiert sein 50 &#8211; j\u00e4hriges Jubil\u00e4um. Das Interesse an der Fahrt ist mit 48 aktiven Musikern und einigen begleitenden Personen so gro\u00df, dass zus\u00e4tzlich zum 55-Sitzer Bus noch ein PWK eingesetzt werden muss. Die Fahrt bereitet allen viel Spa\u00df, wir spielen in Bardowick ein sch\u00f6nes&nbsp;Konzert.<\/p>\n\n\n\n<figure class=\"wp-block-gallery columns-2 is-cropped wp-block-gallery-5 is-layout-flex wp-block-gallery-is-layout-flex\"><ul class=\"blocks-gallery-grid\"><li class=\"blocks-gallery-item\"><figure><img loading=\"lazy\" decoding=\"async\" width=\"1024\" height=\"768\" src=\"https:\/\/blaskapelle-reelsen.de\/wordpress\/wp-content\/uploads\/2020\/09\/DSC02399-1024x768.jpg\" alt=\"\" data-id=\"413\" data-full-url=\"https:\/\/blaskapelle-reelsen.de\/wordpress\/wp-content\/uploads\/2020\/09\/DSC02399.jpg\" data-link=\"https:\/\/blaskapelle-reelsen.de\/index.php\/1996-2005\/dsc02399\/\" class=\"wp-image-413\" srcset=\"https:\/\/blaskapelle-reelsen.de\/wordpress\/wp-content\/uploads\/2020\/09\/DSC02399-1024x768.jpg 1024w, https:\/\/blaskapelle-reelsen.de\/wordpress\/wp-content\/uploads\/2020\/09\/DSC02399-300x225.jpg 300w, https:\/\/blaskapelle-reelsen.de\/wordpress\/wp-content\/uploads\/2020\/09\/DSC02399-768x576.jpg 768w, https:\/\/blaskapelle-reelsen.de\/wordpress\/wp-content\/uploads\/2020\/09\/DSC02399-1536x1152.jpg 1536w, https:\/\/blaskapelle-reelsen.de\/wordpress\/wp-content\/uploads\/2020\/09\/DSC02399.jpg 2048w\" sizes=\"auto, (max-width: 767px) 89vw, (max-width: 1000px) 54vw, (max-width: 1071px) 543px, 580px\" \/><figcaption class=\"blocks-gallery-item__caption\">Besuch Spielmannszug Bardowick &#8211; 2003<\/figcaption><\/figure><\/li><li class=\"blocks-gallery-item\"><figure><img loading=\"lazy\" decoding=\"async\" width=\"1024\" height=\"768\" src=\"https:\/\/blaskapelle-reelsen.de\/wordpress\/wp-content\/uploads\/2020\/09\/DSC02453-1024x768.jpg\" alt=\"\" data-id=\"414\" data-full-url=\"https:\/\/blaskapelle-reelsen.de\/wordpress\/wp-content\/uploads\/2020\/09\/DSC02453.jpg\" data-link=\"https:\/\/blaskapelle-reelsen.de\/index.php\/1996-2005\/dsc02453\/\" class=\"wp-image-414\" srcset=\"https:\/\/blaskapelle-reelsen.de\/wordpress\/wp-content\/uploads\/2020\/09\/DSC02453-1024x768.jpg 1024w, https:\/\/blaskapelle-reelsen.de\/wordpress\/wp-content\/uploads\/2020\/09\/DSC02453-300x225.jpg 300w, https:\/\/blaskapelle-reelsen.de\/wordpress\/wp-content\/uploads\/2020\/09\/DSC02453-768x576.jpg 768w, https:\/\/blaskapelle-reelsen.de\/wordpress\/wp-content\/uploads\/2020\/09\/DSC02453-1536x1152.jpg 1536w, https:\/\/blaskapelle-reelsen.de\/wordpress\/wp-content\/uploads\/2020\/09\/DSC02453.jpg 2048w\" sizes=\"auto, (max-width: 767px) 89vw, (max-width: 1000px) 54vw, (max-width: 1071px) 543px, 580px\" \/><\/figure><\/li><\/ul><\/figure>\n\n\n\n<p>Im Dezember erg\u00e4nzen wir unsere traditionelle Weihnachtsfeier vorab durch den Besuch des Weihnachtsmarktes in Soest, doch leider ist das Wetter sehr k\u00fchl und regnerisch, trotzdem ist die Stimmung nicht schlecht. Am 21. Dezember wird das Jahr musikalisch durch das immer besser besuchte&nbsp;Weihnachtskonzert&nbsp;abgeschlossen, das erstmalig in diesem Jahr vom Gemischten Chor Langeland \/ Erpentrup mit gestaltet wird. Der Erl\u00f6s des Konzertes ist in diesem Jahr f\u00fcr das Elternhaus der kinderkardiologischen Station des Herzzentrums in Bad Oeynhausen bestimmt.&nbsp;<\/p>\n\n\n\n<p><strong>2004<\/strong><\/p>\n\n\n\n<p>Das Jahr beginnt mit einer&nbsp;Einladung durch den Spielmannszug Leopoldstal&nbsp;zu einer gemeinsamen Karnevalsfeier. Traditionell folgt im Februar der&nbsp;Karnevalsumzug in Bad Driburg.&nbsp;<\/p>\n\n\n\n<p>Nach intensiver Probenarbeit steht am 28. M\u00e4rz das&nbsp;Fr\u00fchjahrskonzert&nbsp;an, das vom Gemischten Chor Langeland \/ Erpentrup mit gestaltet wird.<\/p>\n\n\n\n<figure class=\"wp-block-image size-large\"><img loading=\"lazy\" decoding=\"async\" width=\"1024\" height=\"768\" src=\"https:\/\/blaskapelle-reelsen.de\/wordpress\/wp-content\/uploads\/2020\/09\/DSC03222-1024x768.jpg\" alt=\"\" class=\"wp-image-415\" srcset=\"https:\/\/blaskapelle-reelsen.de\/wordpress\/wp-content\/uploads\/2020\/09\/DSC03222-1024x768.jpg 1024w, https:\/\/blaskapelle-reelsen.de\/wordpress\/wp-content\/uploads\/2020\/09\/DSC03222-300x225.jpg 300w, https:\/\/blaskapelle-reelsen.de\/wordpress\/wp-content\/uploads\/2020\/09\/DSC03222-768x576.jpg 768w, https:\/\/blaskapelle-reelsen.de\/wordpress\/wp-content\/uploads\/2020\/09\/DSC03222-1536x1152.jpg 1536w, https:\/\/blaskapelle-reelsen.de\/wordpress\/wp-content\/uploads\/2020\/09\/DSC03222.jpg 2048w\" sizes=\"auto, (max-width: 767px) 89vw, (max-width: 1000px) 54vw, (max-width: 1071px) 543px, 580px\" \/><figcaption>Fr\u00fchjahrskonzert, mitgestaltet vom Chor Langeland \/ Erpentrup &#8211; 2004<\/figcaption><\/figure>\n\n\n\n<p>Im Fr\u00fchjahr wird viel Zeit und Geld in die \u00dcberarbeitung der Uniformen gesteckt, die teilweise sich eingeschlichenen schwarzen Hosen werden einheitlich durch graue Hosen ersetzt, alle Jugendlichen werden mindestens mit einer Weste, viele von ihnen auch mit einer Jacke ausgestattet. Es werden einheitlich f\u00fcr alle neue Krawatten angeschafft, die Damen erhalten statt Krawatten kleine Halst\u00fccher. Unser \u00e4u\u00dferes Erscheinungsbild ist damit wieder ansprechender geworden.<\/p>\n\n\n\n<p>Beim&nbsp;Dorfaktionstag&nbsp;gestalten wir gemeinsam mit der Sch\u00fctzenbruderschaft unseren Auftrittsplatz im B\u00f6hmerwald neu, um unserem gestiegenen Platzbedarf durch die gro\u00dfe Mitgliederzahl gerecht zu werden.<\/p>\n\n\n\n<figure class=\"wp-block-gallery columns-2 is-cropped wp-block-gallery-6 is-layout-flex wp-block-gallery-is-layout-flex\"><ul class=\"blocks-gallery-grid\"><li class=\"blocks-gallery-item\"><figure><img loading=\"lazy\" decoding=\"async\" width=\"1024\" height=\"768\" src=\"https:\/\/blaskapelle-reelsen.de\/wordpress\/wp-content\/uploads\/2020\/09\/DSC03265-1024x768.jpg\" alt=\"\" data-id=\"416\" data-full-url=\"https:\/\/blaskapelle-reelsen.de\/wordpress\/wp-content\/uploads\/2020\/09\/DSC03265.jpg\" data-link=\"https:\/\/blaskapelle-reelsen.de\/index.php\/1996-2005\/dsc03265\/\" class=\"wp-image-416\" srcset=\"https:\/\/blaskapelle-reelsen.de\/wordpress\/wp-content\/uploads\/2020\/09\/DSC03265-1024x768.jpg 1024w, https:\/\/blaskapelle-reelsen.de\/wordpress\/wp-content\/uploads\/2020\/09\/DSC03265-300x225.jpg 300w, https:\/\/blaskapelle-reelsen.de\/wordpress\/wp-content\/uploads\/2020\/09\/DSC03265-768x576.jpg 768w, https:\/\/blaskapelle-reelsen.de\/wordpress\/wp-content\/uploads\/2020\/09\/DSC03265-1536x1152.jpg 1536w, https:\/\/blaskapelle-reelsen.de\/wordpress\/wp-content\/uploads\/2020\/09\/DSC03265.jpg 2048w\" sizes=\"auto, (max-width: 767px) 89vw, (max-width: 1000px) 54vw, (max-width: 1071px) 543px, 580px\" \/><figcaption class=\"blocks-gallery-item__caption\">Arbeiten im B\u00f6hmerwald &#8211; 2004<\/figcaption><\/figure><\/li><li class=\"blocks-gallery-item\"><figure><img loading=\"lazy\" decoding=\"async\" width=\"1024\" height=\"768\" src=\"https:\/\/blaskapelle-reelsen.de\/wordpress\/wp-content\/uploads\/2020\/09\/DSC03280-1024x768.jpg\" alt=\"\" data-id=\"417\" data-full-url=\"https:\/\/blaskapelle-reelsen.de\/wordpress\/wp-content\/uploads\/2020\/09\/DSC03280.jpg\" data-link=\"https:\/\/blaskapelle-reelsen.de\/index.php\/1996-2005\/dsc03280\/\" class=\"wp-image-417\" srcset=\"https:\/\/blaskapelle-reelsen.de\/wordpress\/wp-content\/uploads\/2020\/09\/DSC03280-1024x768.jpg 1024w, https:\/\/blaskapelle-reelsen.de\/wordpress\/wp-content\/uploads\/2020\/09\/DSC03280-300x225.jpg 300w, https:\/\/blaskapelle-reelsen.de\/wordpress\/wp-content\/uploads\/2020\/09\/DSC03280-768x576.jpg 768w, https:\/\/blaskapelle-reelsen.de\/wordpress\/wp-content\/uploads\/2020\/09\/DSC03280-1536x1152.jpg 1536w, https:\/\/blaskapelle-reelsen.de\/wordpress\/wp-content\/uploads\/2020\/09\/DSC03280.jpg 2048w\" sizes=\"auto, (max-width: 767px) 89vw, (max-width: 1000px) 54vw, (max-width: 1071px) 543px, 580px\" \/><\/figure><\/li><\/ul><\/figure>\n\n\n\n<p>Am 2. Mai spielen wir einige St\u00fccke auf dem Konzert des&nbsp;Gemischten Chor Langeland \/ Erpentrup in der Langel\u00e4nder Kirche und revanchieren uns somit f\u00fcr die Teilnahme des Chors an unseren letzten Konzerten.<\/p>\n\n\n\n<p>Der Juni ist gepr\u00e4gt von zahlereichen Auftritten, so spielen wir zum&nbsp;Sch\u00fctzenfest in Grevenhagen, zur Prozession nach Hermannsborn, zum&nbsp;Sch\u00fctzenfest in Reelsen, zum&nbsp;K\u00f6nigschiessen im Himmighausen&nbsp;und zur Prozession in Merlsheim.<\/p>\n\n\n\n<p>Am 25. Juni besucht uns dann das Jugendorchester Havixbeck zu einer&nbsp;Gemeinschaftsprobe&nbsp;in Reelsen. Das Orchester spielt im H\u00f6chststufenbereich und hat national und international schon etliche Preise gewonnen. Der Kontakt dazu ist \u00fcber Steffi Mertens, Tochter unseres immer wieder gern gesehenen Tubisten Georg Mertens, zu Stande gekommen. Mit \u00fcber 60 Musiker\/innen in der Martinushalle proben wir in lockerer Atmosph\u00e4re St\u00fccke aus dem Repertoire beider Orchester, anschlie\u00dfend wird ein gem\u00fctlicher Abend verbracht. Das Jugendorchester Havixbeck \u00fcbernachtet in der Reelser Turnhalle, und nach einem gemeinsamen Fr\u00fchst\u00fcck am n\u00e4chsten morgen geht man mit der festen Absicht auseinander, dieses sch\u00f6ne Gemeinschaftserlebnis zu wiederholen.<\/p>\n\n\n\n<figure class=\"wp-block-image size-large is-resized\"><img loading=\"lazy\" decoding=\"async\" src=\"https:\/\/blaskapelle-reelsen.de\/wordpress\/wp-content\/uploads\/2020\/09\/DSC03860-1024x768.jpg\" alt=\"\" class=\"wp-image-418\" width=\"674\" height=\"505\" srcset=\"https:\/\/blaskapelle-reelsen.de\/wordpress\/wp-content\/uploads\/2020\/09\/DSC03860-1024x768.jpg 1024w, https:\/\/blaskapelle-reelsen.de\/wordpress\/wp-content\/uploads\/2020\/09\/DSC03860-300x225.jpg 300w, https:\/\/blaskapelle-reelsen.de\/wordpress\/wp-content\/uploads\/2020\/09\/DSC03860-768x576.jpg 768w, https:\/\/blaskapelle-reelsen.de\/wordpress\/wp-content\/uploads\/2020\/09\/DSC03860-1536x1152.jpg 1536w, https:\/\/blaskapelle-reelsen.de\/wordpress\/wp-content\/uploads\/2020\/09\/DSC03860.jpg 2048w\" sizes=\"auto, (max-width: 674px) 100vw, 674px\" \/><figcaption>Gemeinschaftsprobe mit dem Jugendorchester Havixbeck &#8211; 2004<\/figcaption><\/figure>\n\n\n\n<p><\/p>\n\n\n\n<p>Der Juli ist erneut von zahlreichen Auftritten gepr\u00e4gt, wir nehmen am Sportfest des SV Reelsen teil, spielen zur Prozession und zum Pfarrfest in Reelsen und schlie\u00dflich zum&nbsp;Sch\u00fctzenfest in Himmighausen. Dort werden wir bei einem Wolkenbruch mit Hagelschauer beim Umzug am Sonntag pitsch nass, wir m\u00fcssen uns erst wieder trockene Sachen aus Reelsen holen, um weiter spielen zu k\u00f6nnen. Der Montag mit seinem&nbsp;Frauenumzug&nbsp;ist wie immer eine lustige Angelegenheit.&nbsp;<\/p>\n\n\n\n<p>Vom 10. &#8211; 12. September fahren wir nach&nbsp;Berlin. Hier das Programm :<\/p>\n\n\n\n<p><strong>Berlinfahrt der Blaskapelle Reelsen<br>10. \u2013 12. September 2004<\/strong><\/p>\n\n\n\n<figure class=\"wp-block-table is-style-stripes\"><table><tbody><tr><td>Freitag&nbsp;<\/td><td>14:00 Uhr<\/td><td>Abfahrt Schulbushaltestelle Reelsen<\/td><\/tr><tr><td><\/td><td>19:00 Uhr<\/td><td>Ankunft in Berlin<\/td><\/tr><tr><td><\/td><td>19:30 Uhr<\/td><td>Gemeinsames Abendessen \u2013 Buffet,<br>anschlie\u00dfend Zeit zur freien Verf\u00fcgung<\/td><\/tr><tr><td>Samstag&nbsp;<\/td><td>08:30 Uhr&nbsp;<\/td><td>Fr\u00fchst\u00fcck<\/td><\/tr><tr><td><\/td><td>09:30 Uhr<\/td><td>organisierte Standrundfahrt mit F\u00fchrung, Dauer ca. 3 Std.<\/td><\/tr><tr><td><\/td><td>12:30 Uhr<\/td><td>Gelegenheit zum individuellen Mittagessen, anschie\u00dfend Zeit zur freien Verf\u00fcgung, z.B. Museumsinsel,&nbsp;Sony \u2013 Center und Arkaden \u2013 Shopping,&nbsp;Berlin Mitte : Shopping und historische Geb\u00e4ude \/ Pl\u00e4tze<\/td><\/tr><tr><td><\/td><td>18:00 Uhr&nbsp;<\/td><td>R\u00fcckkehr ins Hotel<\/td><\/tr><tr><td><\/td><td>19:00 Uhr<\/td><td>Bootsrundfahrt durch die Kan\u00e4le von Berlin mit organisiertem Abendessen, Dauer ca. 2\u00bd Std. Anschlie\u00dfend Zeit zur freien Verf\u00fcgung<\/td><\/tr><tr><td>Sonntag&nbsp;<\/td><td>08:30 Uhr<\/td><td>Fr\u00fchst\u00fcck<\/td><\/tr><tr><td><\/td><td>09:30 Uhr<\/td><td>Fahrt nach Sans Soucis \/ Potsdam<\/td><\/tr><tr><td><\/td><td>12:30 Uhr<\/td><td>Gelegenheit f\u00fcr Mittagessen, anschlie\u00dfend R\u00fcckreise<\/td><\/tr><tr><td><\/td><td>19:00 Uhr&nbsp;<\/td><td>Ankunft in Reelsen<\/td><\/tr><\/tbody><\/table><\/figure>\n\n\n\n<figure class=\"wp-block-image size-large\"><img loading=\"lazy\" decoding=\"async\" width=\"1024\" height=\"768\" src=\"https:\/\/blaskapelle-reelsen.de\/wordpress\/wp-content\/uploads\/2020\/09\/DSC04217-1024x768.jpg\" alt=\"\" class=\"wp-image-420\" srcset=\"https:\/\/blaskapelle-reelsen.de\/wordpress\/wp-content\/uploads\/2020\/09\/DSC04217-1024x768.jpg 1024w, https:\/\/blaskapelle-reelsen.de\/wordpress\/wp-content\/uploads\/2020\/09\/DSC04217-300x225.jpg 300w, https:\/\/blaskapelle-reelsen.de\/wordpress\/wp-content\/uploads\/2020\/09\/DSC04217-768x576.jpg 768w, https:\/\/blaskapelle-reelsen.de\/wordpress\/wp-content\/uploads\/2020\/09\/DSC04217-1536x1152.jpg 1536w, https:\/\/blaskapelle-reelsen.de\/wordpress\/wp-content\/uploads\/2020\/09\/DSC04217.jpg 2048w\" sizes=\"auto, (max-width: 767px) 89vw, (max-width: 1000px) 54vw, (max-width: 1071px) 543px, 580px\" \/><figcaption>Berlinfahrt &#8211; 2004<\/figcaption><\/figure>\n\n\n\n<p>Der Dezember wird noch einmal anstrengend. Innerhalb von 6 Tagen wird die Halle f\u00fcr das&nbsp;Konzert&nbsp;vorbereitet, die Weihnachtsfeier findet statt, die&nbsp;Weihnachtslieder werden im Dorf&nbsp;gespielt, das&nbsp;Weihnachtskonzert&nbsp;wird erfolgreich aufgef\u00fchrt an dem in diesem Jahr erstmalig die Blockfl\u00f6tenkinder teilnehmen, und zum Schluss muss die Halle wieder hergerichtet werden. Ein intensives Jahr geht zu Ende.<\/p>\n\n\n\n<p><strong>2005<\/strong><\/p>\n\n\n\n<p>2005 steht ganz im Zeichen des 30-j\u00e4hrigen Vereinsbestehens. Bereits am 07. Januar findet die Jahreshauptversammlung statt, um dann mit dem gew\u00e4hlten Vorstand die intensiven Vorbereitungen beginnen zu k\u00f6nnen. Zu organisieren sind das Jubil\u00e4umskonzert, das erstmalig an einem Samstag Abend stattfinden wird, der in das Jubil\u00e4um eingebundene Bayerische Abend mit der Band&nbsp;DIE KLOSTERJ\u00c4GER, der gemeinsam im September mit der Sch\u00fctzenbruderschaft veranstaltet wird, and dann am Folgetag das Stadtmusikerfest der Gro\u00dfgemeinde Bad Driburg.<\/p>\n\n\n\n<p>Die Blaskapelle Reelsen im Jahr 2005<\/p>\n\n\n\n<figure class=\"wp-block-image size-large\"><img loading=\"lazy\" decoding=\"async\" width=\"1024\" height=\"768\" src=\"https:\/\/blaskapelle-reelsen.de\/wordpress\/wp-content\/uploads\/2020\/09\/DSC04871-1024x768.jpg\" alt=\"\" class=\"wp-image-421\" srcset=\"https:\/\/blaskapelle-reelsen.de\/wordpress\/wp-content\/uploads\/2020\/09\/DSC04871-1024x768.jpg 1024w, https:\/\/blaskapelle-reelsen.de\/wordpress\/wp-content\/uploads\/2020\/09\/DSC04871-300x225.jpg 300w, https:\/\/blaskapelle-reelsen.de\/wordpress\/wp-content\/uploads\/2020\/09\/DSC04871-768x576.jpg 768w, https:\/\/blaskapelle-reelsen.de\/wordpress\/wp-content\/uploads\/2020\/09\/DSC04871-1536x1152.jpg 1536w, https:\/\/blaskapelle-reelsen.de\/wordpress\/wp-content\/uploads\/2020\/09\/DSC04871.jpg 2048w\" sizes=\"auto, (max-width: 767px) 89vw, (max-width: 1000px) 54vw, (max-width: 1071px) 543px, 580px\" \/><\/figure>\n\n\n\n<p>Hintere Reihe von links nach rechts :<br>J\u00f6rg Ramlow, Peter S\u00f6the, Martin Speer, Franz S\u00f6the, Josef Osterholt, Hubert Potthast, Benedikt Speer, Heiner Koch, Franz Josef K\u00fcke, Volker Wiedemeier, Burkhardt Ethner, Kai Gruhlke, Thomas Sievers, Leander Cleas, Markus Beumling, Hans J\u00fcrgen Speer, Ludger Wienhold, Franz Josef Speer<\/p>\n\n\n\n<p>Mittlere Reihe von links nach rechts:<br>Manfred Radoy, Detlef Hoffmann, Sebastian Stamm, Manuel Hellwig, Johannes Sch\u00e4fers, Franz Josef Sch\u00e4fers, Manfred Beumling, Thomas Assig, Sebastian Worm, Anna Weise-Emden, Marian Claes, Frank Horstmann, Natalie Klo\u00df, Ute Klo\u00df, Josef Pollmann, Eike Potthast, Katrin Wiedemeier, Denise Eilers<br><br>Sitzend von links nach rechts:<br>Esther Kleine, Anika L\u00fcbeck, Ingrid Sievers, Lisa Beumling, Helena Pehle, Andrea Wiegard, Sabine Gemmeke, Lorena Gollnick, Laura B\u00fcrger, Anja Speer, Christine Adam, Anna R\u00fcthers, Maurice Pehle, Patrick Ethner, Burkhard Eilebrecht<\/p>\n\n\n\n<p>es fehlen : Kornelia Ramlow und Wilhelm Beumling<\/p>\n\n\n\n<hr class=\"wp-block-separator\"\/>\n\n\n\n<p><\/p>\n\n\n\n<p>Die Saison beginnt wie in jedem Jahr mit dem&nbsp;Karnevalsumzug in Bad Driburg am 06.02.2005, dieses mal sind wir als BLUES BROTHER COMBO verkleidet. <\/p>\n\n\n\n<figure class=\"wp-block-image size-large\"><img loading=\"lazy\" decoding=\"async\" width=\"1024\" height=\"768\" src=\"https:\/\/blaskapelle-reelsen.de\/wordpress\/wp-content\/uploads\/2020\/09\/DSC04713-1024x768.jpg\" alt=\"\" class=\"wp-image-422\" srcset=\"https:\/\/blaskapelle-reelsen.de\/wordpress\/wp-content\/uploads\/2020\/09\/DSC04713-1024x768.jpg 1024w, https:\/\/blaskapelle-reelsen.de\/wordpress\/wp-content\/uploads\/2020\/09\/DSC04713-300x225.jpg 300w, https:\/\/blaskapelle-reelsen.de\/wordpress\/wp-content\/uploads\/2020\/09\/DSC04713-768x576.jpg 768w, https:\/\/blaskapelle-reelsen.de\/wordpress\/wp-content\/uploads\/2020\/09\/DSC04713-1536x1152.jpg 1536w, https:\/\/blaskapelle-reelsen.de\/wordpress\/wp-content\/uploads\/2020\/09\/DSC04713.jpg 2048w\" sizes=\"auto, (max-width: 767px) 89vw, (max-width: 1000px) 54vw, (max-width: 1071px) 543px, 580px\" \/><figcaption>Karneval 2005<\/figcaption><\/figure>\n\n\n\n<p>Am&nbsp;Dorfaktionstag&nbsp;renovieren wir unseren Vereinsraum und s\u00e4ubern den Schie\u00dfstand von Laub.<\/p>\n\n\n\n<p>Das&nbsp;Jubil\u00e4umskonzert&nbsp;am 23.04.2005 kann als voller Erfolg gewertet werden. Besonders in Erinnerung bleiben die Lichteffekte, die Gesangs- und Showeinlagen von Thorsten Elsner sowie die Dia &#8211; Show, die&nbsp;Bilder&nbsp;aus 30 Jahren Blaskapelle zeigt. <\/p>\n\n\n\n<figure class=\"wp-block-gallery columns-2 is-cropped wp-block-gallery-7 is-layout-flex wp-block-gallery-is-layout-flex\"><ul class=\"blocks-gallery-grid\"><li class=\"blocks-gallery-item\"><figure><img loading=\"lazy\" decoding=\"async\" width=\"1024\" height=\"768\" src=\"https:\/\/blaskapelle-reelsen.de\/wordpress\/wp-content\/uploads\/2020\/09\/DSC04925-1024x768.jpg\" alt=\"\" data-id=\"423\" data-full-url=\"https:\/\/blaskapelle-reelsen.de\/wordpress\/wp-content\/uploads\/2020\/09\/DSC04925.jpg\" data-link=\"https:\/\/blaskapelle-reelsen.de\/index.php\/1996-2005\/dsc04925\/\" class=\"wp-image-423\" srcset=\"https:\/\/blaskapelle-reelsen.de\/wordpress\/wp-content\/uploads\/2020\/09\/DSC04925-1024x768.jpg 1024w, https:\/\/blaskapelle-reelsen.de\/wordpress\/wp-content\/uploads\/2020\/09\/DSC04925-300x225.jpg 300w, https:\/\/blaskapelle-reelsen.de\/wordpress\/wp-content\/uploads\/2020\/09\/DSC04925-768x576.jpg 768w, https:\/\/blaskapelle-reelsen.de\/wordpress\/wp-content\/uploads\/2020\/09\/DSC04925-1536x1152.jpg 1536w, https:\/\/blaskapelle-reelsen.de\/wordpress\/wp-content\/uploads\/2020\/09\/DSC04925.jpg 2048w\" sizes=\"auto, (max-width: 767px) 89vw, (max-width: 1000px) 54vw, (max-width: 1071px) 543px, 580px\" \/><\/figure><\/li><li class=\"blocks-gallery-item\"><figure><img loading=\"lazy\" decoding=\"async\" width=\"1024\" height=\"768\" src=\"https:\/\/blaskapelle-reelsen.de\/wordpress\/wp-content\/uploads\/2020\/09\/DSC04949-1024x768.jpg\" alt=\"\" data-id=\"424\" data-full-url=\"https:\/\/blaskapelle-reelsen.de\/wordpress\/wp-content\/uploads\/2020\/09\/DSC04949.jpg\" data-link=\"https:\/\/blaskapelle-reelsen.de\/index.php\/1996-2005\/dsc04949\/\" class=\"wp-image-424\" srcset=\"https:\/\/blaskapelle-reelsen.de\/wordpress\/wp-content\/uploads\/2020\/09\/DSC04949-1024x768.jpg 1024w, https:\/\/blaskapelle-reelsen.de\/wordpress\/wp-content\/uploads\/2020\/09\/DSC04949-300x225.jpg 300w, https:\/\/blaskapelle-reelsen.de\/wordpress\/wp-content\/uploads\/2020\/09\/DSC04949-768x576.jpg 768w, https:\/\/blaskapelle-reelsen.de\/wordpress\/wp-content\/uploads\/2020\/09\/DSC04949-1536x1152.jpg 1536w, https:\/\/blaskapelle-reelsen.de\/wordpress\/wp-content\/uploads\/2020\/09\/DSC04949.jpg 2048w\" sizes=\"auto, (max-width: 767px) 89vw, (max-width: 1000px) 54vw, (max-width: 1071px) 543px, 580px\" \/><\/figure><\/li><\/ul><\/figure>\n\n\n\n<p>Zudem werden folgende Mitglieder geehrt:<\/p>\n\n\n\n<figure class=\"wp-block-table is-style-stripes\"><table><tbody><tr><td>30 Jahre \/ Gr\u00fcndungsmitglied<\/td><td>Franz Josef Sch\u00e4fers &#8211; aktiv<br>Franz S\u00f6the &#8211; aktiv<br>Franz Josef Speer &#8211; aktiv<br>Josef Beumling<br>Georg Worm<br>Konrad Mertens<br>Karl Heinz Rieckmann<\/td><\/tr><tr><td>30 Jahre<\/td><td>Manfred Beumling &#8211; aktiv<br>Thomas Assig &#8211; aktiv<br>Hans J\u00fcrgen Speer &#8211; aktiv<br>Wilhelm Beumling &#8211; aktiv<br>Otto Ewald<br>Karl Ewald<br>Andreas Mertens<\/td><\/tr><tr><td>10 Jahre<\/td><td>Katrin Wiedemeier<br>Volker Wiedemeier<br>Johannes Sch\u00e4fers<\/td><\/tr><\/tbody><\/table><figcaption>Ehrungen zum 30-j\u00e4hrigen Vereinsjubil\u00e4um<\/figcaption><\/figure>\n\n\n\n<figure class=\"wp-block-image size-large\"><img loading=\"lazy\" decoding=\"async\" width=\"1024\" height=\"768\" src=\"https:\/\/blaskapelle-reelsen.de\/wordpress\/wp-content\/uploads\/2020\/09\/DSC04940-1024x768.jpg\" alt=\"\" class=\"wp-image-425\" srcset=\"https:\/\/blaskapelle-reelsen.de\/wordpress\/wp-content\/uploads\/2020\/09\/DSC04940-1024x768.jpg 1024w, https:\/\/blaskapelle-reelsen.de\/wordpress\/wp-content\/uploads\/2020\/09\/DSC04940-300x225.jpg 300w, https:\/\/blaskapelle-reelsen.de\/wordpress\/wp-content\/uploads\/2020\/09\/DSC04940-768x576.jpg 768w, https:\/\/blaskapelle-reelsen.de\/wordpress\/wp-content\/uploads\/2020\/09\/DSC04940-1536x1152.jpg 1536w, https:\/\/blaskapelle-reelsen.de\/wordpress\/wp-content\/uploads\/2020\/09\/DSC04940.jpg 2048w\" sizes=\"auto, (max-width: 767px) 89vw, (max-width: 1000px) 54vw, (max-width: 1071px) 543px, 580px\" \/><\/figure>\n\n\n\n<p><strong>Geehrt f\u00fcr 30 Jahre<\/strong>&nbsp;(v.l.n.r) :<br>Georg Worm, Andreas Mertens, Hans J\u00fcrgen Speer, Konrad Mertens, Manfred Beumling, Thomas Assig, Karl Ewald, Josef Beumling, Franz Josef Speer, Franz S\u00f6the, Franz Josef Sch\u00e4fers<br>es fehlen :&nbsp; Karl Heinz Rieckmann, Wilhelm Beumling, Otto Ewald<\/p>\n\n\n\n<hr class=\"wp-block-separator\"\/>\n\n\n\n<p><\/p>\n\n\n\n<p>Die weiteren Auftritte in 2005 sind unter anderem das&nbsp;Sch\u00fctzenfest in Reelsen, das Sch\u00fctzenfest in Himmighausen und die Prozessionen in Reelsen, Alhausen und Merlsheim. Erstmalig spielen wir zum Heimatfest in F\u00fcrstenau, zum Umzug in Altendorf &#8211; Holzminden und zum \u00d6ko- und Bauernmarkt in Ottenhausen. Am 11.06.2005 findet nach vielen Jahren wieder ein&nbsp;Familienfest&nbsp;in Sch\u00e4fers Scheune in der Herke statt, bei dem es leider sehr kalt und gar nicht sommerlich ist, dennoch wird es ein lustiges Fest. Zu Essen gibt es deftigen, im Backhaus gebratenen Schinken mit Bratkartoffeln und Salaten. Ein ganz GRO\u00dfES DANKESCH\u00d6N an Agnes und Franz Josef Sch\u00e4fers f\u00fcr die Bereitstellung der Scheune und die viele Vorbereitungsarbeit.&nbsp;<\/p>\n\n\n\n<figure class=\"wp-block-image size-large\"><img loading=\"lazy\" decoding=\"async\" width=\"1024\" height=\"768\" src=\"https:\/\/blaskapelle-reelsen.de\/wordpress\/wp-content\/uploads\/2020\/09\/DSC05531-1024x768.jpg\" alt=\"\" class=\"wp-image-427\" srcset=\"https:\/\/blaskapelle-reelsen.de\/wordpress\/wp-content\/uploads\/2020\/09\/DSC05531-1024x768.jpg 1024w, https:\/\/blaskapelle-reelsen.de\/wordpress\/wp-content\/uploads\/2020\/09\/DSC05531-300x225.jpg 300w, https:\/\/blaskapelle-reelsen.de\/wordpress\/wp-content\/uploads\/2020\/09\/DSC05531-768x576.jpg 768w, https:\/\/blaskapelle-reelsen.de\/wordpress\/wp-content\/uploads\/2020\/09\/DSC05531-1536x1152.jpg 1536w, https:\/\/blaskapelle-reelsen.de\/wordpress\/wp-content\/uploads\/2020\/09\/DSC05531.jpg 2048w\" sizes=\"auto, (max-width: 767px) 89vw, (max-width: 1000px) 54vw, (max-width: 1071px) 543px, 580px\" \/><figcaption>Familientag &#8211; 2005<\/figcaption><\/figure>\n\n\n\n<p>Am 02.07.2005 heiratet unser Musikkollege Peter S\u00f6the seine Anke, wir bringen nat\u00fcrlich ein St\u00e4ndchen. Der Probenbeginn nach der Sommerpause am 25.08.2005 ist erstaunlich gut besucht, 45 Musikerinnen und Musiker kommen zur ersten Probe. Als neue Mitglieder aus den Jugendausbildungsorchester heraus k\u00f6nnen wir Florian Hellwig (Trompete), J\u00f6rg Blume (Trompete) und Rene Domr\u00f6se (Saxophon) begr\u00fc\u00dfen.<\/p>\n\n\n\n<p>Am 24.09.2005 ist es dann nach langer und intensiver Vorbereitungsarbeit endlich soweit : gemeinsam mit der Sch\u00fctzenbruderschaft richten wir den ersten&nbsp;Oktoberfestabend&nbsp;in Reelsen aus, der ein voller Erfolg ist. Zu Beginn der Veranstaltung spielt der Spielmannszug aus Bardowick, der somit den Gegenbesuch zu unserem Besuch im Herbst 2003 unternimmt. Die Halle ist fast bis auf den letzten Platz gef\u00fcllt, bereits um 22:00 Uhr ist das deftige Bayerische Buffet alle und eine selten da gewesene Stimmung ist in der Martinushalle : ganz Reelsen steht zeitweilig auf den St\u00fchlen und Tischen und feiert bis in den morgen hinein ein fr\u00f6hliches Fest. Das Konzept, in Reelsen auch einmal ein Angebot f\u00fcr Jung&nbsp;<strong>und<\/strong>&nbsp;Alt zu machen, ist voll aufgegangen. Gro\u00dfen Anteil daran hat die Band&nbsp;DIE KLOSTERJ\u00c4GER, sie verbreitet Stimmung und gute Laune, spielt sage und schreibe 3 Stunden non &#8211; stop ohne Pause mit einem begeisternden Showprogramm. Schnell steht fest, dass dieser Abend am 23.09.2006 eine Wiederholung in Reelsen finden wird.<\/p>\n\n\n\n<figure class=\"wp-block-gallery columns-3 is-cropped wp-block-gallery-8 is-layout-flex wp-block-gallery-is-layout-flex\"><ul class=\"blocks-gallery-grid\"><li class=\"blocks-gallery-item\"><figure><img loading=\"lazy\" decoding=\"async\" width=\"1024\" height=\"768\" src=\"https:\/\/blaskapelle-reelsen.de\/wordpress\/wp-content\/uploads\/2020\/09\/DSC05954-1024x768.jpg\" alt=\"\" data-id=\"428\" data-full-url=\"https:\/\/blaskapelle-reelsen.de\/wordpress\/wp-content\/uploads\/2020\/09\/DSC05954.jpg\" data-link=\"https:\/\/blaskapelle-reelsen.de\/index.php\/1996-2005\/dsc05954\/\" class=\"wp-image-428\" srcset=\"https:\/\/blaskapelle-reelsen.de\/wordpress\/wp-content\/uploads\/2020\/09\/DSC05954-1024x768.jpg 1024w, https:\/\/blaskapelle-reelsen.de\/wordpress\/wp-content\/uploads\/2020\/09\/DSC05954-300x225.jpg 300w, https:\/\/blaskapelle-reelsen.de\/wordpress\/wp-content\/uploads\/2020\/09\/DSC05954-768x576.jpg 768w, https:\/\/blaskapelle-reelsen.de\/wordpress\/wp-content\/uploads\/2020\/09\/DSC05954-1536x1152.jpg 1536w, https:\/\/blaskapelle-reelsen.de\/wordpress\/wp-content\/uploads\/2020\/09\/DSC05954.jpg 2048w\" sizes=\"auto, (max-width: 767px) 89vw, (max-width: 1000px) 54vw, (max-width: 1071px) 543px, 580px\" \/><\/figure><\/li><li class=\"blocks-gallery-item\"><figure><img loading=\"lazy\" decoding=\"async\" width=\"1024\" height=\"768\" src=\"https:\/\/blaskapelle-reelsen.de\/wordpress\/wp-content\/uploads\/2020\/09\/DSC05965-1024x768.jpg\" alt=\"\" data-id=\"429\" data-full-url=\"https:\/\/blaskapelle-reelsen.de\/wordpress\/wp-content\/uploads\/2020\/09\/DSC05965.jpg\" data-link=\"https:\/\/blaskapelle-reelsen.de\/index.php\/1996-2005\/dsc05965\/\" class=\"wp-image-429\" srcset=\"https:\/\/blaskapelle-reelsen.de\/wordpress\/wp-content\/uploads\/2020\/09\/DSC05965-1024x768.jpg 1024w, https:\/\/blaskapelle-reelsen.de\/wordpress\/wp-content\/uploads\/2020\/09\/DSC05965-300x225.jpg 300w, https:\/\/blaskapelle-reelsen.de\/wordpress\/wp-content\/uploads\/2020\/09\/DSC05965-768x576.jpg 768w, https:\/\/blaskapelle-reelsen.de\/wordpress\/wp-content\/uploads\/2020\/09\/DSC05965-1536x1152.jpg 1536w, https:\/\/blaskapelle-reelsen.de\/wordpress\/wp-content\/uploads\/2020\/09\/DSC05965.jpg 2048w\" sizes=\"auto, (max-width: 767px) 89vw, (max-width: 1000px) 54vw, (max-width: 1071px) 543px, 580px\" \/><\/figure><\/li><li class=\"blocks-gallery-item\"><figure><img loading=\"lazy\" decoding=\"async\" width=\"1024\" height=\"768\" src=\"https:\/\/blaskapelle-reelsen.de\/wordpress\/wp-content\/uploads\/2020\/09\/DSC05976-1024x768.jpg\" alt=\"\" data-id=\"430\" data-full-url=\"https:\/\/blaskapelle-reelsen.de\/wordpress\/wp-content\/uploads\/2020\/09\/DSC05976.jpg\" data-link=\"https:\/\/blaskapelle-reelsen.de\/index.php\/1996-2005\/dsc05976\/\" class=\"wp-image-430\" srcset=\"https:\/\/blaskapelle-reelsen.de\/wordpress\/wp-content\/uploads\/2020\/09\/DSC05976-1024x768.jpg 1024w, https:\/\/blaskapelle-reelsen.de\/wordpress\/wp-content\/uploads\/2020\/09\/DSC05976-300x225.jpg 300w, https:\/\/blaskapelle-reelsen.de\/wordpress\/wp-content\/uploads\/2020\/09\/DSC05976-768x576.jpg 768w, https:\/\/blaskapelle-reelsen.de\/wordpress\/wp-content\/uploads\/2020\/09\/DSC05976-1536x1152.jpg 1536w, https:\/\/blaskapelle-reelsen.de\/wordpress\/wp-content\/uploads\/2020\/09\/DSC05976.jpg 2048w\" sizes=\"auto, (max-width: 767px) 89vw, (max-width: 1000px) 54vw, (max-width: 1071px) 543px, 580px\" \/><\/figure><\/li><li class=\"blocks-gallery-item\"><figure><img loading=\"lazy\" decoding=\"async\" width=\"1024\" height=\"768\" src=\"https:\/\/blaskapelle-reelsen.de\/wordpress\/wp-content\/uploads\/2020\/09\/DSC05978-1024x768.jpg\" alt=\"\" data-id=\"431\" data-full-url=\"https:\/\/blaskapelle-reelsen.de\/wordpress\/wp-content\/uploads\/2020\/09\/DSC05978.jpg\" data-link=\"https:\/\/blaskapelle-reelsen.de\/index.php\/1996-2005\/dsc05978\/\" class=\"wp-image-431\" srcset=\"https:\/\/blaskapelle-reelsen.de\/wordpress\/wp-content\/uploads\/2020\/09\/DSC05978-1024x768.jpg 1024w, https:\/\/blaskapelle-reelsen.de\/wordpress\/wp-content\/uploads\/2020\/09\/DSC05978-300x225.jpg 300w, https:\/\/blaskapelle-reelsen.de\/wordpress\/wp-content\/uploads\/2020\/09\/DSC05978-768x576.jpg 768w, https:\/\/blaskapelle-reelsen.de\/wordpress\/wp-content\/uploads\/2020\/09\/DSC05978-1536x1152.jpg 1536w, https:\/\/blaskapelle-reelsen.de\/wordpress\/wp-content\/uploads\/2020\/09\/DSC05978.jpg 2048w\" sizes=\"auto, (max-width: 767px) 89vw, (max-width: 1000px) 54vw, (max-width: 1071px) 543px, 580px\" \/><figcaption class=\"blocks-gallery-item__caption\">Die Kl\u00f6sterj\u00e4ger beim ersten Bayrischen Abend &#8211; 2005<\/figcaption><\/figure><\/li><\/ul><\/figure>\n\n\n\n<p>Am 25.09.2005 findet dann anl\u00e4sslich des 30-j\u00e4hrigen Bestehens unseres Vereins das&nbsp;Stadtmusikerfest&nbsp;statt. 12 Gastvereine besuchen uns, nach einem Sternmarsch findet auf dem Sportplatz ein Festakt mit Begr\u00fc\u00dfungsreden und dem Gemeinschaftsspiel statt. Anders als bei vorangegangenen Stadtmusikerfesten machen wir in der Martinushalle kein B\u00fchnenspiel, sondern zusammen mit der Stimmungsmusik der KLOSTERJ\u00c4GER hei\u00dft das Motto :&nbsp;<strong>&#8222;Wir feiern gemeinsam 30 Jahre Blaskapelle Reelsen&#8220;<\/strong>. Von allen Beteiligten wird die Ver\u00e4nderung sehr positiv aufgenommen, dank der Klosterj\u00e4ger ist die Halle bis nach 18:00 Uhr mit fr\u00f6hlichen Menschen gef\u00fcllt. Besonders lobenswert ist der Einsatz aller Vereinsmitglieder, die von der Vorbereitung \u00fcber den Service am Nachmittag in der Halle bis hin zum Aufr\u00e4umen der Halle vorbildlich mitgearbeitet haben. DANKE!<\/p>\n\n\n\n<figure class=\"wp-block-image size-large is-resized\"><img loading=\"lazy\" decoding=\"async\" src=\"https:\/\/blaskapelle-reelsen.de\/wordpress\/wp-content\/uploads\/2020\/09\/DSC06025-1024x768.jpg\" alt=\"\" class=\"wp-image-432\" width=\"674\" height=\"505\" srcset=\"https:\/\/blaskapelle-reelsen.de\/wordpress\/wp-content\/uploads\/2020\/09\/DSC06025-1024x768.jpg 1024w, https:\/\/blaskapelle-reelsen.de\/wordpress\/wp-content\/uploads\/2020\/09\/DSC06025-300x225.jpg 300w, https:\/\/blaskapelle-reelsen.de\/wordpress\/wp-content\/uploads\/2020\/09\/DSC06025-768x576.jpg 768w, https:\/\/blaskapelle-reelsen.de\/wordpress\/wp-content\/uploads\/2020\/09\/DSC06025-1536x1152.jpg 1536w, https:\/\/blaskapelle-reelsen.de\/wordpress\/wp-content\/uploads\/2020\/09\/DSC06025.jpg 2048w\" sizes=\"auto, (max-width: 674px) 100vw, 674px\" \/><figcaption>Stadtmusikerfest &#8211; 2005<\/figcaption><\/figure>\n\n\n\n<p><\/p>\n\n\n\n<p>Am 08.10. spielen wir zu einem ganz besonderen Geburtstag: Unsere Musikkollegen Thomas Assig, Burkhardt Ethner, Torsten Gemmeke und Josef Pollmann werden jeweils 40 Jahre alt und feiern das als&nbsp;160-sten Geburtstag.<\/p>\n\n\n\n<p>Das Jahr endet dann so wie in den vergangenen Jahren zuvor auch: Am 12.11. findet der traditionelle&nbsp;Martinsumzug&nbsp;der Sch\u00fctzenbruderschaft statt, unserer&nbsp;Weihnachtsfeier&nbsp;findet am 10.12. bei Ethner&#8217;s statt, am 17.12. spielen wir an verschiedenen Stellen von Reelsen unser traditionelles&nbsp;Weihnachtsliederspiel, und zum Abschluss findet ein gutes&nbsp;Weihnachtskonzert&nbsp; am 18.12. statt, dessen Erl\u00f6s in diesem Jahr an den&nbsp;Verein &#8222;Deutsche Kinderhospiz e.V.&#8220; in Paderborn&nbsp;geht.<\/p>\n\n\n\n<p>Mit 2005 als 30-j\u00e4hriges Jubil\u00e4umsjahr geht somit ein f\u00fcr alle Beteiligten anstrengendes aber auch sehr aktives und positives Jahr zu Ende.<\/p>\n","protected":false},"excerpt":{"rendered":"<p>Vereinshistorie der Jahre 1996 \u2013 2005 1996 Im Jahr 1996 wird die Jugendarbeit verst\u00e4rkt intensiviert. Erstmals findet der \u201eTag der offenen T\u00fcr\u201c in der Reelser Grundschule statt, der Verein wendet sich an Kinder im ersten bis dritten Schuljahr und hat guten Erfolg mit dem Aufbau einer Blockfl\u00f6tengruppe, die von nun an die Basis der Jugendarbeit &hellip; <\/p>\n<p class=\"link-more\"><a href=\"https:\/\/blaskapelle-reelsen.de\/index.php\/1996-2005\/\" class=\"more-link\"><span class=\"screen-reader-text\">\u201e1996 &#8211; 2005\u201c <\/span>weiterlesen<\/a><\/p>\n","protected":false},"author":1,"featured_media":0,"parent":0,"menu_order":0,"comment_status":"closed","ping_status":"closed","template":"","meta":{"footnotes":""},"class_list":["post-267","page","type-page","status-publish","hentry"],"yoast_head":"<!-- This site is optimized with the Yoast SEO plugin v27.5 - https:\/\/yoast.com\/product\/yoast-seo-wordpress\/ -->\n<title>1996 - 2005 - Blaskapelle Reelsen e.V.<\/title>\n<meta name=\"robots\" content=\"index, follow, max-snippet:-1, max-image-preview:large, max-video-preview:-1\" \/>\n<link rel=\"canonical\" href=\"https:\/\/blaskapelle-reelsen.de\/index.php\/1996-2005\/\" \/>\n<meta property=\"og:locale\" content=\"de_DE\" \/>\n<meta property=\"og:type\" content=\"article\" \/>\n<meta property=\"og:title\" content=\"1996 - 2005 - Blaskapelle Reelsen e.V.\" \/>\n<meta property=\"og:description\" content=\"Vereinshistorie der Jahre 1996 \u2013 2005 1996 Im Jahr 1996 wird die Jugendarbeit verst\u00e4rkt intensiviert. Erstmals findet der \u201eTag der offenen T\u00fcr\u201c in der Reelser Grundschule statt, der Verein wendet sich an Kinder im ersten bis dritten Schuljahr und hat guten Erfolg mit dem Aufbau einer Blockfl\u00f6tengruppe, die von nun an die Basis der Jugendarbeit &hellip; \u201e1996 &#8211; 2005\u201c weiterlesen\" \/>\n<meta property=\"og:url\" content=\"https:\/\/blaskapelle-reelsen.de\/index.php\/1996-2005\/\" \/>\n<meta property=\"og:site_name\" content=\"Blaskapelle Reelsen e.V.\" \/>\n<meta property=\"article:modified_time\" content=\"2020-10-26T18:59:57+00:00\" \/>\n<meta property=\"og:image\" content=\"https:\/\/blaskapelle-reelsen.de\/wordpress\/wp-content\/uploads\/2020\/09\/1996_Jugendtag_1.jpg\" \/>\n<meta name=\"twitter:card\" content=\"summary_large_image\" \/>\n<meta name=\"twitter:label1\" content=\"Gesch\u00e4tzte Lesezeit\" \/>\n\t<meta name=\"twitter:data1\" content=\"23\u00a0Minuten\" \/>\n<script type=\"application\/ld+json\" class=\"yoast-schema-graph\">{\"@context\":\"https:\\\/\\\/schema.org\",\"@graph\":[{\"@type\":\"WebPage\",\"@id\":\"https:\\\/\\\/blaskapelle-reelsen.de\\\/index.php\\\/1996-2005\\\/\",\"url\":\"https:\\\/\\\/blaskapelle-reelsen.de\\\/index.php\\\/1996-2005\\\/\",\"name\":\"1996 - 2005 - Blaskapelle Reelsen e.V.\",\"isPartOf\":{\"@id\":\"https:\\\/\\\/blaskapelle-reelsen.de\\\/#website\"},\"primaryImageOfPage\":{\"@id\":\"https:\\\/\\\/blaskapelle-reelsen.de\\\/index.php\\\/1996-2005\\\/#primaryimage\"},\"image\":{\"@id\":\"https:\\\/\\\/blaskapelle-reelsen.de\\\/index.php\\\/1996-2005\\\/#primaryimage\"},\"thumbnailUrl\":\"https:\\\/\\\/blaskapelle-reelsen.de\\\/wordpress\\\/wp-content\\\/uploads\\\/2020\\\/09\\\/1996_Jugendtag_1.jpg\",\"datePublished\":\"2020-09-21T16:52:36+00:00\",\"dateModified\":\"2020-10-26T18:59:57+00:00\",\"breadcrumb\":{\"@id\":\"https:\\\/\\\/blaskapelle-reelsen.de\\\/index.php\\\/1996-2005\\\/#breadcrumb\"},\"inLanguage\":\"de\",\"potentialAction\":[{\"@type\":\"ReadAction\",\"target\":[\"https:\\\/\\\/blaskapelle-reelsen.de\\\/index.php\\\/1996-2005\\\/\"]}]},{\"@type\":\"ImageObject\",\"inLanguage\":\"de\",\"@id\":\"https:\\\/\\\/blaskapelle-reelsen.de\\\/index.php\\\/1996-2005\\\/#primaryimage\",\"url\":\"https:\\\/\\\/blaskapelle-reelsen.de\\\/wordpress\\\/wp-content\\\/uploads\\\/2020\\\/09\\\/1996_Jugendtag_1.jpg\",\"contentUrl\":\"https:\\\/\\\/blaskapelle-reelsen.de\\\/wordpress\\\/wp-content\\\/uploads\\\/2020\\\/09\\\/1996_Jugendtag_1.jpg\"},{\"@type\":\"BreadcrumbList\",\"@id\":\"https:\\\/\\\/blaskapelle-reelsen.de\\\/index.php\\\/1996-2005\\\/#breadcrumb\",\"itemListElement\":[{\"@type\":\"ListItem\",\"position\":1,\"name\":\"Home\",\"item\":\"https:\\\/\\\/blaskapelle-reelsen.de\\\/\"},{\"@type\":\"ListItem\",\"position\":2,\"name\":\"1996 &#8211; 2005\"}]},{\"@type\":\"WebSite\",\"@id\":\"https:\\\/\\\/blaskapelle-reelsen.de\\\/#website\",\"url\":\"https:\\\/\\\/blaskapelle-reelsen.de\\\/\",\"name\":\"Blaskapelle Reelsen e.V.\",\"description\":\"wir l(i)eben Blasmusik - seit 1975\",\"publisher\":{\"@id\":\"https:\\\/\\\/blaskapelle-reelsen.de\\\/#organization\"},\"potentialAction\":[{\"@type\":\"SearchAction\",\"target\":{\"@type\":\"EntryPoint\",\"urlTemplate\":\"https:\\\/\\\/blaskapelle-reelsen.de\\\/?s={search_term_string}\"},\"query-input\":{\"@type\":\"PropertyValueSpecification\",\"valueRequired\":true,\"valueName\":\"search_term_string\"}}],\"inLanguage\":\"de\"},{\"@type\":\"Organization\",\"@id\":\"https:\\\/\\\/blaskapelle-reelsen.de\\\/#organization\",\"name\":\"Blaskapelle Reelsen e.V.\",\"url\":\"https:\\\/\\\/blaskapelle-reelsen.de\\\/\",\"logo\":{\"@type\":\"ImageObject\",\"inLanguage\":\"de\",\"@id\":\"https:\\\/\\\/blaskapelle-reelsen.de\\\/#\\\/schema\\\/logo\\\/image\\\/\",\"url\":\"https:\\\/\\\/blaskapelle-reelsen.de\\\/wordpress\\\/wp-content\\\/uploads\\\/2025\\\/03\\\/cropped-wappen-final.png\",\"contentUrl\":\"https:\\\/\\\/blaskapelle-reelsen.de\\\/wordpress\\\/wp-content\\\/uploads\\\/2025\\\/03\\\/cropped-wappen-final.png\",\"width\":184,\"height\":250,\"caption\":\"Blaskapelle Reelsen e.V.\"},\"image\":{\"@id\":\"https:\\\/\\\/blaskapelle-reelsen.de\\\/#\\\/schema\\\/logo\\\/image\\\/\"}}]}<\/script>\n<!-- \/ Yoast SEO plugin. -->","yoast_head_json":{"title":"1996 - 2005 - Blaskapelle Reelsen e.V.","robots":{"index":"index","follow":"follow","max-snippet":"max-snippet:-1","max-image-preview":"max-image-preview:large","max-video-preview":"max-video-preview:-1"},"canonical":"https:\/\/blaskapelle-reelsen.de\/index.php\/1996-2005\/","og_locale":"de_DE","og_type":"article","og_title":"1996 - 2005 - Blaskapelle Reelsen e.V.","og_description":"Vereinshistorie der Jahre 1996 \u2013 2005 1996 Im Jahr 1996 wird die Jugendarbeit verst\u00e4rkt intensiviert. Erstmals findet der \u201eTag der offenen T\u00fcr\u201c in der Reelser Grundschule statt, der Verein wendet sich an Kinder im ersten bis dritten Schuljahr und hat guten Erfolg mit dem Aufbau einer Blockfl\u00f6tengruppe, die von nun an die Basis der Jugendarbeit &hellip; \u201e1996 &#8211; 2005\u201c weiterlesen","og_url":"https:\/\/blaskapelle-reelsen.de\/index.php\/1996-2005\/","og_site_name":"Blaskapelle Reelsen e.V.","article_modified_time":"2020-10-26T18:59:57+00:00","og_image":[{"url":"https:\/\/blaskapelle-reelsen.de\/wordpress\/wp-content\/uploads\/2020\/09\/1996_Jugendtag_1.jpg","type":"","width":"","height":""}],"twitter_card":"summary_large_image","twitter_misc":{"Gesch\u00e4tzte Lesezeit":"23\u00a0Minuten"},"schema":{"@context":"https:\/\/schema.org","@graph":[{"@type":"WebPage","@id":"https:\/\/blaskapelle-reelsen.de\/index.php\/1996-2005\/","url":"https:\/\/blaskapelle-reelsen.de\/index.php\/1996-2005\/","name":"1996 - 2005 - Blaskapelle Reelsen e.V.","isPartOf":{"@id":"https:\/\/blaskapelle-reelsen.de\/#website"},"primaryImageOfPage":{"@id":"https:\/\/blaskapelle-reelsen.de\/index.php\/1996-2005\/#primaryimage"},"image":{"@id":"https:\/\/blaskapelle-reelsen.de\/index.php\/1996-2005\/#primaryimage"},"thumbnailUrl":"https:\/\/blaskapelle-reelsen.de\/wordpress\/wp-content\/uploads\/2020\/09\/1996_Jugendtag_1.jpg","datePublished":"2020-09-21T16:52:36+00:00","dateModified":"2020-10-26T18:59:57+00:00","breadcrumb":{"@id":"https:\/\/blaskapelle-reelsen.de\/index.php\/1996-2005\/#breadcrumb"},"inLanguage":"de","potentialAction":[{"@type":"ReadAction","target":["https:\/\/blaskapelle-reelsen.de\/index.php\/1996-2005\/"]}]},{"@type":"ImageObject","inLanguage":"de","@id":"https:\/\/blaskapelle-reelsen.de\/index.php\/1996-2005\/#primaryimage","url":"https:\/\/blaskapelle-reelsen.de\/wordpress\/wp-content\/uploads\/2020\/09\/1996_Jugendtag_1.jpg","contentUrl":"https:\/\/blaskapelle-reelsen.de\/wordpress\/wp-content\/uploads\/2020\/09\/1996_Jugendtag_1.jpg"},{"@type":"BreadcrumbList","@id":"https:\/\/blaskapelle-reelsen.de\/index.php\/1996-2005\/#breadcrumb","itemListElement":[{"@type":"ListItem","position":1,"name":"Home","item":"https:\/\/blaskapelle-reelsen.de\/"},{"@type":"ListItem","position":2,"name":"1996 &#8211; 2005"}]},{"@type":"WebSite","@id":"https:\/\/blaskapelle-reelsen.de\/#website","url":"https:\/\/blaskapelle-reelsen.de\/","name":"Blaskapelle Reelsen e.V.","description":"wir l(i)eben Blasmusik - seit 1975","publisher":{"@id":"https:\/\/blaskapelle-reelsen.de\/#organization"},"potentialAction":[{"@type":"SearchAction","target":{"@type":"EntryPoint","urlTemplate":"https:\/\/blaskapelle-reelsen.de\/?s={search_term_string}"},"query-input":{"@type":"PropertyValueSpecification","valueRequired":true,"valueName":"search_term_string"}}],"inLanguage":"de"},{"@type":"Organization","@id":"https:\/\/blaskapelle-reelsen.de\/#organization","name":"Blaskapelle Reelsen e.V.","url":"https:\/\/blaskapelle-reelsen.de\/","logo":{"@type":"ImageObject","inLanguage":"de","@id":"https:\/\/blaskapelle-reelsen.de\/#\/schema\/logo\/image\/","url":"https:\/\/blaskapelle-reelsen.de\/wordpress\/wp-content\/uploads\/2025\/03\/cropped-wappen-final.png","contentUrl":"https:\/\/blaskapelle-reelsen.de\/wordpress\/wp-content\/uploads\/2025\/03\/cropped-wappen-final.png","width":184,"height":250,"caption":"Blaskapelle Reelsen e.V."},"image":{"@id":"https:\/\/blaskapelle-reelsen.de\/#\/schema\/logo\/image\/"}}]}},"_links":{"self":[{"href":"https:\/\/blaskapelle-reelsen.de\/index.php\/wp-json\/wp\/v2\/pages\/267","targetHints":{"allow":["GET"]}}],"collection":[{"href":"https:\/\/blaskapelle-reelsen.de\/index.php\/wp-json\/wp\/v2\/pages"}],"about":[{"href":"https:\/\/blaskapelle-reelsen.de\/index.php\/wp-json\/wp\/v2\/types\/page"}],"author":[{"embeddable":true,"href":"https:\/\/blaskapelle-reelsen.de\/index.php\/wp-json\/wp\/v2\/users\/1"}],"replies":[{"embeddable":true,"href":"https:\/\/blaskapelle-reelsen.de\/index.php\/wp-json\/wp\/v2\/comments?post=267"}],"version-history":[{"count":13,"href":"https:\/\/blaskapelle-reelsen.de\/index.php\/wp-json\/wp\/v2\/pages\/267\/revisions"}],"predecessor-version":[{"id":549,"href":"https:\/\/blaskapelle-reelsen.de\/index.php\/wp-json\/wp\/v2\/pages\/267\/revisions\/549"}],"wp:attachment":[{"href":"https:\/\/blaskapelle-reelsen.de\/index.php\/wp-json\/wp\/v2\/media?parent=267"}],"curies":[{"name":"wp","href":"https:\/\/api.w.org\/{rel}","templated":true}]}}