{"id":176,"date":"2020-09-20T09:56:07","date_gmt":"2020-09-20T09:56:07","guid":{"rendered":"http:\/\/blaskapelle-reelsen.de\/?page_id=176"},"modified":"2022-12-29T13:19:19","modified_gmt":"2022-12-29T12:19:19","slug":"vereinshistorie","status":"publish","type":"page","link":"https:\/\/blaskapelle-reelsen.de\/index.php\/vereinshistorie\/","title":{"rendered":"\u00dcber Uns"},"content":{"rendered":"\n<p id=\"block-18c3b4b9-31bf-431b-bebb-41647943e889\">Die Blaskapelle Reelsen wurde 1975 durch die Initiative von Karl-Heinz Rieckmann und Franz-Josef Sch\u00e4fers gegr\u00fcndet. Die Anf\u00e4nge begannen mit 12 Musikern.<\/p>\n\n\n\n<figure class=\"wp-block-image\" id=\"block-6dc2b92b-ae3a-475a-bca6-11533c5c6871\"><img decoding=\"async\" src=\"https:\/\/blaskapelle-reelsen.de\/wordpress\/wp-content\/uploads\/2020\/09\/1975_Gruendungsfoto-1024x636.jpg\" alt=\"Dieses Bild hat ein leeres Alt-Attribut. Der Dateiname ist 1975_Gruendungsfoto-1024x636.jpg\"\/><figcaption class=\"wp-element-caption\">Gr\u00fcndung 1975<\/figcaption><\/figure>\n\n\n\n<p id=\"block-f2239ac3-1041-4680-90cb-991f703024c9\">Heute sind wir 40 aktive Musikerinnen und Musiker und verstehen uns als gutes Mittelstufenorchester. Wir legen Wert auf eine gute Jugendausbildung und freuen uns jeder Zeit \u00fcber interessierte Kinder, Jugendliche und Erwachsene, die gemeinsam mit uns musizieren m\u00f6chten.<\/p>\n\n\n\n<figure class=\"wp-block-image\" id=\"block-0c96b4ed-7dfd-4a4a-91de-77c07da04065\"><img decoding=\"async\" src=\"https:\/\/blaskapelle-reelsen.de\/wordpress\/wp-content\/uploads\/2020\/09\/Gruppenbild2018.jpg\" alt=\"Dieses Bild hat ein leeres Alt-Attribut. Der Dateiname ist Gruppenbild2018.jpg\"\/><figcaption class=\"wp-element-caption\">Gruppenfoto 2018<\/figcaption><\/figure>\n\n\n\n<p id=\"block-165afde9-5083-4743-8370-6203c31ab336\">Unser Repertoire umfasst sowohl die klassische Blasmusik in Form von M\u00e4rschen, Walzern und Polkas als auch speziell f\u00fcr Blasmusik arrangierte Potpourris und modernere Melodien. Wir spielen zu den verschiedensten Anl\u00e4ssen wie Sch\u00fctzenfesten, Vereinsfesten, St\u00e4ndchen, Prozessionen und eigenen Konzerten zu Fr\u00fchjahr und Weihnachten in unserem Ort Reelsen und umliegenden Ortschaften.<\/p>\n\n\n\n<p id=\"block-404546b8-417a-4ccc-8f8a-4befd9e01e63\">Die Blaskapelle Reelsen ist jedoch nicht nur musikalisch aktiv. Mit Grillabenden, einen Familientag und der Weihnachtsfeier legen wir auch viel Wert auf Kameradschaft und Geselligkeit. Zudem f\u00fchren wir alle 2 bis 3 Jahre eine mehrt\u00e4gige Vereinsfahrt durch.<\/p>\n\n\n\n<p><\/p>\n\n\n\n<p>Eine detaillierte Vereinshistorie haben wir in 10 &#8211; j\u00e4hrigen Jahresabschnitten zusammen gestellt:<\/p>\n\n\n\n<div class=\"wp-block-buttons is-layout-flex wp-block-buttons-is-layout-flex\">\n<div class=\"wp-block-button is-style-outline is-style-outline--1\"><a class=\"wp-block-button__link wp-element-button\" href=\"https:\/\/blaskapelle-reelsen.de\/index.php\/1975-1985\/\">1975<\/a><\/div>\n\n\n\n<div class=\"wp-block-button is-style-outline is-style-outline--2\"><a class=\"wp-block-button__link wp-element-button\" href=\"https:\/\/blaskapelle-reelsen.de\/index.php\/1986-1995\/\">1986<\/a><\/div>\n\n\n\n<div class=\"wp-block-button is-style-outline is-style-outline--3\"><a class=\"wp-block-button__link wp-element-button\" href=\"https:\/\/blaskapelle-reelsen.de\/index.php\/1996-2005\/\">1996<\/a><\/div>\n\n\n\n<div class=\"wp-block-button is-style-outline is-style-outline--4\"><a class=\"wp-block-button__link wp-element-button\" href=\"https:\/\/blaskapelle-reelsen.de\/index.php\/2006-2015\/\">2006<\/a><\/div>\n\n\n\n<div class=\"wp-block-button is-style-outline is-style-outline--5\"><a class=\"wp-block-button__link wp-element-button\" href=\"https:\/\/blaskapelle-reelsen.de\/index.php\/2016-2030\/\">2016<\/a><\/div>\n<\/div>\n\n\n\n<p><\/p>\n","protected":false},"excerpt":{"rendered":"<p>Die Blaskapelle Reelsen wurde 1975 durch die Initiative von Karl-Heinz Rieckmann und Franz-Josef Sch\u00e4fers gegr\u00fcndet. Die Anf\u00e4nge begannen mit 12 Musikern. Heute sind wir 40 aktive Musikerinnen und Musiker und verstehen uns als gutes Mittelstufenorchester. Wir legen Wert auf eine gute Jugendausbildung und freuen uns jeder Zeit \u00fcber interessierte Kinder, Jugendliche und Erwachsene, die gemeinsam &hellip; <\/p>\n<p class=\"link-more\"><a href=\"https:\/\/blaskapelle-reelsen.de\/index.php\/vereinshistorie\/\" class=\"more-link\"><span class=\"screen-reader-text\">\u201e\u00dcber Uns\u201c <\/span>weiterlesen<\/a><\/p>\n","protected":false},"author":1,"featured_media":0,"parent":0,"menu_order":0,"comment_status":"closed","ping_status":"closed","template":"","meta":{"footnotes":""},"class_list":["post-176","page","type-page","status-publish","hentry"],"yoast_head":"<!-- This site is optimized with the Yoast SEO plugin v27.5 - https:\/\/yoast.com\/product\/yoast-seo-wordpress\/ -->\n<title>\u00dcber Uns - Blaskapelle Reelsen e.V.<\/title>\n<meta name=\"robots\" content=\"index, follow, max-snippet:-1, max-image-preview:large, max-video-preview:-1\" \/>\n<link rel=\"canonical\" href=\"https:\/\/blaskapelle-reelsen.de\/index.php\/vereinshistorie\/\" \/>\n<meta property=\"og:locale\" content=\"de_DE\" \/>\n<meta property=\"og:type\" content=\"article\" \/>\n<meta property=\"og:title\" content=\"\u00dcber Uns - Blaskapelle Reelsen e.V.\" \/>\n<meta property=\"og:description\" content=\"Die Blaskapelle Reelsen wurde 1975 durch die Initiative von Karl-Heinz Rieckmann und Franz-Josef Sch\u00e4fers gegr\u00fcndet. Die Anf\u00e4nge begannen mit 12 Musikern. Heute sind wir 40 aktive Musikerinnen und Musiker und verstehen uns als gutes Mittelstufenorchester. Wir legen Wert auf eine gute Jugendausbildung und freuen uns jeder Zeit \u00fcber interessierte Kinder, Jugendliche und Erwachsene, die gemeinsam &hellip; \u201e\u00dcber Uns\u201c weiterlesen\" \/>\n<meta property=\"og:url\" content=\"https:\/\/blaskapelle-reelsen.de\/index.php\/vereinshistorie\/\" \/>\n<meta property=\"og:site_name\" content=\"Blaskapelle Reelsen e.V.\" \/>\n<meta property=\"article:modified_time\" content=\"2022-12-29T12:19:19+00:00\" \/>\n<meta property=\"og:image\" content=\"https:\/\/blaskapelle-reelsen.de\/wordpress\/wp-content\/uploads\/2020\/09\/1975_Gruendungsfoto-1024x636.jpg\" \/>\n<meta name=\"twitter:card\" content=\"summary_large_image\" \/>\n<meta name=\"twitter:label1\" content=\"Gesch\u00e4tzte Lesezeit\" \/>\n\t<meta name=\"twitter:data1\" content=\"2\u00a0Minuten\" \/>\n<script type=\"application\/ld+json\" class=\"yoast-schema-graph\">{\"@context\":\"https:\\\/\\\/schema.org\",\"@graph\":[{\"@type\":\"WebPage\",\"@id\":\"https:\\\/\\\/blaskapelle-reelsen.de\\\/index.php\\\/vereinshistorie\\\/\",\"url\":\"https:\\\/\\\/blaskapelle-reelsen.de\\\/index.php\\\/vereinshistorie\\\/\",\"name\":\"\u00dcber Uns - Blaskapelle Reelsen e.V.\",\"isPartOf\":{\"@id\":\"https:\\\/\\\/blaskapelle-reelsen.de\\\/#website\"},\"primaryImageOfPage\":{\"@id\":\"https:\\\/\\\/blaskapelle-reelsen.de\\\/index.php\\\/vereinshistorie\\\/#primaryimage\"},\"image\":{\"@id\":\"https:\\\/\\\/blaskapelle-reelsen.de\\\/index.php\\\/vereinshistorie\\\/#primaryimage\"},\"thumbnailUrl\":\"https:\\\/\\\/blaskapelle-reelsen.de\\\/wordpress\\\/wp-content\\\/uploads\\\/2020\\\/09\\\/1975_Gruendungsfoto-1024x636.jpg\",\"datePublished\":\"2020-09-20T09:56:07+00:00\",\"dateModified\":\"2022-12-29T12:19:19+00:00\",\"breadcrumb\":{\"@id\":\"https:\\\/\\\/blaskapelle-reelsen.de\\\/index.php\\\/vereinshistorie\\\/#breadcrumb\"},\"inLanguage\":\"de\",\"potentialAction\":[{\"@type\":\"ReadAction\",\"target\":[\"https:\\\/\\\/blaskapelle-reelsen.de\\\/index.php\\\/vereinshistorie\\\/\"]}]},{\"@type\":\"ImageObject\",\"inLanguage\":\"de\",\"@id\":\"https:\\\/\\\/blaskapelle-reelsen.de\\\/index.php\\\/vereinshistorie\\\/#primaryimage\",\"url\":\"https:\\\/\\\/blaskapelle-reelsen.de\\\/wordpress\\\/wp-content\\\/uploads\\\/2020\\\/09\\\/1975_Gruendungsfoto-1024x636.jpg\",\"contentUrl\":\"https:\\\/\\\/blaskapelle-reelsen.de\\\/wordpress\\\/wp-content\\\/uploads\\\/2020\\\/09\\\/1975_Gruendungsfoto-1024x636.jpg\"},{\"@type\":\"BreadcrumbList\",\"@id\":\"https:\\\/\\\/blaskapelle-reelsen.de\\\/index.php\\\/vereinshistorie\\\/#breadcrumb\",\"itemListElement\":[{\"@type\":\"ListItem\",\"position\":1,\"name\":\"Home\",\"item\":\"https:\\\/\\\/blaskapelle-reelsen.de\\\/\"},{\"@type\":\"ListItem\",\"position\":2,\"name\":\"\u00dcber Uns\"}]},{\"@type\":\"WebSite\",\"@id\":\"https:\\\/\\\/blaskapelle-reelsen.de\\\/#website\",\"url\":\"https:\\\/\\\/blaskapelle-reelsen.de\\\/\",\"name\":\"Blaskapelle Reelsen e.V.\",\"description\":\"wir l(i)eben Blasmusik - seit 1975\",\"publisher\":{\"@id\":\"https:\\\/\\\/blaskapelle-reelsen.de\\\/#organization\"},\"potentialAction\":[{\"@type\":\"SearchAction\",\"target\":{\"@type\":\"EntryPoint\",\"urlTemplate\":\"https:\\\/\\\/blaskapelle-reelsen.de\\\/?s={search_term_string}\"},\"query-input\":{\"@type\":\"PropertyValueSpecification\",\"valueRequired\":true,\"valueName\":\"search_term_string\"}}],\"inLanguage\":\"de\"},{\"@type\":\"Organization\",\"@id\":\"https:\\\/\\\/blaskapelle-reelsen.de\\\/#organization\",\"name\":\"Blaskapelle Reelsen e.V.\",\"url\":\"https:\\\/\\\/blaskapelle-reelsen.de\\\/\",\"logo\":{\"@type\":\"ImageObject\",\"inLanguage\":\"de\",\"@id\":\"https:\\\/\\\/blaskapelle-reelsen.de\\\/#\\\/schema\\\/logo\\\/image\\\/\",\"url\":\"https:\\\/\\\/blaskapelle-reelsen.de\\\/wordpress\\\/wp-content\\\/uploads\\\/2025\\\/03\\\/cropped-wappen-final.png\",\"contentUrl\":\"https:\\\/\\\/blaskapelle-reelsen.de\\\/wordpress\\\/wp-content\\\/uploads\\\/2025\\\/03\\\/cropped-wappen-final.png\",\"width\":184,\"height\":250,\"caption\":\"Blaskapelle Reelsen e.V.\"},\"image\":{\"@id\":\"https:\\\/\\\/blaskapelle-reelsen.de\\\/#\\\/schema\\\/logo\\\/image\\\/\"}}]}<\/script>\n<!-- \/ Yoast SEO plugin. -->","yoast_head_json":{"title":"\u00dcber Uns - Blaskapelle Reelsen e.V.","robots":{"index":"index","follow":"follow","max-snippet":"max-snippet:-1","max-image-preview":"max-image-preview:large","max-video-preview":"max-video-preview:-1"},"canonical":"https:\/\/blaskapelle-reelsen.de\/index.php\/vereinshistorie\/","og_locale":"de_DE","og_type":"article","og_title":"\u00dcber Uns - Blaskapelle Reelsen e.V.","og_description":"Die Blaskapelle Reelsen wurde 1975 durch die Initiative von Karl-Heinz Rieckmann und Franz-Josef Sch\u00e4fers gegr\u00fcndet. Die Anf\u00e4nge begannen mit 12 Musikern. Heute sind wir 40 aktive Musikerinnen und Musiker und verstehen uns als gutes Mittelstufenorchester. Wir legen Wert auf eine gute Jugendausbildung und freuen uns jeder Zeit \u00fcber interessierte Kinder, Jugendliche und Erwachsene, die gemeinsam &hellip; \u201e\u00dcber Uns\u201c weiterlesen","og_url":"https:\/\/blaskapelle-reelsen.de\/index.php\/vereinshistorie\/","og_site_name":"Blaskapelle Reelsen e.V.","article_modified_time":"2022-12-29T12:19:19+00:00","og_image":[{"url":"https:\/\/blaskapelle-reelsen.de\/wordpress\/wp-content\/uploads\/2020\/09\/1975_Gruendungsfoto-1024x636.jpg","type":"","width":"","height":""}],"twitter_card":"summary_large_image","twitter_misc":{"Gesch\u00e4tzte Lesezeit":"2\u00a0Minuten"},"schema":{"@context":"https:\/\/schema.org","@graph":[{"@type":"WebPage","@id":"https:\/\/blaskapelle-reelsen.de\/index.php\/vereinshistorie\/","url":"https:\/\/blaskapelle-reelsen.de\/index.php\/vereinshistorie\/","name":"\u00dcber Uns - Blaskapelle Reelsen e.V.","isPartOf":{"@id":"https:\/\/blaskapelle-reelsen.de\/#website"},"primaryImageOfPage":{"@id":"https:\/\/blaskapelle-reelsen.de\/index.php\/vereinshistorie\/#primaryimage"},"image":{"@id":"https:\/\/blaskapelle-reelsen.de\/index.php\/vereinshistorie\/#primaryimage"},"thumbnailUrl":"https:\/\/blaskapelle-reelsen.de\/wordpress\/wp-content\/uploads\/2020\/09\/1975_Gruendungsfoto-1024x636.jpg","datePublished":"2020-09-20T09:56:07+00:00","dateModified":"2022-12-29T12:19:19+00:00","breadcrumb":{"@id":"https:\/\/blaskapelle-reelsen.de\/index.php\/vereinshistorie\/#breadcrumb"},"inLanguage":"de","potentialAction":[{"@type":"ReadAction","target":["https:\/\/blaskapelle-reelsen.de\/index.php\/vereinshistorie\/"]}]},{"@type":"ImageObject","inLanguage":"de","@id":"https:\/\/blaskapelle-reelsen.de\/index.php\/vereinshistorie\/#primaryimage","url":"https:\/\/blaskapelle-reelsen.de\/wordpress\/wp-content\/uploads\/2020\/09\/1975_Gruendungsfoto-1024x636.jpg","contentUrl":"https:\/\/blaskapelle-reelsen.de\/wordpress\/wp-content\/uploads\/2020\/09\/1975_Gruendungsfoto-1024x636.jpg"},{"@type":"BreadcrumbList","@id":"https:\/\/blaskapelle-reelsen.de\/index.php\/vereinshistorie\/#breadcrumb","itemListElement":[{"@type":"ListItem","position":1,"name":"Home","item":"https:\/\/blaskapelle-reelsen.de\/"},{"@type":"ListItem","position":2,"name":"\u00dcber Uns"}]},{"@type":"WebSite","@id":"https:\/\/blaskapelle-reelsen.de\/#website","url":"https:\/\/blaskapelle-reelsen.de\/","name":"Blaskapelle Reelsen e.V.","description":"wir l(i)eben Blasmusik - seit 1975","publisher":{"@id":"https:\/\/blaskapelle-reelsen.de\/#organization"},"potentialAction":[{"@type":"SearchAction","target":{"@type":"EntryPoint","urlTemplate":"https:\/\/blaskapelle-reelsen.de\/?s={search_term_string}"},"query-input":{"@type":"PropertyValueSpecification","valueRequired":true,"valueName":"search_term_string"}}],"inLanguage":"de"},{"@type":"Organization","@id":"https:\/\/blaskapelle-reelsen.de\/#organization","name":"Blaskapelle Reelsen e.V.","url":"https:\/\/blaskapelle-reelsen.de\/","logo":{"@type":"ImageObject","inLanguage":"de","@id":"https:\/\/blaskapelle-reelsen.de\/#\/schema\/logo\/image\/","url":"https:\/\/blaskapelle-reelsen.de\/wordpress\/wp-content\/uploads\/2025\/03\/cropped-wappen-final.png","contentUrl":"https:\/\/blaskapelle-reelsen.de\/wordpress\/wp-content\/uploads\/2025\/03\/cropped-wappen-final.png","width":184,"height":250,"caption":"Blaskapelle Reelsen e.V."},"image":{"@id":"https:\/\/blaskapelle-reelsen.de\/#\/schema\/logo\/image\/"}}]}},"_links":{"self":[{"href":"https:\/\/blaskapelle-reelsen.de\/index.php\/wp-json\/wp\/v2\/pages\/176","targetHints":{"allow":["GET"]}}],"collection":[{"href":"https:\/\/blaskapelle-reelsen.de\/index.php\/wp-json\/wp\/v2\/pages"}],"about":[{"href":"https:\/\/blaskapelle-reelsen.de\/index.php\/wp-json\/wp\/v2\/types\/page"}],"author":[{"embeddable":true,"href":"https:\/\/blaskapelle-reelsen.de\/index.php\/wp-json\/wp\/v2\/users\/1"}],"replies":[{"embeddable":true,"href":"https:\/\/blaskapelle-reelsen.de\/index.php\/wp-json\/wp\/v2\/comments?post=176"}],"version-history":[{"count":12,"href":"https:\/\/blaskapelle-reelsen.de\/index.php\/wp-json\/wp\/v2\/pages\/176\/revisions"}],"predecessor-version":[{"id":1763,"href":"https:\/\/blaskapelle-reelsen.de\/index.php\/wp-json\/wp\/v2\/pages\/176\/revisions\/1763"}],"wp:attachment":[{"href":"https:\/\/blaskapelle-reelsen.de\/index.php\/wp-json\/wp\/v2\/media?parent=176"}],"curies":[{"name":"wp","href":"https:\/\/api.w.org\/{rel}","templated":true}]}}