{"id":174,"date":"2020-09-20T09:56:07","date_gmt":"2020-09-20T09:56:07","guid":{"rendered":"http:\/\/blaskapelle-reelsen.de\/?page_id=174"},"modified":"2025-08-02T10:22:00","modified_gmt":"2025-08-02T09:22:00","slug":"vorstaende","status":"publish","type":"page","link":"https:\/\/blaskapelle-reelsen.de\/index.php\/vorstaende\/","title":{"rendered":"Vereinsvorst\u00e4nde"},"content":{"rendered":"\n<p><strong>Vereinsvorsitzende seit 1975<\/strong><\/p>\n\n\n\n<p><\/p>\n\n\n\n<figure class=\"wp-block-table is-style-stripes\"><table><tbody><tr><td>  1975 &#8211; 1989<\/td><td>Konrad Mertens<\/td><\/tr><tr><td>  1989 &#8211; 1991<\/td><td>Georg Worm<\/td><\/tr><tr><td>  1991 &#8211; 2006<\/td><td>J\u00f6rg Ramlow<\/td><\/tr><tr><td>  2006 &#8211; 2013<\/td><td>Sebastian Worm<\/td><\/tr><tr><td>  2013 &#8211; 2017<\/td><td>Josef Osterholt<\/td><\/tr><tr><td>  2017 &#8211; 2021<\/td><td>Benedikt Speer<\/td><\/tr><tr><td>  2021 &#8211; 2023 <\/td><td>Gabriele Beumling<\/td><\/tr><tr><td>2023 &#8211; 2025<\/td><td>Matthias Rasche<\/td><\/tr><tr><td>M\u00e4rz \/ April 2025<\/td><td>Manuela Schultz<\/td><\/tr><tr><td>ab Juli 2025<\/td><td>J\u00f6rg Ramlow<\/td><\/tr><\/tbody><\/table><\/figure>\n\n\n\n<p><strong>Vorstand seit Juli 2025 <\/strong><\/p>\n\n\n\n<figure class=\"wp-block-image size-large\"><img loading=\"lazy\" decoding=\"async\" width=\"1024\" height=\"768\" src=\"https:\/\/blaskapelle-reelsen.de\/wordpress\/wp-content\/uploads\/2025\/08\/2025_07_20_Vorstand-1024x768.jpg\" alt=\"\" class=\"wp-image-1881\" srcset=\"https:\/\/blaskapelle-reelsen.de\/wordpress\/wp-content\/uploads\/2025\/08\/2025_07_20_Vorstand-1024x768.jpg 1024w, https:\/\/blaskapelle-reelsen.de\/wordpress\/wp-content\/uploads\/2025\/08\/2025_07_20_Vorstand-300x225.jpg 300w, https:\/\/blaskapelle-reelsen.de\/wordpress\/wp-content\/uploads\/2025\/08\/2025_07_20_Vorstand-768x576.jpg 768w, https:\/\/blaskapelle-reelsen.de\/wordpress\/wp-content\/uploads\/2025\/08\/2025_07_20_Vorstand-1536x1152.jpg 1536w, https:\/\/blaskapelle-reelsen.de\/wordpress\/wp-content\/uploads\/2025\/08\/2025_07_20_Vorstand-2048x1536.jpg 2048w\" sizes=\"auto, (max-width: 767px) 89vw, (max-width: 1000px) 54vw, (max-width: 1071px) 543px, 580px\" \/><figcaption class=\"wp-element-caption\">von links nach rechts:  Melanie Speer, Desir\u00e9e Becker, Katharina Gemmeke (Dirigentin), Niklas Kersting, J\u00f6rg Ramlow, Hubert Potthast, Andrea Wiegard, Jan Ramlow und Franz K\u00fcke, es fehlt Chiara Horstmann<\/figcaption><\/figure>\n\n\n\n<figure class=\"wp-block-table is-style-stripes\"><table><tbody><tr><td class=\"has-text-align-left\" data-align=\"left\">1. Vorsitzender<\/td><td>J\u00f6rg Ramlow<\/td><\/tr><tr><td class=\"has-text-align-left\" data-align=\"left\">  2. Vorsitzende<\/td><td>Andrea Wiegard<\/td><\/tr><tr><td class=\"has-text-align-left\" data-align=\"left\">  Schriftf\u00fchrerin<\/td><td>Desir\u00e9e Becker<\/td><\/tr><tr><td class=\"has-text-align-left\" data-align=\"left\">  Kassierer<\/td><td>Franz Josef K\u00fcke<\/td><\/tr><tr><td class=\"has-text-align-left\" data-align=\"left\">  Uniformwart<\/td><td>Hubert Potthast<\/td><\/tr><tr><td class=\"has-text-align-left\" data-align=\"left\">  Instrumentenwart<\/td><td>Niclas Kersting<\/td><\/tr><tr><td class=\"has-text-align-left\" data-align=\"left\">  Pressewart<\/td><td>Jan Ramlow<\/td><\/tr><tr><td class=\"has-text-align-left\" data-align=\"left\">  Notenwartin<\/td><td>Melanie Speer<\/td><\/tr><tr><td class=\"has-text-align-left\" data-align=\"left\">Jugendsprecherin<\/td><td>Chiara Horstmann <\/td><\/tr><\/tbody><\/table><\/figure>\n\n\n\n<p><\/p>\n\n\n\n<p><\/p>\n\n\n\n<p><\/p>\n\n\n\n<p><strong>Vorstand seit 2025 bis  bis 29.04.2025<\/strong><\/p>\n\n\n\n<figure class=\"wp-block-image size-large\"><img loading=\"lazy\" decoding=\"async\" width=\"1024\" height=\"683\" src=\"https:\/\/blaskapelle-reelsen.de\/wordpress\/wp-content\/uploads\/2025\/03\/IMG_5459-1024x683.jpg\" alt=\"\" class=\"wp-image-1868\" srcset=\"https:\/\/blaskapelle-reelsen.de\/wordpress\/wp-content\/uploads\/2025\/03\/IMG_5459-1024x683.jpg 1024w, https:\/\/blaskapelle-reelsen.de\/wordpress\/wp-content\/uploads\/2025\/03\/IMG_5459-300x200.jpg 300w, https:\/\/blaskapelle-reelsen.de\/wordpress\/wp-content\/uploads\/2025\/03\/IMG_5459-768x512.jpg 768w, https:\/\/blaskapelle-reelsen.de\/wordpress\/wp-content\/uploads\/2025\/03\/IMG_5459-1536x1024.jpg 1536w, https:\/\/blaskapelle-reelsen.de\/wordpress\/wp-content\/uploads\/2025\/03\/IMG_5459-2048x1365.jpg 2048w\" sizes=\"auto, (max-width: 767px) 89vw, (max-width: 1000px) 54vw, (max-width: 1071px) 543px, 580px\" \/><figcaption class=\"wp-element-caption\">von links nach rechts: Chiara Horstmann, Katharina Gemmeke (Dirigentin), Desir\u00e9e Becker, Jan Ramlow, Manuela Schultz, Niklas Kersting, Andrea Wiegard, Franz K\u00fcke und Hubert Potthast<\/figcaption><\/figure>\n\n\n\n<figure class=\"wp-block-table is-style-stripes\"><table><tbody><tr><td class=\"has-text-align-left\" data-align=\"left\">1. Vorsitzende<\/td><td>Manuela Schultz<\/td><\/tr><tr><td class=\"has-text-align-left\" data-align=\"left\">  2. Vorsitzende<\/td><td>Andrea Wiegard<\/td><\/tr><tr><td class=\"has-text-align-left\" data-align=\"left\">  Schriftf\u00fchrerin<\/td><td>Desir\u00e9e Becker<\/td><\/tr><tr><td class=\"has-text-align-left\" data-align=\"left\">  Kassierer<\/td><td>Franz Josef K\u00fcke<\/td><\/tr><tr><td class=\"has-text-align-left\" data-align=\"left\">  Uniformwart<\/td><td>Hubert Potthast<\/td><\/tr><tr><td class=\"has-text-align-left\" data-align=\"left\">  Instrumentenwart<\/td><td>Niclas Kersting<\/td><\/tr><tr><td class=\"has-text-align-left\" data-align=\"left\">  Pressewart<\/td><td>Jan Ramlow<\/td><\/tr><tr><td class=\"has-text-align-left\" data-align=\"left\">  Notenwartin<\/td><td>Melanie Speer<\/td><\/tr><tr><td class=\"has-text-align-left\" data-align=\"left\">Jugendsprecherin<\/td><td>Chiara Horstmann <\/td><\/tr><\/tbody><\/table><\/figure>\n\n\n\n<p><strong>Vorstand  2023 \/ 2024<\/strong><\/p>\n\n\n\n<figure class=\"wp-block-image size-large\"><img loading=\"lazy\" decoding=\"async\" width=\"1024\" height=\"681\" src=\"https:\/\/blaskapelle-reelsen.de\/wordpress\/wp-content\/uploads\/2023\/03\/Matthias-alle-2-1024x681.jpg\" alt=\"\" class=\"wp-image-1782\" srcset=\"https:\/\/blaskapelle-reelsen.de\/wordpress\/wp-content\/uploads\/2023\/03\/Matthias-alle-2-1024x681.jpg 1024w, https:\/\/blaskapelle-reelsen.de\/wordpress\/wp-content\/uploads\/2023\/03\/Matthias-alle-2-300x200.jpg 300w, https:\/\/blaskapelle-reelsen.de\/wordpress\/wp-content\/uploads\/2023\/03\/Matthias-alle-2-768x511.jpg 768w, https:\/\/blaskapelle-reelsen.de\/wordpress\/wp-content\/uploads\/2023\/03\/Matthias-alle-2-1536x1022.jpg 1536w, https:\/\/blaskapelle-reelsen.de\/wordpress\/wp-content\/uploads\/2023\/03\/Matthias-alle-2-2048x1363.jpg 2048w\" sizes=\"auto, (max-width: 767px) 89vw, (max-width: 1000px) 54vw, (max-width: 1071px) 543px, 580px\" \/><figcaption class=\"wp-element-caption\">von links nach rechts: Katharina Gemmeke (Dirigentin), Matthias Rasche, Andrea Wiegard, Franz Josef K\u00fcke, Verena Br\u00f6er, Niclas Kersting, Chiara Horstmann, Jan Ramlow, Hubert Potthast<\/figcaption><\/figure>\n\n\n\n<p><\/p>\n\n\n\n<figure class=\"wp-block-table is-style-stripes\"><table><tbody><tr><td class=\"has-text-align-left\" data-align=\"left\">  1. Vorsitzender<\/td><td>Matthias Rasche<\/td><\/tr><tr><td class=\"has-text-align-left\" data-align=\"left\">  2. Vorsitzende<\/td><td>Andrea Wiegard<\/td><\/tr><tr><td class=\"has-text-align-left\" data-align=\"left\">  Schriftf\u00fchrerin<\/td><td>Verena Br\u00f6er<\/td><\/tr><tr><td class=\"has-text-align-left\" data-align=\"left\">  Kassierer<\/td><td>Franz Josef K\u00fcke<\/td><\/tr><tr><td class=\"has-text-align-left\" data-align=\"left\">  Uniformwart<\/td><td>Hubert Potthast<\/td><\/tr><tr><td class=\"has-text-align-left\" data-align=\"left\">  Instrumentenwart<\/td><td>Niclas Kersting<\/td><\/tr><tr><td class=\"has-text-align-left\" data-align=\"left\">  Pressewart<\/td><td>Jan Ramlow<\/td><\/tr><tr><td class=\"has-text-align-left\" data-align=\"left\">  Notenwartin<\/td><td>Melanie Speer<\/td><\/tr><tr><td class=\"has-text-align-left\" data-align=\"left\">Jugendsprecherin<\/td><td>Chiara Horstmann <\/td><\/tr><\/tbody><\/table><\/figure>\n\n\n\n<p><\/p>\n\n\n\n<p><strong>Vorstand 2021 \/ 2022<\/strong><\/p>\n\n\n\n<figure class=\"wp-block-image size-large\"><img loading=\"lazy\" decoding=\"async\" width=\"1024\" height=\"683\" src=\"https:\/\/blaskapelle-reelsen.de\/wordpress\/wp-content\/uploads\/2021\/11\/IMG_0905_BE-1024x683.jpg\" alt=\"\" class=\"wp-image-1539\" srcset=\"https:\/\/blaskapelle-reelsen.de\/wordpress\/wp-content\/uploads\/2021\/11\/IMG_0905_BE-1024x683.jpg 1024w, https:\/\/blaskapelle-reelsen.de\/wordpress\/wp-content\/uploads\/2021\/11\/IMG_0905_BE-300x200.jpg 300w, https:\/\/blaskapelle-reelsen.de\/wordpress\/wp-content\/uploads\/2021\/11\/IMG_0905_BE-768x512.jpg 768w, https:\/\/blaskapelle-reelsen.de\/wordpress\/wp-content\/uploads\/2021\/11\/IMG_0905_BE-1536x1024.jpg 1536w, https:\/\/blaskapelle-reelsen.de\/wordpress\/wp-content\/uploads\/2021\/11\/IMG_0905_BE-2048x1365.jpg 2048w\" sizes=\"auto, (max-width: 767px) 89vw, (max-width: 1000px) 54vw, (max-width: 1071px) 543px, 580px\" \/><figcaption class=\"wp-element-caption\">von links nach rechts: Jan Ramlow, Niclas Kersting, Hubert Potthast,  Sophie Capelle, Katharina Gemmeke (Dirigentin), Markus Beumling, Franz Josef K\u00fcke, Andrea Wiegard, Verena Br\u00f6er, Gabriele Beumling <\/figcaption><\/figure>\n\n\n\n<figure class=\"wp-block-table is-style-stripes\"><table><tbody><tr><td class=\"has-text-align-left\" data-align=\"left\">  1. Vorsitzende<\/td><td>Gabriele Beumling<\/td><\/tr><tr><td class=\"has-text-align-left\" data-align=\"left\">  2. Vorsitzende<\/td><td>Andrea Wiegard<\/td><\/tr><tr><td class=\"has-text-align-left\" data-align=\"left\">  Schriftf\u00fchrerin<\/td><td>Verena Br\u00f6er<\/td><\/tr><tr><td class=\"has-text-align-left\" data-align=\"left\">  Kassierer<\/td><td>Franz Josef K\u00fcke<\/td><\/tr><tr><td class=\"has-text-align-left\" data-align=\"left\">  Uniformwart<\/td><td>Hubert Potthast<\/td><\/tr><tr><td class=\"has-text-align-left\" data-align=\"left\">  Instrumentenwart<\/td><td>Markus Beumling<\/td><\/tr><tr><td class=\"has-text-align-left\" data-align=\"left\">  Pressewart<\/td><td>Jan Ramlow<\/td><\/tr><tr><td class=\"has-text-align-left\" data-align=\"left\">  Notenwartin<\/td><td>Melanie Speer<\/td><\/tr><tr><td class=\"has-text-align-left\" data-align=\"left\">Jugendsprecher\/in<\/td><td>Sophie Capelle und Niclas Kersting<\/td><\/tr><\/tbody><\/table><\/figure>\n\n\n\n<p><strong>Vorstand 2019 \/ 2021 (pandemiebedingt l\u00e4ngere Periode)<\/strong><\/p>\n\n\n\n<figure class=\"wp-block-image size-large\"><img loading=\"lazy\" decoding=\"async\" width=\"1024\" height=\"683\" src=\"https:\/\/blaskapelle-reelsen.de\/wordpress\/wp-content\/uploads\/2020\/10\/Vorstand-2019-1024x683.jpg\" alt=\"\" class=\"wp-image-546\" srcset=\"https:\/\/blaskapelle-reelsen.de\/wordpress\/wp-content\/uploads\/2020\/10\/Vorstand-2019-1024x683.jpg 1024w, https:\/\/blaskapelle-reelsen.de\/wordpress\/wp-content\/uploads\/2020\/10\/Vorstand-2019-300x200.jpg 300w, https:\/\/blaskapelle-reelsen.de\/wordpress\/wp-content\/uploads\/2020\/10\/Vorstand-2019-768x512.jpg 768w, https:\/\/blaskapelle-reelsen.de\/wordpress\/wp-content\/uploads\/2020\/10\/Vorstand-2019-1536x1024.jpg 1536w, https:\/\/blaskapelle-reelsen.de\/wordpress\/wp-content\/uploads\/2020\/10\/Vorstand-2019-2048x1365.jpg 2048w\" sizes=\"auto, (max-width: 767px) 89vw, (max-width: 1000px) 54vw, (max-width: 1071px) 543px, 580px\" \/><figcaption class=\"wp-element-caption\">von links nach rechts: Hubert Potthast, Niclas Kersting, Katharina Gemmeke (Dirigentin), Karl-Heinz Rieckmann, Benedikt Speer, Franz Josef K\u00fcke, Gabriele Beumling, Markus Beumling, Andrea Wiegard<\/figcaption><\/figure>\n\n\n\n<figure class=\"wp-block-table is-style-stripes\"><table><tbody><tr><td class=\"has-text-align-left\" data-align=\"left\">  1. Vorsitzender<\/td><td>Benedikt Speer<\/td><\/tr><tr><td class=\"has-text-align-left\" data-align=\"left\">  2. Vorsitzender<\/td><td>Gabriele Beumling<\/td><\/tr><tr><td class=\"has-text-align-left\" data-align=\"left\">  Schriftf\u00fchrerin<\/td><td>Andrea Wiegard<\/td><\/tr><tr><td class=\"has-text-align-left\" data-align=\"left\">  Kassierer<\/td><td>Franz Josef K\u00fcke<\/td><\/tr><tr><td class=\"has-text-align-left\" data-align=\"left\">  Uniformwart<\/td><td>Hubert Potthast<\/td><\/tr><tr><td class=\"has-text-align-left\" data-align=\"left\">  Instrumentenwart<\/td><td>Markus Beumling<\/td><\/tr><tr><td class=\"has-text-align-left\" data-align=\"left\">  Pressewart<\/td><td>Karl-Heinz Rieckmann (+)<\/td><\/tr><tr><td class=\"has-text-align-left\" data-align=\"left\">  Notenwartin<\/td><td>Melanie Speer<\/td><\/tr><tr><td class=\"has-text-align-left\" data-align=\"left\">  Jugendsprecher<\/td><td>Niclas Kersting<\/td><\/tr><tr><td class=\"has-text-align-left\" data-align=\"left\">  Kassierer Unterst\u00fctzung<\/td><td>Josef Osterholt<\/td><\/tr><\/tbody><\/table><\/figure>\n\n\n\n<p><strong>Vorstand 2017 \/ 2018<\/strong><\/p>\n\n\n\n<figure class=\"wp-block-table is-style-stripes\"><table><tbody><tr><td class=\"has-text-align-left\" data-align=\"left\">  1. Vorsitzender<\/td><td>Benedikt Speer<\/td><\/tr><tr><td class=\"has-text-align-left\" data-align=\"left\">  2. Vorsitzender<\/td><td>J\u00f6rg Ramlow<\/td><\/tr><tr><td class=\"has-text-align-left\" data-align=\"left\">  Schriftf\u00fchrerin<\/td><td>Andrea Wiegard<\/td><\/tr><tr><td class=\"has-text-align-left\" data-align=\"left\">  Kassierer<\/td><td>Franz Josef K\u00fcke<\/td><\/tr><tr><td class=\"has-text-align-left\" data-align=\"left\">  Uniformwart<\/td><td>Hubert Potthast<\/td><\/tr><tr><td class=\"has-text-align-left\" data-align=\"left\">  Instrumentenwart<\/td><td>Markus Beumling<\/td><\/tr><tr><td class=\"has-text-align-left\" data-align=\"left\">  Pressewart<\/td><td>Volker Wiedemeier<\/td><\/tr><tr><td class=\"has-text-align-left\" data-align=\"left\">  Notenwart<\/td><td>Hans-J\u00fcrgen Speer<\/td><\/tr><tr><td class=\"has-text-align-left\" data-align=\"left\">  Jugendsprecherin<\/td><td>Nadine Speer<\/td><\/tr><tr><td class=\"has-text-align-left\" data-align=\"left\">  Kassierer Unterst\u00fctzung<\/td><td>Josef Osterholt<\/td><\/tr><\/tbody><\/table><\/figure>\n\n\n\n<p><strong>Vorstand 2015 \/ 2016<\/strong><\/p>\n\n\n\n<figure class=\"wp-block-table is-style-stripes\"><table><tbody><tr><td class=\"has-text-align-left\" data-align=\"left\">  1. Vorsitzender<\/td><td>Josef Osterholt<\/td><\/tr><tr><td class=\"has-text-align-left\" data-align=\"left\">  2. Vorsitzender<\/td><td>Hans-J\u00fcrgen Speer<\/td><\/tr><tr><td class=\"has-text-align-left\" data-align=\"left\">  Schriftf\u00fchrerin<\/td><td>Andrea Wiegard<\/td><\/tr><tr><td class=\"has-text-align-left\" data-align=\"left\">  Kassierer<\/td><td>Franz Josef K\u00fcke<\/td><\/tr><tr><td class=\"has-text-align-left\" data-align=\"left\">  Uniformwart<\/td><td>Hubert Potthast<\/td><\/tr><tr><td class=\"has-text-align-left\" data-align=\"left\">  Instrumentenwart<\/td><td>Detlef Hoffmann<\/td><\/tr><tr><td class=\"has-text-align-left\" data-align=\"left\">  Pressewart<\/td><td>Volker Wiedemeier<\/td><\/tr><tr><td class=\"has-text-align-left\" data-align=\"left\">  Notenwart<\/td><td>Benedikt Speer<\/td><\/tr><tr><td class=\"has-text-align-left\" data-align=\"left\">  Jugendsprecherin<\/td><td>Nadine Speer<\/td><\/tr><tr><td class=\"has-text-align-left\" data-align=\"left\">  Kassierer Unterst\u00fctzung<\/td><td>Marian Claes<\/td><\/tr><\/tbody><\/table><\/figure>\n\n\n\n<p><strong>Vorstand 2013 \/ 2014<\/strong><\/p>\n\n\n\n<figure class=\"wp-block-table is-style-stripes\"><table><tbody><tr><td class=\"has-text-align-left\" data-align=\"left\">  1. Vorsitzender<\/td><td>Josef Osterholt<\/td><\/tr><tr><td class=\"has-text-align-left\" data-align=\"left\">  2. Vorsitzender<\/td><td>Hans-J\u00fcrgen Speer<\/td><\/tr><tr><td class=\"has-text-align-left\" data-align=\"left\">  Schriftf\u00fchrerin<\/td><td>Andrea Wiegard<\/td><\/tr><tr><td class=\"has-text-align-left\" data-align=\"left\">  Kassierer<\/td><td>Franz Josef K\u00fcke<\/td><\/tr><tr><td class=\"has-text-align-left\" data-align=\"left\">  Uniformwart<\/td><td>Kai Gruhlke<\/td><\/tr><tr><td class=\"has-text-align-left\" data-align=\"left\">  Instrumentenwart<\/td><td>Detlef Hoffmann<\/td><\/tr><tr><td class=\"has-text-align-left\" data-align=\"left\">  Pressewart<\/td><td>Volker Wiedemeier<\/td><\/tr><tr><td class=\"has-text-align-left\" data-align=\"left\">  Notenwart<\/td><td>Sebastian Stamm<\/td><\/tr><tr><td class=\"has-text-align-left\" data-align=\"left\">  Jugendsprecher<\/td><td>Lukas Pollmann<\/td><\/tr><tr><td class=\"has-text-align-left\" data-align=\"left\">  Kassierer Unterst\u00fctzung<\/td><td>Marian Claes<\/td><\/tr><\/tbody><\/table><\/figure>\n\n\n\n<p><strong>Vorstand 2011 \/ 2012<\/strong><\/p>\n\n\n\n<figure class=\"wp-block-table is-style-stripes\"><table><tbody><tr><td class=\"has-text-align-left\" data-align=\"left\">  1. Vorsitzender<\/td><td>Sebastian Worm<\/td><\/tr><tr><td class=\"has-text-align-left\" data-align=\"left\">  2. Vorsitzender<\/td><td>Manuel Hellwig<\/td><\/tr><tr><td class=\"has-text-align-left\" data-align=\"left\">  Schriftf\u00fchrerin<\/td><td>Andrea Wiegard<\/td><\/tr><tr><td class=\"has-text-align-left\" data-align=\"left\">  Kassierer<\/td><td>Franz Josef K\u00fcke<\/td><\/tr><tr><td class=\"has-text-align-left\" data-align=\"left\">  Uniformwart<\/td><td>Burkhardt Ethner<\/td><\/tr><tr><td class=\"has-text-align-left\" data-align=\"left\">  Instrumentenwart<\/td><td>Detlef Hoffmann<\/td><\/tr><tr><td class=\"has-text-align-left\" data-align=\"left\">  Pressewart<\/td><td>Volker Wiedemeier<\/td><\/tr><tr><td class=\"has-text-align-left\" data-align=\"left\">  Notenwart<\/td><td>Sebastian Stamm<\/td><\/tr><tr><td class=\"has-text-align-left\" data-align=\"left\">  Jugendsprecherin<\/td><td>Lisa Beumling<\/td><\/tr><tr><td class=\"has-text-align-left\" data-align=\"left\">  Kassierer Unterst\u00fctzung<\/td><td>Marian Claes<\/td><\/tr><\/tbody><\/table><\/figure>\n\n\n\n<p><strong>Vorstand 2009 \/ 2010<\/strong><\/p>\n\n\n\n<figure class=\"wp-block-table is-style-stripes\"><table><tbody><tr><td class=\"has-text-align-left\" data-align=\"left\">  1. Vorsitzender<\/td><td>Sebastian Worm<\/td><\/tr><tr><td class=\"has-text-align-left\" data-align=\"left\">  2. Vorsitzender<\/td><td>Josef Pollmann<\/td><\/tr><tr><td class=\"has-text-align-left\" data-align=\"left\">  Schriftf\u00fchrerin<\/td><td>Andrea Wiegard<\/td><\/tr><tr><td class=\"has-text-align-left\" data-align=\"left\">  Kassierer<\/td><td>Franz Josef K\u00fcke<\/td><\/tr><tr><td class=\"has-text-align-left\" data-align=\"left\">  Uniformwart<\/td><td>Burkhardt Ethner<\/td><\/tr><tr><td class=\"has-text-align-left\" data-align=\"left\">  Instrumentenwart<\/td><td>Detlef Hoffmann<\/td><\/tr><tr><td class=\"has-text-align-left\" data-align=\"left\">  Pressewart<\/td><td>Johannes Sch\u00e4fers<\/td><\/tr><tr><td class=\"has-text-align-left\" data-align=\"left\">  Notenwart<\/td><td>Sebastian Stamm<\/td><\/tr><tr><td class=\"has-text-align-left\" data-align=\"left\">  Jugendsprecher<\/td><td>Martin Speer<\/td><\/tr><tr><td class=\"has-text-align-left\" data-align=\"left\">  Kassierer Unterst\u00fctzung<\/td><td>Volker Wiedemeier<\/td><\/tr><\/tbody><\/table><\/figure>\n\n\n\n<p><strong>Vorstand 2007 \/ 2008<\/strong><\/p>\n\n\n\n<figure class=\"wp-block-table is-style-stripes\"><table><tbody><tr><td class=\"has-text-align-left\" data-align=\"left\">  1. Vorsitzender<\/td><td>Sebastian Worm<\/td><\/tr><tr><td class=\"has-text-align-left\" data-align=\"left\">  2. Vorsitzender<\/td><td>Hans-J\u00fcrgen Speer<\/td><\/tr><tr><td class=\"has-text-align-left\" data-align=\"left\">  Schriftf\u00fchrerin<\/td><td>Andrea Wiegard<\/td><\/tr><tr><td class=\"has-text-align-left\" data-align=\"left\">  Kassierer<\/td><td>Franz Josef K\u00fcke<\/td><\/tr><tr><td class=\"has-text-align-left\" data-align=\"left\">  Uniformwart<\/td><td>Burkhardt Ethner<\/td><\/tr><tr><td class=\"has-text-align-left\" data-align=\"left\">  Instrumentenwart<\/td><td>Detlef Hoffmann<\/td><\/tr><tr><td class=\"has-text-align-left\" data-align=\"left\">  Pressewartin<\/td><td>Sabine Gemmeke<\/td><\/tr><tr><td class=\"has-text-align-left\" data-align=\"left\">  Notenwart<\/td><td>Sebastian Stamm<\/td><\/tr><tr><td class=\"has-text-align-left\" data-align=\"left\">  Jugendsprecher<\/td><td>Martin Speer<\/td><\/tr><\/tbody><\/table><\/figure>\n\n\n\n<p><strong>Vorstand 2005 \/ 2006<\/strong><\/p>\n\n\n\n<figure class=\"wp-block-table is-style-stripes\"><table><tbody><tr><td class=\"has-text-align-left\" data-align=\"left\">  1. Vorsitzender<\/td><td>J\u00f6rg Ramlow bis 2006<br>\/ ab 2006 Sebastian Worm<\/td><\/tr><tr><td class=\"has-text-align-left\" data-align=\"left\">  2. Vorsitzender<\/td><td>Sebastian Worm bis 2006<br>\/ ab 2006 Hans-J\u00fcrgen Speer<\/td><\/tr><tr><td class=\"has-text-align-left\" data-align=\"left\">  Schriftf\u00fchrerin<\/td><td>Andrea Wiegard<\/td><\/tr><tr><td class=\"has-text-align-left\" data-align=\"left\">  Kassierer<\/td><td>Franz Josef K\u00fcke<\/td><\/tr><tr><td class=\"has-text-align-left\" data-align=\"left\">  Uniformwart<\/td><td>Josef Osterholt<\/td><\/tr><tr><td class=\"has-text-align-left\" data-align=\"left\">  Instrumentenwart<\/td><td>Detlef Hoffmann<\/td><\/tr><tr><td class=\"has-text-align-left\" data-align=\"left\">  Pressewartin<\/td><td>Sabine Gemmeke<\/td><\/tr><tr><td class=\"has-text-align-left\" data-align=\"left\">  Notenwart<\/td><td>Hans-J\u00fcrgen Speer<\/td><\/tr><tr><td class=\"has-text-align-left\" data-align=\"left\">  Jugendsprecher<\/td><td>Manuell Hellwig<\/td><\/tr><\/tbody><\/table><\/figure>\n\n\n\n<p><strong>Vorstand 2003 \/ 2004<\/strong><\/p>\n\n\n\n<figure class=\"wp-block-table is-style-stripes\"><table><tbody><tr><td class=\"has-text-align-left\" data-align=\"left\">  1. Vorsitzender<\/td><td>J\u00f6rg Ramlow<\/td><\/tr><tr><td class=\"has-text-align-left\" data-align=\"left\">  2. Vorsitzender<\/td><td>Hans-J\u00fcrgen Speer<\/td><\/tr><tr><td class=\"has-text-align-left\" data-align=\"left\">  Schriftf\u00fchrerin<\/td><td>Andrea Wiegard<\/td><\/tr><tr><td class=\"has-text-align-left\" data-align=\"left\">  Kassierer<\/td><td>Franz Josef K\u00fcke<\/td><\/tr><tr><td class=\"has-text-align-left\" data-align=\"left\">  Uniformwart<\/td><td>Josef Osterholt<\/td><\/tr><tr><td class=\"has-text-align-left\" data-align=\"left\">  Instrumentenwart<\/td><td>Detlef Hoffmann<\/td><\/tr><tr><td class=\"has-text-align-left\" data-align=\"left\">  Pressewartin<\/td><td>Sabine Gemmeke<\/td><\/tr><tr><td class=\"has-text-align-left\" data-align=\"left\">  Notenwartin<\/td><td>Katrin Wiedemeier<\/td><\/tr><tr><td class=\"has-text-align-left\" data-align=\"left\">  Jugendsprecher<\/td><td>Johannes Sch\u00e4fers<\/td><\/tr><\/tbody><\/table><\/figure>\n\n\n\n<p><strong>Vorstand 2001 \/ 2002<\/strong><\/p>\n\n\n\n<figure class=\"wp-block-table is-style-stripes\"><table><tbody><tr><td class=\"has-text-align-left\" data-align=\"left\">  1. Vorsitzender<\/td><td>J\u00f6rg Ramlow<\/td><\/tr><tr><td class=\"has-text-align-left\" data-align=\"left\">  2. Vorsitzender<\/td><td>Hans-J\u00fcrgen Speer<\/td><\/tr><tr><td class=\"has-text-align-left\" data-align=\"left\">  Schriftf\u00fchrerin<\/td><td>Andrea Gelhaus<\/td><\/tr><tr><td class=\"has-text-align-left\" data-align=\"left\">  Kassierer<\/td><td>Franz Josef K\u00fcke<\/td><\/tr><tr><td class=\"has-text-align-left\" data-align=\"left\">  Uniformwart<\/td><td>Peter S\u00f6the<\/td><\/tr><tr><td class=\"has-text-align-left\" data-align=\"left\">  Instrumentenwart<\/td><td>Detlef Hoffmann<\/td><\/tr><tr><td class=\"has-text-align-left\" data-align=\"left\">  Pressewart<\/td><td>Josef Osterholt<\/td><\/tr><tr><td class=\"has-text-align-left\" data-align=\"left\">  Notenwartin<\/td><td>Katrin Wiedemeier<\/td><\/tr><tr><td class=\"has-text-align-left\" data-align=\"left\">  Jugendsprecher<\/td><td>Johannes Sch\u00e4fers<\/td><\/tr><\/tbody><\/table><\/figure>\n\n\n\n<p><strong>Vorstand 1999 \/ 2000<\/strong><\/p>\n\n\n\n<figure class=\"wp-block-table is-style-stripes\"><table><tbody><tr><td class=\"has-text-align-left\" data-align=\"left\">  1. Vorsitzender<\/td><td>J\u00f6rg Ramlow<\/td><\/tr><tr><td class=\"has-text-align-left\" data-align=\"left\">  2. Vorsitzender<\/td><td>Josef Pollmann<\/td><\/tr><tr><td class=\"has-text-align-left\" data-align=\"left\">  Schriftf\u00fchrerin<\/td><td>Andrea Gelhaus<\/td><\/tr><tr><td class=\"has-text-align-left\" data-align=\"left\">  Kassierer<\/td><td>Franz Josef K\u00fcke<\/td><\/tr><tr><td class=\"has-text-align-left\" data-align=\"left\">  Uniformwart<\/td><td>Hans-J\u00fcrgen Speer<\/td><\/tr><tr><td class=\"has-text-align-left\" data-align=\"left\">  Instrumentenwart<\/td><td>Detlef Hoffmann<\/td><\/tr><tr><td class=\"has-text-align-left\" data-align=\"left\">  Pressewart<\/td><td>Peter S\u00f6the<\/td><\/tr><tr><td class=\"has-text-align-left\" data-align=\"left\">  Notenwartin<\/td><td>Ingrid Sievers<\/td><\/tr><tr><td class=\"has-text-align-left\" data-align=\"left\">  Jugendsprecher<\/td><td>Volker Wiedemeier<\/td><\/tr><\/tbody><\/table><\/figure>\n\n\n\n<p><strong>Vorstand 1997 \/ 1998<\/strong><\/p>\n\n\n\n<figure class=\"wp-block-table is-style-stripes\"><table><tbody><tr><td class=\"has-text-align-left\" data-align=\"left\">  1. Vorsitzender<\/td><td>J\u00f6rg Ramlow<\/td><\/tr><tr><td class=\"has-text-align-left\" data-align=\"left\">  2. Vorsitzender<\/td><td>Josef Pollmann<\/td><\/tr><tr><td class=\"has-text-align-left\" data-align=\"left\">  Schriftf\u00fchrerin<\/td><td>Andrea Gelhaus<\/td><\/tr><tr><td class=\"has-text-align-left\" data-align=\"left\">  Kassierer<\/td><td>Franz Josef K\u00fcke<\/td><\/tr><tr><td class=\"has-text-align-left\" data-align=\"left\">  Uniformwart<\/td><td>Hans-J\u00fcrgen Speer<\/td><\/tr><tr><td class=\"has-text-align-left\" data-align=\"left\">  Instrumentenwart<\/td><td>Detlef Hoffmann<\/td><\/tr><tr><td class=\"has-text-align-left\" data-align=\"left\">  Pressewart<\/td><td>Peter S\u00f6the<\/td><\/tr><tr><td class=\"has-text-align-left\" data-align=\"left\">  Notenwart<\/td><td>Manfred Radoy<\/td><\/tr><tr><td class=\"has-text-align-left\" data-align=\"left\">  Jugendsprecherin<\/td><td>Ingrid&nbsp;Schmitt<\/td><\/tr><\/tbody><\/table><\/figure>\n\n\n\n<p><strong>Vorstand 1995 \/ 1996<\/strong><\/p>\n\n\n\n<figure class=\"wp-block-table is-style-stripes\"><table><tbody><tr><td class=\"has-text-align-left\" data-align=\"left\">  1. Vorsitzender<\/td><td>J\u00f6rg Ramlow<\/td><\/tr><tr><td class=\"has-text-align-left\" data-align=\"left\">  2. Vorsitzender<\/td><td>Franz Josef Speer<\/td><\/tr><tr><td class=\"has-text-align-left\" data-align=\"left\">  Schriftf\u00fchrer<\/td><td>Thomas Assig<\/td><\/tr><tr><td class=\"has-text-align-left\" data-align=\"left\">  Kassierer<\/td><td>Franz Josef K\u00fcke<\/td><\/tr><tr><td class=\"has-text-align-left\" data-align=\"left\">  Uniformwart<\/td><td>Hans-J\u00fcrgen Speer<\/td><\/tr><tr><td class=\"has-text-align-left\" data-align=\"left\">  Instrumentenwart<\/td><td>Detlef Hoffmann<\/td><\/tr><tr><td class=\"has-text-align-left\" data-align=\"left\">  Pressewartin<\/td><td>Andrea Gelhaus<\/td><\/tr><tr><td class=\"has-text-align-left\" data-align=\"left\">  Notenwart<\/td><td>Manfred Radoy<\/td><\/tr><tr><td class=\"has-text-align-left\" data-align=\"left\">  Jugendsprecher<\/td><td>Marco Worm<\/td><\/tr><\/tbody><\/table><\/figure>\n\n\n\n<p><strong>V<strong>orstand 1993 \/ 1994<\/strong><\/strong><\/p>\n\n\n\n<figure class=\"wp-block-table is-style-stripes\"><table><tbody><tr><td class=\"has-text-align-left\" data-align=\"left\">  1. Vorsitzender<\/td><td>J\u00f6rg Ramlow<\/td><\/tr><tr><td class=\"has-text-align-left\" data-align=\"left\">  2. Vorsitzender<\/td><td>Franz Josef Speer<\/td><\/tr><tr><td class=\"has-text-align-left\" data-align=\"left\">  Schriftf\u00fchrer<\/td><td>Thomas Assig<\/td><\/tr><tr><td class=\"has-text-align-left\" data-align=\"left\">  Kassierer<\/td><td>Franz Josef K\u00fcke<\/td><\/tr><tr><td class=\"has-text-align-left\" data-align=\"left\">  Uniformwart<\/td><td>Hans-J\u00fcrgen Speer<\/td><\/tr><tr><td class=\"has-text-align-left\" data-align=\"left\">  Instrumentenwart<\/td><td>Detlef Hoffmann<\/td><\/tr><tr><td class=\"has-text-align-left\" data-align=\"left\">  Pressewart<\/td><td>Manfred Radoy<\/td><\/tr><tr><td class=\"has-text-align-left\" data-align=\"left\">  Notenwartin<\/td><td>Ingeborg Pollmann<\/td><\/tr><tr><td class=\"has-text-align-left\" data-align=\"left\">  Jugendsprecher<\/td><td>Dirk M\u00fcller<\/td><\/tr><\/tbody><\/table><\/figure>\n\n\n\n<p><strong>Vorstand 1991 \/ 1992<\/strong><\/p>\n\n\n\n<figure class=\"wp-block-table is-style-stripes\"><table><tbody><tr><td class=\"has-text-align-left\" data-align=\"left\">  1. Vorsitzender<\/td><td>J\u00f6rg Ramlow<\/td><\/tr><tr><td class=\"has-text-align-left\" data-align=\"left\">  2. Vorsitzender<\/td><td>Franz Josef Speer<\/td><\/tr><tr><td class=\"has-text-align-left\" data-align=\"left\">  Schriftf\u00fchrer<\/td><td>Thomas Assig<\/td><\/tr><tr><td class=\"has-text-align-left\" data-align=\"left\">  Kassierer<\/td><td>Franz Josef K\u00fcke<\/td><\/tr><tr><td class=\"has-text-align-left\" data-align=\"left\">  Uniformwart<\/td><td>Siegfried Hellwig<\/td><\/tr><tr><td class=\"has-text-align-left\" data-align=\"left\">  Instrumentenwart<\/td><td>Detlef Hoffmann<\/td><\/tr><tr><td class=\"has-text-align-left\" data-align=\"left\">  Pressewart<\/td><td>Frank Bettgenh\u00e4user<\/td><\/tr><tr><td class=\"has-text-align-left\" data-align=\"left\">  Notenwart<\/td><td>Manfred Radoy<\/td><\/tr><tr><td class=\"has-text-align-left\" data-align=\"left\">  Jugendsprecherin<\/td><td>Andrea Gelhaus<\/td><\/tr><\/tbody><\/table><\/figure>\n\n\n\n<p><strong>Vorstand 1989 \/ 1990<\/strong><\/p>\n\n\n\n<figure class=\"wp-block-table is-style-stripes\"><table><tbody><tr><td class=\"has-text-align-left\" data-align=\"left\">  1. Vorsitzender<\/td><td>Georg Worm<\/td><\/tr><tr><td class=\"has-text-align-left\" data-align=\"left\">  2. Vorsitzender<\/td><td>Franz Josef Speer<\/td><\/tr><tr><td class=\"has-text-align-left\" data-align=\"left\">  Schriftf\u00fchrer<\/td><td>Thomas Assig<\/td><\/tr><tr><td class=\"has-text-align-left\" data-align=\"left\">  Kassierer<\/td><td>Franz Josef K\u00fcke<\/td><\/tr><tr><td class=\"has-text-align-left\" data-align=\"left\">  Uniformwart<\/td><td>J\u00f6rg Ramlow<\/td><\/tr><tr><td class=\"has-text-align-left\" data-align=\"left\">  Instrumentenwart<\/td><td>Franz S\u00f6the<\/td><\/tr><tr><td class=\"has-text-align-left\" data-align=\"left\">  Pressewart<\/td><td>Kornelia Ramlow<\/td><\/tr><tr><td class=\"has-text-align-left\" data-align=\"left\">  Notenwart<\/td><td>Manfred Radoy<\/td><\/tr><tr><td class=\"has-text-align-left\" data-align=\"left\">  Jugendsprecher<\/td><td>Wolfgang Schulz<\/td><\/tr><\/tbody><\/table><\/figure>\n\n\n\n<p><strong>Vorstand 1987 \/ 1988<\/strong><\/p>\n\n\n\n<figure class=\"wp-block-table is-style-stripes\"><table><tbody><tr><td>  aktuell liegen keine Angaben vor<\/td><td><\/td><\/tr><tr><td><\/td><td><\/td><\/tr><\/tbody><\/table><\/figure>\n\n\n\n<p><strong>Vorstand 1985 \/ 1986<\/strong><\/p>\n\n\n\n<figure class=\"wp-block-table is-style-stripes\"><table><tbody><tr><td>  1. Vorsitzender<\/td><td>Konrad Mertens<\/td><\/tr><tr><td>  2. Vorsitzender \/ Uniformwart<\/td><td>Georg Worm<\/td><\/tr><tr><td>  Schriftf\u00fchrer<\/td><td>Franz Josef Speer<\/td><\/tr><tr><td>  Kassierer<\/td><td>Franz Josef K\u00fcke<\/td><\/tr><tr><td>  Notenwart<\/td><td>Andreas Mertens<\/td><\/tr><tr><td>  Jugendsprecherin<\/td><td>Ingeborg Sch\u00e4fers<\/td><\/tr><\/tbody><\/table><\/figure>\n\n\n\n<p><\/p>\n","protected":false},"excerpt":{"rendered":"<p>Vereinsvorsitzende seit 1975 1975 &#8211; 1989 Konrad Mertens 1989 &#8211; 1991 Georg Worm 1991 &#8211; 2006 J\u00f6rg Ramlow 2006 &#8211; 2013 Sebastian Worm 2013 &#8211; 2017 Josef Osterholt 2017 &#8211; 2021 Benedikt Speer 2021 &#8211; 2023 Gabriele Beumling 2023 &#8211; 2025 Matthias Rasche M\u00e4rz \/ April 2025 Manuela Schultz ab Juli 2025 J\u00f6rg Ramlow Vorstand &hellip; <\/p>\n<p class=\"link-more\"><a href=\"https:\/\/blaskapelle-reelsen.de\/index.php\/vorstaende\/\" class=\"more-link\"><span class=\"screen-reader-text\">\u201eVereinsvorst\u00e4nde\u201c <\/span>weiterlesen<\/a><\/p>\n","protected":false},"author":1,"featured_media":0,"parent":0,"menu_order":0,"comment_status":"closed","ping_status":"closed","template":"","meta":{"footnotes":""},"class_list":["post-174","page","type-page","status-publish","hentry"],"yoast_head":"<!-- This site is optimized with the Yoast SEO plugin v27.5 - https:\/\/yoast.com\/product\/yoast-seo-wordpress\/ -->\n<title>Vereinsvorst\u00e4nde - Blaskapelle Reelsen e.V.<\/title>\n<meta name=\"robots\" content=\"index, follow, max-snippet:-1, max-image-preview:large, max-video-preview:-1\" \/>\n<link rel=\"canonical\" href=\"https:\/\/blaskapelle-reelsen.de\/index.php\/vorstaende\/\" \/>\n<meta property=\"og:locale\" content=\"de_DE\" \/>\n<meta property=\"og:type\" content=\"article\" \/>\n<meta property=\"og:title\" content=\"Vereinsvorst\u00e4nde - Blaskapelle Reelsen e.V.\" \/>\n<meta property=\"og:description\" content=\"Vereinsvorsitzende seit 1975 1975 &#8211; 1989 Konrad Mertens 1989 &#8211; 1991 Georg Worm 1991 &#8211; 2006 J\u00f6rg Ramlow 2006 &#8211; 2013 Sebastian Worm 2013 &#8211; 2017 Josef Osterholt 2017 &#8211; 2021 Benedikt Speer 2021 &#8211; 2023 Gabriele Beumling 2023 &#8211; 2025 Matthias Rasche M\u00e4rz \/ April 2025 Manuela Schultz ab Juli 2025 J\u00f6rg Ramlow Vorstand &hellip; \u201eVereinsvorst\u00e4nde\u201c weiterlesen\" \/>\n<meta property=\"og:url\" content=\"https:\/\/blaskapelle-reelsen.de\/index.php\/vorstaende\/\" \/>\n<meta property=\"og:site_name\" content=\"Blaskapelle Reelsen e.V.\" \/>\n<meta property=\"article:modified_time\" content=\"2025-08-02T09:22:00+00:00\" \/>\n<meta property=\"og:image\" content=\"https:\/\/blaskapelle-reelsen.de\/wordpress\/wp-content\/uploads\/2025\/08\/2025_07_20_Vorstand-scaled.jpg\" \/>\n\t<meta property=\"og:image:width\" content=\"2560\" \/>\n\t<meta property=\"og:image:height\" content=\"1920\" \/>\n\t<meta property=\"og:image:type\" content=\"image\/jpeg\" \/>\n<meta name=\"twitter:card\" content=\"summary_large_image\" \/>\n<meta name=\"twitter:label1\" content=\"Gesch\u00e4tzte Lesezeit\" \/>\n\t<meta name=\"twitter:data1\" content=\"7\u00a0Minuten\" \/>\n<script type=\"application\/ld+json\" class=\"yoast-schema-graph\">{\"@context\":\"https:\\\/\\\/schema.org\",\"@graph\":[{\"@type\":\"WebPage\",\"@id\":\"https:\\\/\\\/blaskapelle-reelsen.de\\\/index.php\\\/vorstaende\\\/\",\"url\":\"https:\\\/\\\/blaskapelle-reelsen.de\\\/index.php\\\/vorstaende\\\/\",\"name\":\"Vereinsvorst\u00e4nde - Blaskapelle Reelsen e.V.\",\"isPartOf\":{\"@id\":\"https:\\\/\\\/blaskapelle-reelsen.de\\\/#website\"},\"primaryImageOfPage\":{\"@id\":\"https:\\\/\\\/blaskapelle-reelsen.de\\\/index.php\\\/vorstaende\\\/#primaryimage\"},\"image\":{\"@id\":\"https:\\\/\\\/blaskapelle-reelsen.de\\\/index.php\\\/vorstaende\\\/#primaryimage\"},\"thumbnailUrl\":\"https:\\\/\\\/blaskapelle-reelsen.de\\\/wordpress\\\/wp-content\\\/uploads\\\/2025\\\/08\\\/2025_07_20_Vorstand-1024x768.jpg\",\"datePublished\":\"2020-09-20T09:56:07+00:00\",\"dateModified\":\"2025-08-02T09:22:00+00:00\",\"breadcrumb\":{\"@id\":\"https:\\\/\\\/blaskapelle-reelsen.de\\\/index.php\\\/vorstaende\\\/#breadcrumb\"},\"inLanguage\":\"de\",\"potentialAction\":[{\"@type\":\"ReadAction\",\"target\":[\"https:\\\/\\\/blaskapelle-reelsen.de\\\/index.php\\\/vorstaende\\\/\"]}]},{\"@type\":\"ImageObject\",\"inLanguage\":\"de\",\"@id\":\"https:\\\/\\\/blaskapelle-reelsen.de\\\/index.php\\\/vorstaende\\\/#primaryimage\",\"url\":\"https:\\\/\\\/blaskapelle-reelsen.de\\\/wordpress\\\/wp-content\\\/uploads\\\/2025\\\/08\\\/2025_07_20_Vorstand-scaled.jpg\",\"contentUrl\":\"https:\\\/\\\/blaskapelle-reelsen.de\\\/wordpress\\\/wp-content\\\/uploads\\\/2025\\\/08\\\/2025_07_20_Vorstand-scaled.jpg\",\"width\":2560,\"height\":1920,\"caption\":\"oplus_141557760\"},{\"@type\":\"BreadcrumbList\",\"@id\":\"https:\\\/\\\/blaskapelle-reelsen.de\\\/index.php\\\/vorstaende\\\/#breadcrumb\",\"itemListElement\":[{\"@type\":\"ListItem\",\"position\":1,\"name\":\"Home\",\"item\":\"https:\\\/\\\/blaskapelle-reelsen.de\\\/\"},{\"@type\":\"ListItem\",\"position\":2,\"name\":\"Vereinsvorst\u00e4nde\"}]},{\"@type\":\"WebSite\",\"@id\":\"https:\\\/\\\/blaskapelle-reelsen.de\\\/#website\",\"url\":\"https:\\\/\\\/blaskapelle-reelsen.de\\\/\",\"name\":\"Blaskapelle Reelsen e.V.\",\"description\":\"wir l(i)eben Blasmusik - seit 1975\",\"publisher\":{\"@id\":\"https:\\\/\\\/blaskapelle-reelsen.de\\\/#organization\"},\"potentialAction\":[{\"@type\":\"SearchAction\",\"target\":{\"@type\":\"EntryPoint\",\"urlTemplate\":\"https:\\\/\\\/blaskapelle-reelsen.de\\\/?s={search_term_string}\"},\"query-input\":{\"@type\":\"PropertyValueSpecification\",\"valueRequired\":true,\"valueName\":\"search_term_string\"}}],\"inLanguage\":\"de\"},{\"@type\":\"Organization\",\"@id\":\"https:\\\/\\\/blaskapelle-reelsen.de\\\/#organization\",\"name\":\"Blaskapelle Reelsen e.V.\",\"url\":\"https:\\\/\\\/blaskapelle-reelsen.de\\\/\",\"logo\":{\"@type\":\"ImageObject\",\"inLanguage\":\"de\",\"@id\":\"https:\\\/\\\/blaskapelle-reelsen.de\\\/#\\\/schema\\\/logo\\\/image\\\/\",\"url\":\"https:\\\/\\\/blaskapelle-reelsen.de\\\/wordpress\\\/wp-content\\\/uploads\\\/2025\\\/03\\\/cropped-wappen-final.png\",\"contentUrl\":\"https:\\\/\\\/blaskapelle-reelsen.de\\\/wordpress\\\/wp-content\\\/uploads\\\/2025\\\/03\\\/cropped-wappen-final.png\",\"width\":184,\"height\":250,\"caption\":\"Blaskapelle Reelsen e.V.\"},\"image\":{\"@id\":\"https:\\\/\\\/blaskapelle-reelsen.de\\\/#\\\/schema\\\/logo\\\/image\\\/\"}}]}<\/script>\n<!-- \/ Yoast SEO plugin. -->","yoast_head_json":{"title":"Vereinsvorst\u00e4nde - Blaskapelle Reelsen e.V.","robots":{"index":"index","follow":"follow","max-snippet":"max-snippet:-1","max-image-preview":"max-image-preview:large","max-video-preview":"max-video-preview:-1"},"canonical":"https:\/\/blaskapelle-reelsen.de\/index.php\/vorstaende\/","og_locale":"de_DE","og_type":"article","og_title":"Vereinsvorst\u00e4nde - Blaskapelle Reelsen e.V.","og_description":"Vereinsvorsitzende seit 1975 1975 &#8211; 1989 Konrad Mertens 1989 &#8211; 1991 Georg Worm 1991 &#8211; 2006 J\u00f6rg Ramlow 2006 &#8211; 2013 Sebastian Worm 2013 &#8211; 2017 Josef Osterholt 2017 &#8211; 2021 Benedikt Speer 2021 &#8211; 2023 Gabriele Beumling 2023 &#8211; 2025 Matthias Rasche M\u00e4rz \/ April 2025 Manuela Schultz ab Juli 2025 J\u00f6rg Ramlow Vorstand &hellip; \u201eVereinsvorst\u00e4nde\u201c weiterlesen","og_url":"https:\/\/blaskapelle-reelsen.de\/index.php\/vorstaende\/","og_site_name":"Blaskapelle Reelsen e.V.","article_modified_time":"2025-08-02T09:22:00+00:00","og_image":[{"width":2560,"height":1920,"url":"https:\/\/blaskapelle-reelsen.de\/wordpress\/wp-content\/uploads\/2025\/08\/2025_07_20_Vorstand-scaled.jpg","type":"image\/jpeg"}],"twitter_card":"summary_large_image","twitter_misc":{"Gesch\u00e4tzte Lesezeit":"7\u00a0Minuten"},"schema":{"@context":"https:\/\/schema.org","@graph":[{"@type":"WebPage","@id":"https:\/\/blaskapelle-reelsen.de\/index.php\/vorstaende\/","url":"https:\/\/blaskapelle-reelsen.de\/index.php\/vorstaende\/","name":"Vereinsvorst\u00e4nde - Blaskapelle Reelsen e.V.","isPartOf":{"@id":"https:\/\/blaskapelle-reelsen.de\/#website"},"primaryImageOfPage":{"@id":"https:\/\/blaskapelle-reelsen.de\/index.php\/vorstaende\/#primaryimage"},"image":{"@id":"https:\/\/blaskapelle-reelsen.de\/index.php\/vorstaende\/#primaryimage"},"thumbnailUrl":"https:\/\/blaskapelle-reelsen.de\/wordpress\/wp-content\/uploads\/2025\/08\/2025_07_20_Vorstand-1024x768.jpg","datePublished":"2020-09-20T09:56:07+00:00","dateModified":"2025-08-02T09:22:00+00:00","breadcrumb":{"@id":"https:\/\/blaskapelle-reelsen.de\/index.php\/vorstaende\/#breadcrumb"},"inLanguage":"de","potentialAction":[{"@type":"ReadAction","target":["https:\/\/blaskapelle-reelsen.de\/index.php\/vorstaende\/"]}]},{"@type":"ImageObject","inLanguage":"de","@id":"https:\/\/blaskapelle-reelsen.de\/index.php\/vorstaende\/#primaryimage","url":"https:\/\/blaskapelle-reelsen.de\/wordpress\/wp-content\/uploads\/2025\/08\/2025_07_20_Vorstand-scaled.jpg","contentUrl":"https:\/\/blaskapelle-reelsen.de\/wordpress\/wp-content\/uploads\/2025\/08\/2025_07_20_Vorstand-scaled.jpg","width":2560,"height":1920,"caption":"oplus_141557760"},{"@type":"BreadcrumbList","@id":"https:\/\/blaskapelle-reelsen.de\/index.php\/vorstaende\/#breadcrumb","itemListElement":[{"@type":"ListItem","position":1,"name":"Home","item":"https:\/\/blaskapelle-reelsen.de\/"},{"@type":"ListItem","position":2,"name":"Vereinsvorst\u00e4nde"}]},{"@type":"WebSite","@id":"https:\/\/blaskapelle-reelsen.de\/#website","url":"https:\/\/blaskapelle-reelsen.de\/","name":"Blaskapelle Reelsen e.V.","description":"wir l(i)eben Blasmusik - seit 1975","publisher":{"@id":"https:\/\/blaskapelle-reelsen.de\/#organization"},"potentialAction":[{"@type":"SearchAction","target":{"@type":"EntryPoint","urlTemplate":"https:\/\/blaskapelle-reelsen.de\/?s={search_term_string}"},"query-input":{"@type":"PropertyValueSpecification","valueRequired":true,"valueName":"search_term_string"}}],"inLanguage":"de"},{"@type":"Organization","@id":"https:\/\/blaskapelle-reelsen.de\/#organization","name":"Blaskapelle Reelsen e.V.","url":"https:\/\/blaskapelle-reelsen.de\/","logo":{"@type":"ImageObject","inLanguage":"de","@id":"https:\/\/blaskapelle-reelsen.de\/#\/schema\/logo\/image\/","url":"https:\/\/blaskapelle-reelsen.de\/wordpress\/wp-content\/uploads\/2025\/03\/cropped-wappen-final.png","contentUrl":"https:\/\/blaskapelle-reelsen.de\/wordpress\/wp-content\/uploads\/2025\/03\/cropped-wappen-final.png","width":184,"height":250,"caption":"Blaskapelle Reelsen e.V."},"image":{"@id":"https:\/\/blaskapelle-reelsen.de\/#\/schema\/logo\/image\/"}}]}},"_links":{"self":[{"href":"https:\/\/blaskapelle-reelsen.de\/index.php\/wp-json\/wp\/v2\/pages\/174","targetHints":{"allow":["GET"]}}],"collection":[{"href":"https:\/\/blaskapelle-reelsen.de\/index.php\/wp-json\/wp\/v2\/pages"}],"about":[{"href":"https:\/\/blaskapelle-reelsen.de\/index.php\/wp-json\/wp\/v2\/types\/page"}],"author":[{"embeddable":true,"href":"https:\/\/blaskapelle-reelsen.de\/index.php\/wp-json\/wp\/v2\/users\/1"}],"replies":[{"embeddable":true,"href":"https:\/\/blaskapelle-reelsen.de\/index.php\/wp-json\/wp\/v2\/comments?post=174"}],"version-history":[{"count":20,"href":"https:\/\/blaskapelle-reelsen.de\/index.php\/wp-json\/wp\/v2\/pages\/174\/revisions"}],"predecessor-version":[{"id":1882,"href":"https:\/\/blaskapelle-reelsen.de\/index.php\/wp-json\/wp\/v2\/pages\/174\/revisions\/1882"}],"wp:attachment":[{"href":"https:\/\/blaskapelle-reelsen.de\/index.php\/wp-json\/wp\/v2\/media?parent=174"}],"curies":[{"name":"wp","href":"https:\/\/api.w.org\/{rel}","templated":true}]}}